{"id":584,"date":"2023-01-19T13:15:14","date_gmt":"2023-01-19T12:15:14","guid":{"rendered":"https:\/\/www.esd-akademie.de\/?page_id=584"},"modified":"2023-08-14T09:35:58","modified_gmt":"2023-08-14T07:35:58","slug":"termine-im-jahresueberblick","status":"publish","type":"page","link":"https:\/\/www.esd-akademie.de\/de\/seminare\/termine-im-jahresueberblick\/","title":{"rendered":"Termine im Jahres\u00fcberblick"},"content":{"rendered":"\t\t<div data-elementor-type=\"wp-page\" data-elementor-id=\"584\" class=\"elementor elementor-584\" data-elementor-post-type=\"page\">\n\t\t\t\t\t\t<section class=\"elementor-section elementor-top-section elementor-element elementor-element-f78478b elementor-section-boxed elementor-section-height-default elementor-section-height-default\" data-id=\"f78478b\" data-element_type=\"section\" data-e-type=\"section\">\n\t\t\t\t\t\t<div class=\"elementor-container elementor-column-gap-default\">\n\t\t\t\t\t<div class=\"elementor-column elementor-col-100 elementor-top-column elementor-element elementor-element-0e1ca0a\" data-id=\"0e1ca0a\" data-element_type=\"column\" data-e-type=\"column\">\n\t\t\t<div class=\"elementor-widget-wrap elementor-element-populated\">\n\t\t\t\t\t\t<div class=\"elementor-element elementor-element-28b2ce2 elementor-widget elementor-widget-heading\" data-id=\"28b2ce2\" data-element_type=\"widget\" data-e-type=\"widget\" data-widget_type=\"heading.default\">\n\t\t\t\t<div class=\"elementor-widget-container\">\n\t\t\t\t\t<h2 class=\"elementor-heading-title elementor-size-default\">ESD-Seminartermine<\/h2>\t\t\t\t<\/div>\n\t\t\t\t<\/div>\n\t\t\t\t<div class=\"elementor-element elementor-element-9258308 elementor-widget elementor-widget-shortcode\" data-id=\"9258308\" data-element_type=\"widget\" data-e-type=\"widget\" data-widget_type=\"shortcode.default\">\n\t\t\t\t<div class=\"elementor-widget-container\">\n\t\t\t\t\t\t\t<div class=\"elementor-shortcode\"><div id=\"mec_skin_1984\"\r\n     class=\"mec-wrap colorskin-custom   mec-full-calendar-wrap\">\r\n\r\n    <div class=\"mec-search-form mec-totalcal-box\">\r\n                                            <form id=\"mec_search_form_1984\" class=\" mec-dropdown-classic\" autocomplete=\"off\">\r\n                <div>\r\n\r\n                    \r\n                    <div class=\"mec-dropdown-wrap\">\r\n                                                                                                                                                                    <\/div>\r\n                <\/div>\r\n                                <div>\r\n                                                        <\/div>\r\n                <div class=\"mec-full-calendar-search-ends\">\r\n                                                                <div class=\"mec-date-search\"><input type=\"hidden\" id=\"mec-filter-none\" value=\"Ausw\u00e4hlen\"><i class=\"mec-sl-calendar\"><\/i>\r\n                    <select id=\"mec_sf_month_1984\" title=\"Monatsfilter\">\r\n                        <option value=\"\">Monat ausw\u00e4hlen<\/option><option value=\"01\">Januar<\/option><option value=\"02\">Februar<\/option><option value=\"03\">M\u00e4rz<\/option><option value=\"04\">April<\/option><option value=\"05\" selected>Mai<\/option><option value=\"06\">Juni<\/option><option value=\"07\">Juli<\/option><option value=\"08\">August<\/option><option value=\"09\">September<\/option><option value=\"10\">Oktober<\/option><option value=\"11\">November<\/option><option value=\"12\">Dezember<\/option><\/select><select id=\"mec_sf_year_1984\" title=\"Datumsfilter\"><option value=\"\">Select Year<\/option><option value=\"2026\" selected>2026<\/option><\/select><\/div>                                                                                <div class=\"mec-tab-loader\">\r\n                        <div class=\"mec-totalcal-view\">\r\n                            <span\r\n                                class=\"mec-totalcal-yearlyview mec-totalcalview-selected\"\r\n                                data-skin=\"yearly\">J\u00e4hrlich<\/span>                            <span\r\n                                class=\"mec-totalcal-monthlyview\"\r\n                                data-skin=\"monthly\">monatlich<\/span>                                                                                                                                                                    <\/div>\r\n                    <\/div>\r\n                <\/div>\r\n            <\/form>\r\n            <\/div>\r\n\r\n    <div id=\"mec_full_calendar_container_1984\" class=\"mec-full-calendar-skin-container\">\r\n        <div id=\"mec_skin_1984\" class=\"mec-wrap  \">\r\n\r\n    \r\n    <div class=\"mec-wrap mec-yearly-view-wrap\">\r\n\r\n                <div class=\"mec-yearly-title-sec\">\r\n            <div class=\"mec-year-navigator\">\r\n                <h2>2026<\/h2>\r\n            <\/div>\r\n        <\/div>\r\n        \r\n        <div id=\"mec_skin_events_1984\">\r\n            <div class=\"mec-year-container\" id=\"mec_yearly_view_year_1984_2026\" data-year-id=\"2026\">\r\n                <div class=\"mec-yearly-calendar-sec\">\r\n    <div class=\"mec-calendar mec-yearly-calendar\">\r\n\r\n    <div class=\"mec-calendar-table-title\">\r\n        Januar    <\/div>\r\n    <div class=\"mec-calendar-table\">\r\n        <div class=\"mec-calendar-table-head\"><dl><dt>MO<\/dt><dt>DI<\/dt><dt>MI<\/dt><dt>DO<\/dt><dt>FR<\/dt><dt>SA<\/dt><dt>SO<\/dt><\/dl><\/div>\r\n        <div class=\"mec-calendar-table-body\">\r\n            <dl>\r\n                <dt class=\"mec-table-nullday\">29<\/dt><dt class=\"mec-table-nullday\">30<\/dt><dt class=\"mec-table-nullday\">31<\/dt><dt>1<\/dt><dt>2<\/dt><dt>3<\/dt><dt>4<\/dt><\/dl><dl><dt>5<\/dt><dt>6<\/dt><dt>7<\/dt><dt>8<\/dt><dt>9<\/dt><dt>10<\/dt><dt>11<\/dt><\/dl><dl><dt>12<\/dt><dt>13<\/dt><dt>14<\/dt><dt>15<\/dt><dt>16<\/dt><dt>17<\/dt><dt>18<\/dt><\/dl><dl><dt>19<\/dt><dt>20<\/dt><dt>21<\/dt><dt>22<\/dt><dt>23<\/dt><dt>24<\/dt><dt>25<\/dt><\/dl><dl><dt>26<\/dt><dt>27<\/dt><dt>28<\/dt><dt>29<\/dt><dt>30<\/dt><dt>31<\/dt><dt class=\"mec-table-nullday\">1<\/dt><\/dl><dl><dt class=\"mec-table-nullday\">2<\/dt><dt class=\"mec-table-nullday\">3<\/dt><dt class=\"mec-table-nullday\">4<\/dt><dt class=\"mec-table-nullday\">5<\/dt><dt class=\"mec-table-nullday\">6<\/dt><dt class=\"mec-table-nullday\">7<\/dt><dt class=\"mec-table-nullday\">8<\/dt>            <\/dl>\r\n        <\/div>\r\n    <\/div>\r\n<\/div><div class=\"mec-calendar mec-yearly-calendar\">\r\n\r\n    <div class=\"mec-calendar-table-title\">\r\n        Februar    <\/div>\r\n    <div class=\"mec-calendar-table\">\r\n        <div class=\"mec-calendar-table-head\"><dl><dt>MO<\/dt><dt>DI<\/dt><dt>MI<\/dt><dt>DO<\/dt><dt>FR<\/dt><dt>SA<\/dt><dt>SO<\/dt><\/dl><\/div>\r\n        <div class=\"mec-calendar-table-body\">\r\n            <dl>\r\n                <dt class=\"mec-table-nullday\">26<\/dt><dt class=\"mec-table-nullday\">27<\/dt><dt class=\"mec-table-nullday\">28<\/dt><dt class=\"mec-table-nullday\">29<\/dt><dt class=\"mec-table-nullday\">30<\/dt><dt class=\"mec-table-nullday\">31<\/dt><dt>1<\/dt><\/dl><dl><dt>2<\/dt><dt>3<\/dt><dt>4<\/dt><dt>5<\/dt><dt>6<\/dt><dt>7<\/dt><dt>8<\/dt><\/dl><dl><dt>9<\/dt><dt>10<\/dt><dt>11<\/dt><dt>12<\/dt><dt>13<\/dt><dt>14<\/dt><dt>15<\/dt><\/dl><dl><dt>16<\/dt><dt>17<\/dt><dt>18<\/dt><dt>19<\/dt><dt>20<\/dt><dt>21<\/dt><dt>22<\/dt><\/dl><dl><dt>23<\/dt><dt>24<\/dt><dt>25<\/dt><dt>26<\/dt><dt>27<\/dt><dt>28<\/dt><dt class=\"mec-table-nullday\">1<\/dt><\/dl><dl><dt class=\"mec-table-nullday\">2<\/dt><dt class=\"mec-table-nullday\">3<\/dt><dt class=\"mec-table-nullday\">4<\/dt><dt class=\"mec-table-nullday\">5<\/dt><dt class=\"mec-table-nullday\">6<\/dt><dt class=\"mec-table-nullday\">7<\/dt><dt class=\"mec-table-nullday\">8<\/dt>            <\/dl>\r\n        <\/div>\r\n    <\/div>\r\n<\/div><div class=\"mec-calendar mec-yearly-calendar\">\r\n\r\n    <div class=\"mec-calendar-table-title\">\r\n        M\u00e4rz    <\/div>\r\n    <div class=\"mec-calendar-table\">\r\n        <div class=\"mec-calendar-table-head\"><dl><dt>MO<\/dt><dt>DI<\/dt><dt>MI<\/dt><dt>DO<\/dt><dt>FR<\/dt><dt>SA<\/dt><dt>SO<\/dt><\/dl><\/div>\r\n        <div class=\"mec-calendar-table-body\">\r\n            <dl>\r\n                <dt class=\"mec-table-nullday\">23<\/dt><dt class=\"mec-table-nullday\">24<\/dt><dt class=\"mec-table-nullday\">25<\/dt><dt class=\"mec-table-nullday\">26<\/dt><dt class=\"mec-table-nullday\">27<\/dt><dt class=\"mec-table-nullday\">28<\/dt><dt>1<\/dt><\/dl><dl><dt>2<\/dt><dt>3<\/dt><dt>4<\/dt><dt>5<\/dt><dt>6<\/dt><dt>7<\/dt><dt>8<\/dt><\/dl><dl><dt>9<\/dt><dt>10<\/dt><dt>11<\/dt><dt>12<\/dt><dt>13<\/dt><dt>14<\/dt><dt>15<\/dt><\/dl><dl><dt>16<\/dt><dt>17<\/dt><dt>18<\/dt><dt>19<\/dt><dt>20<\/dt><dt>21<\/dt><dt>22<\/dt><\/dl><dl><dt>23<\/dt><dt>24<\/dt><dt>25<\/dt><dt>26<\/dt><dt>27<\/dt><dt>28<\/dt><dt>29<\/dt><\/dl><dl><dt>30<\/dt><dt>31<\/dt><dt class=\"mec-table-nullday\">1<\/dt><dt class=\"mec-table-nullday\">2<\/dt><dt class=\"mec-table-nullday\">3<\/dt><dt class=\"mec-table-nullday\">4<\/dt><dt class=\"mec-table-nullday\">5<\/dt>            <\/dl>\r\n        <\/div>\r\n    <\/div>\r\n<\/div><div class=\"mec-calendar mec-yearly-calendar\">\r\n\r\n    <div class=\"mec-calendar-table-title\">\r\n        April    <\/div>\r\n    <div class=\"mec-calendar-table\">\r\n        <div class=\"mec-calendar-table-head\"><dl><dt>MO<\/dt><dt>DI<\/dt><dt>MI<\/dt><dt>DO<\/dt><dt>FR<\/dt><dt>SA<\/dt><dt>SO<\/dt><\/dl><\/div>\r\n        <div class=\"mec-calendar-table-body\">\r\n            <dl>\r\n                <dt class=\"mec-table-nullday\">30<\/dt><dt class=\"mec-table-nullday\">31<\/dt><dt>1<\/dt><dt>2<\/dt><dt>3<\/dt><dt>4<\/dt><dt>5<\/dt><\/dl><dl><dt>6<\/dt><dt>7<\/dt><dt>8<\/dt><dt>9<\/dt><dt>10<\/dt><dt>11<\/dt><dt>12<\/dt><\/dl><dl><dt>13<\/dt><dt>14<\/dt><dt>15<\/dt><dt>16<\/dt><dt>17<\/dt><dt>18<\/dt><dt>19<\/dt><\/dl><dl><dt>20<\/dt><dt>21<\/dt><dt>22<\/dt><dt>23<\/dt><dt>24<\/dt><dt>25<\/dt><dt>26<\/dt><\/dl><dl><dt>27<\/dt><dt>28<\/dt><dt>29<\/dt><dt>30<\/dt><dt class=\"mec-table-nullday\">1<\/dt><dt class=\"mec-table-nullday\">2<\/dt><dt class=\"mec-table-nullday\">3<\/dt><\/dl><dl><dt class=\"mec-table-nullday\">4<\/dt><dt class=\"mec-table-nullday\">5<\/dt><dt class=\"mec-table-nullday\">6<\/dt><dt class=\"mec-table-nullday\">7<\/dt><dt class=\"mec-table-nullday\">8<\/dt><dt class=\"mec-table-nullday\">9<\/dt><dt class=\"mec-table-nullday\">10<\/dt>            <\/dl>\r\n        <\/div>\r\n    <\/div>\r\n<\/div><div class=\"mec-calendar mec-yearly-calendar\">\r\n\r\n    <div class=\"mec-calendar-table-title\">\r\n        Mai    <\/div>\r\n    <div class=\"mec-calendar-table\">\r\n        <div class=\"mec-calendar-table-head\"><dl><dt>MO<\/dt><dt>DI<\/dt><dt>MI<\/dt><dt>DO<\/dt><dt>FR<\/dt><dt>SA<\/dt><dt>SO<\/dt><\/dl><\/div>\r\n        <div class=\"mec-calendar-table-body\">\r\n            <dl>\r\n                <dt class=\"mec-table-nullday\">27<\/dt><dt class=\"mec-table-nullday\">28<\/dt><dt class=\"mec-table-nullday\">29<\/dt><dt class=\"mec-table-nullday\">30<\/dt><dt>1<\/dt><dt>2<\/dt><dt>3<\/dt><\/dl><dl><dt>4<\/dt><dt>5<\/dt><dt>6<\/dt><dt>7<\/dt><dt>8<\/dt><dt>9<\/dt><dt>10<\/dt><\/dl><dl><dt>11<\/dt><dt>12<\/dt><dt>13<\/dt><dt>14<\/dt><dt>15<\/dt><dt>16<\/dt><dt>17<\/dt><\/dl><dl><dt>18<\/dt><dt>19<\/dt><dt>20<\/dt><dt>21<\/dt><dt>22<\/dt><dt>23<\/dt><dt>24<\/dt><\/dl><dl><dt>25<\/dt><dt>26<\/dt><dt>27<\/dt><dt>28<\/dt><dt>29<\/dt><dt>30<\/dt><dt>31<\/dt><\/dl><dl><dt class=\"mec-table-nullday\">1<\/dt><dt class=\"mec-table-nullday\">2<\/dt><dt class=\"mec-table-nullday\">3<\/dt><dt class=\"mec-table-nullday\">4<\/dt><dt class=\"mec-table-nullday\">5<\/dt><dt class=\"mec-table-nullday\">6<\/dt><dt class=\"mec-table-nullday\">7<\/dt>            <\/dl>\r\n        <\/div>\r\n    <\/div>\r\n<\/div><div class=\"mec-calendar mec-yearly-calendar\">\r\n\r\n    <div class=\"mec-calendar-table-title\">\r\n        Juni    <\/div>\r\n    <div class=\"mec-calendar-table\">\r\n        <div class=\"mec-calendar-table-head\"><dl><dt>MO<\/dt><dt>DI<\/dt><dt>MI<\/dt><dt>DO<\/dt><dt>FR<\/dt><dt>SA<\/dt><dt>SO<\/dt><\/dl><\/div>\r\n        <div class=\"mec-calendar-table-body\">\r\n            <dl>\r\n                <dt>1<\/dt><dt>2<\/dt><dt>3<\/dt><dt>4<\/dt><dt>5<\/dt><dt>6<\/dt><dt>7<\/dt><\/dl><dl><dt>8<\/dt><dt class=\"mec-has-event\"><a href=\"#mec_yearly_view1984_20260609\" class=\"mec-has-event-a\">9<\/a><\/dt><dt class=\"mec-has-event\"><a href=\"#mec_yearly_view1984_20260610\" class=\"mec-has-event-a\">10<\/a><\/dt><dt class=\"mec-has-event\"><a href=\"#mec_yearly_view1984_20260611\" class=\"mec-has-event-a\">11<\/a><\/dt><dt class=\"mec-has-event\"><a href=\"#mec_yearly_view1984_20260612\" class=\"mec-has-event-a\">12<\/a><\/dt><dt>13<\/dt><dt>14<\/dt><\/dl><dl><dt>15<\/dt><dt>16<\/dt><dt>17<\/dt><dt class=\"mec-has-event\"><a href=\"#mec_yearly_view1984_20260618\" class=\"mec-has-event-a\">18<\/a><\/dt><dt>19<\/dt><dt>20<\/dt><dt>21<\/dt><\/dl><dl><dt>22<\/dt><dt class=\"mec-has-event\"><a href=\"#mec_yearly_view1984_20260623\" class=\"mec-has-event-a\">23<\/a><\/dt><dt class=\"mec-has-event\"><a href=\"#mec_yearly_view1984_20260624\" class=\"mec-has-event-a\">24<\/a><\/dt><dt class=\"mec-has-event\"><a href=\"#mec_yearly_view1984_20260625\" class=\"mec-has-event-a\">25<\/a><\/dt><dt>26<\/dt><dt>27<\/dt><dt>28<\/dt><\/dl><dl><dt>29<\/dt><dt class=\"mec-has-event\"><a href=\"#mec_yearly_view1984_20260630\" class=\"mec-has-event-a\">30<\/a><\/dt><dt class=\"mec-table-nullday\">1<\/dt><dt class=\"mec-table-nullday\">2<\/dt><dt class=\"mec-table-nullday\">3<\/dt><dt class=\"mec-table-nullday\">4<\/dt><dt class=\"mec-table-nullday\">5<\/dt><\/dl><dl><dt class=\"mec-table-nullday\">6<\/dt><dt class=\"mec-table-nullday\">7<\/dt><dt class=\"mec-table-nullday\">8<\/dt><dt class=\"mec-table-nullday\">9<\/dt><dt class=\"mec-table-nullday\">10<\/dt><dt class=\"mec-table-nullday\">11<\/dt><dt class=\"mec-table-nullday\">12<\/dt>            <\/dl>\r\n        <\/div>\r\n    <\/div>\r\n<\/div><div class=\"mec-calendar mec-yearly-calendar\">\r\n\r\n    <div class=\"mec-calendar-table-title\">\r\n        Juli    <\/div>\r\n    <div class=\"mec-calendar-table\">\r\n        <div class=\"mec-calendar-table-head\"><dl><dt>MO<\/dt><dt>DI<\/dt><dt>MI<\/dt><dt>DO<\/dt><dt>FR<\/dt><dt>SA<\/dt><dt>SO<\/dt><\/dl><\/div>\r\n        <div class=\"mec-calendar-table-body\">\r\n            <dl>\r\n                <dt class=\"mec-table-nullday\">29<\/dt><dt class=\"mec-table-nullday\">30<\/dt><dt class=\"mec-has-event\"><a href=\"#mec_yearly_view1984_20260701\" class=\"mec-has-event-a\">1<\/a><\/dt><dt class=\"mec-has-event\"><a href=\"#mec_yearly_view1984_20260702\" class=\"mec-has-event-a\">2<\/a><\/dt><dt>3<\/dt><dt>4<\/dt><dt>5<\/dt><\/dl><dl><dt>6<\/dt><dt>7<\/dt><dt>8<\/dt><dt>9<\/dt><dt>10<\/dt><dt>11<\/dt><dt>12<\/dt><\/dl><dl><dt>13<\/dt><dt class=\"mec-has-event\"><a href=\"#mec_yearly_view1984_20260714\" class=\"mec-has-event-a\">14<\/a><\/dt><dt class=\"mec-has-event\"><a href=\"#mec_yearly_view1984_20260715\" class=\"mec-has-event-a\">15<\/a><\/dt><dt class=\"mec-has-event\"><a href=\"#mec_yearly_view1984_20260716\" class=\"mec-has-event-a\">16<\/a><\/dt><dt class=\"mec-has-event\"><a href=\"#mec_yearly_view1984_20260717\" class=\"mec-has-event-a\">17<\/a><\/dt><dt>18<\/dt><dt>19<\/dt><\/dl><dl><dt>20<\/dt><dt>21<\/dt><dt>22<\/dt><dt>23<\/dt><dt>24<\/dt><dt>25<\/dt><dt>26<\/dt><\/dl><dl><dt>27<\/dt><dt>28<\/dt><dt>29<\/dt><dt>30<\/dt><dt>31<\/dt><dt class=\"mec-table-nullday\">1<\/dt><dt class=\"mec-table-nullday\">2<\/dt><\/dl><dl><dt class=\"mec-table-nullday\">3<\/dt><dt class=\"mec-table-nullday\">4<\/dt><dt class=\"mec-table-nullday\">5<\/dt><dt class=\"mec-table-nullday\">6<\/dt><dt class=\"mec-table-nullday\">7<\/dt><dt class=\"mec-table-nullday\">8<\/dt><dt class=\"mec-table-nullday\">9<\/dt>            <\/dl>\r\n        <\/div>\r\n    <\/div>\r\n<\/div><div class=\"mec-calendar mec-yearly-calendar\">\r\n\r\n    <div class=\"mec-calendar-table-title\">\r\n        August    <\/div>\r\n    <div class=\"mec-calendar-table\">\r\n        <div class=\"mec-calendar-table-head\"><dl><dt>MO<\/dt><dt>DI<\/dt><dt>MI<\/dt><dt>DO<\/dt><dt>FR<\/dt><dt>SA<\/dt><dt>SO<\/dt><\/dl><\/div>\r\n        <div class=\"mec-calendar-table-body\">\r\n            <dl>\r\n                <dt class=\"mec-table-nullday\">27<\/dt><dt class=\"mec-table-nullday\">28<\/dt><dt class=\"mec-table-nullday\">29<\/dt><dt class=\"mec-table-nullday\">30<\/dt><dt class=\"mec-table-nullday\">31<\/dt><dt>1<\/dt><dt>2<\/dt><\/dl><dl><dt>3<\/dt><dt>4<\/dt><dt>5<\/dt><dt>6<\/dt><dt>7<\/dt><dt>8<\/dt><dt>9<\/dt><\/dl><dl><dt>10<\/dt><dt class=\"mec-has-event\"><a href=\"#mec_yearly_view1984_20260811\" class=\"mec-has-event-a\">11<\/a><\/dt><dt class=\"mec-has-event\"><a href=\"#mec_yearly_view1984_20260812\" class=\"mec-has-event-a\">12<\/a><\/dt><dt class=\"mec-has-event\"><a href=\"#mec_yearly_view1984_20260813\" class=\"mec-has-event-a\">13<\/a><\/dt><dt class=\"mec-has-event\"><a href=\"#mec_yearly_view1984_20260814\" class=\"mec-has-event-a\">14<\/a><\/dt><dt>15<\/dt><dt>16<\/dt><\/dl><dl><dt>17<\/dt><dt>18<\/dt><dt class=\"mec-has-event\"><a href=\"#mec_yearly_view1984_20260819\" class=\"mec-has-event-a\">19<\/a><\/dt><dt class=\"mec-has-event\"><a href=\"#mec_yearly_view1984_20260820\" class=\"mec-has-event-a\">20<\/a><\/dt><dt class=\"mec-has-event\"><a href=\"#mec_yearly_view1984_20260821\" class=\"mec-has-event-a\">21<\/a><\/dt><dt>22<\/dt><dt>23<\/dt><\/dl><dl><dt>24<\/dt><dt>25<\/dt><dt>26<\/dt><dt>27<\/dt><dt>28<\/dt><dt>29<\/dt><dt>30<\/dt><\/dl><dl><dt>31<\/dt><dt class=\"mec-table-nullday\">1<\/dt><dt class=\"mec-table-nullday\">2<\/dt><dt class=\"mec-table-nullday\">3<\/dt><dt class=\"mec-table-nullday\">4<\/dt><dt class=\"mec-table-nullday\">5<\/dt><dt class=\"mec-table-nullday\">6<\/dt>            <\/dl>\r\n        <\/div>\r\n    <\/div>\r\n<\/div><div class=\"mec-calendar mec-yearly-calendar\">\r\n\r\n    <div class=\"mec-calendar-table-title\">\r\n        September    <\/div>\r\n    <div class=\"mec-calendar-table\">\r\n        <div class=\"mec-calendar-table-head\"><dl><dt>MO<\/dt><dt>DI<\/dt><dt>MI<\/dt><dt>DO<\/dt><dt>FR<\/dt><dt>SA<\/dt><dt>SO<\/dt><\/dl><\/div>\r\n        <div class=\"mec-calendar-table-body\">\r\n            <dl>\r\n                <dt class=\"mec-table-nullday\">31<\/dt><dt>1<\/dt><dt>2<\/dt><dt>3<\/dt><dt>4<\/dt><dt>5<\/dt><dt>6<\/dt><\/dl><dl><dt>7<\/dt><dt class=\"mec-has-event\"><a href=\"#mec_yearly_view1984_20260908\" class=\"mec-has-event-a\">8<\/a><\/dt><dt class=\"mec-has-event\"><a href=\"#mec_yearly_view1984_20260909\" class=\"mec-has-event-a\">9<\/a><\/dt><dt class=\"mec-has-event\"><a href=\"#mec_yearly_view1984_20260910\" class=\"mec-has-event-a\">10<\/a><\/dt><dt class=\"mec-has-event\"><a href=\"#mec_yearly_view1984_20260911\" class=\"mec-has-event-a\">11<\/a><\/dt><dt>12<\/dt><dt>13<\/dt><\/dl><dl><dt>14<\/dt><dt>15<\/dt><dt>16<\/dt><dt>17<\/dt><dt>18<\/dt><dt>19<\/dt><dt>20<\/dt><\/dl><dl><dt>21<\/dt><dt>22<\/dt><dt>23<\/dt><dt>24<\/dt><dt>25<\/dt><dt>26<\/dt><dt>27<\/dt><\/dl><dl><dt>28<\/dt><dt>29<\/dt><dt>30<\/dt><dt class=\"mec-table-nullday\">1<\/dt><dt class=\"mec-table-nullday\">2<\/dt><dt class=\"mec-table-nullday\">3<\/dt><dt class=\"mec-table-nullday\">4<\/dt><\/dl><dl><dt class=\"mec-table-nullday\">5<\/dt><dt class=\"mec-table-nullday\">6<\/dt><dt class=\"mec-table-nullday\">7<\/dt><dt class=\"mec-table-nullday\">8<\/dt><dt class=\"mec-table-nullday\">9<\/dt><dt class=\"mec-table-nullday\">10<\/dt><dt class=\"mec-table-nullday\">11<\/dt>            <\/dl>\r\n        <\/div>\r\n    <\/div>\r\n<\/div><div class=\"mec-calendar mec-yearly-calendar\">\r\n\r\n    <div class=\"mec-calendar-table-title\">\r\n        Oktober    <\/div>\r\n    <div class=\"mec-calendar-table\">\r\n        <div class=\"mec-calendar-table-head\"><dl><dt>MO<\/dt><dt>DI<\/dt><dt>MI<\/dt><dt>DO<\/dt><dt>FR<\/dt><dt>SA<\/dt><dt>SO<\/dt><\/dl><\/div>\r\n        <div class=\"mec-calendar-table-body\">\r\n            <dl>\r\n                <dt class=\"mec-table-nullday\">28<\/dt><dt class=\"mec-table-nullday\">29<\/dt><dt class=\"mec-table-nullday\">30<\/dt><dt>1<\/dt><dt>2<\/dt><dt>3<\/dt><dt>4<\/dt><\/dl><dl><dt>5<\/dt><dt class=\"mec-has-event\"><a href=\"#mec_yearly_view1984_20261006\" class=\"mec-has-event-a\">6<\/a><\/dt><dt class=\"mec-has-event\"><a href=\"#mec_yearly_view1984_20261007\" class=\"mec-has-event-a\">7<\/a><\/dt><dt class=\"mec-has-event\"><a href=\"#mec_yearly_view1984_20261008\" class=\"mec-has-event-a\">8<\/a><\/dt><dt class=\"mec-has-event\"><a href=\"#mec_yearly_view1984_20261009\" class=\"mec-has-event-a\">9<\/a><\/dt><dt>10<\/dt><dt>11<\/dt><\/dl><dl><dt>12<\/dt><dt>13<\/dt><dt>14<\/dt><dt>15<\/dt><dt>16<\/dt><dt>17<\/dt><dt>18<\/dt><\/dl><dl><dt>19<\/dt><dt>20<\/dt><dt>21<\/dt><dt>22<\/dt><dt>23<\/dt><dt>24<\/dt><dt>25<\/dt><\/dl><dl><dt>26<\/dt><dt class=\"mec-has-event\"><a href=\"#mec_yearly_view1984_20261027\" class=\"mec-has-event-a\">27<\/a><\/dt><dt class=\"mec-has-event\"><a href=\"#mec_yearly_view1984_20261028\" class=\"mec-has-event-a\">28<\/a><\/dt><dt class=\"mec-has-event\"><a href=\"#mec_yearly_view1984_20261029\" class=\"mec-has-event-a\">29<\/a><\/dt><dt class=\"mec-has-event\"><a href=\"#mec_yearly_view1984_20261030\" class=\"mec-has-event-a\">30<\/a><\/dt><dt>31<\/dt><dt class=\"mec-table-nullday\">1<\/dt><\/dl><dl><dt class=\"mec-table-nullday\">2<\/dt><dt class=\"mec-table-nullday\">3<\/dt><dt class=\"mec-table-nullday\">4<\/dt><dt class=\"mec-table-nullday\">5<\/dt><dt class=\"mec-table-nullday\">6<\/dt><dt class=\"mec-table-nullday\">7<\/dt><dt class=\"mec-table-nullday\">8<\/dt>            <\/dl>\r\n        <\/div>\r\n    <\/div>\r\n<\/div><div class=\"mec-calendar mec-yearly-calendar\">\r\n\r\n    <div class=\"mec-calendar-table-title\">\r\n        November    <\/div>\r\n    <div class=\"mec-calendar-table\">\r\n        <div class=\"mec-calendar-table-head\"><dl><dt>MO<\/dt><dt>DI<\/dt><dt>MI<\/dt><dt>DO<\/dt><dt>FR<\/dt><dt>SA<\/dt><dt>SO<\/dt><\/dl><\/div>\r\n        <div class=\"mec-calendar-table-body\">\r\n            <dl>\r\n                <dt class=\"mec-table-nullday\">26<\/dt><dt class=\"mec-table-nullday\">27<\/dt><dt class=\"mec-table-nullday\">28<\/dt><dt class=\"mec-table-nullday\">29<\/dt><dt class=\"mec-table-nullday\">30<\/dt><dt class=\"mec-table-nullday\">31<\/dt><dt>1<\/dt><\/dl><dl><dt>2<\/dt><dt>3<\/dt><dt>4<\/dt><dt>5<\/dt><dt>6<\/dt><dt>7<\/dt><dt>8<\/dt><\/dl><dl><dt>9<\/dt><dt class=\"mec-has-event\"><a href=\"#mec_yearly_view1984_20261110\" class=\"mec-has-event-a\">10<\/a><\/dt><dt class=\"mec-has-event\"><a href=\"#mec_yearly_view1984_20261111\" class=\"mec-has-event-a\">11<\/a><\/dt><dt class=\"mec-has-event\"><a href=\"#mec_yearly_view1984_20261112\" class=\"mec-has-event-a\">12<\/a><\/dt><dt class=\"mec-has-event\"><a href=\"#mec_yearly_view1984_20261113\" class=\"mec-has-event-a\">13<\/a><\/dt><dt>14<\/dt><dt>15<\/dt><\/dl><dl><dt>16<\/dt><dt>17<\/dt><dt>18<\/dt><dt>19<\/dt><dt>20<\/dt><dt>21<\/dt><dt>22<\/dt><\/dl><dl><dt>23<\/dt><dt class=\"mec-has-event\"><a href=\"#mec_yearly_view1984_20261124\" class=\"mec-has-event-a\">24<\/a><\/dt><dt class=\"mec-has-event\"><a href=\"#mec_yearly_view1984_20261125\" class=\"mec-has-event-a\">25<\/a><\/dt><dt class=\"mec-has-event\"><a href=\"#mec_yearly_view1984_20261126\" class=\"mec-has-event-a\">26<\/a><\/dt><dt>27<\/dt><dt>28<\/dt><dt>29<\/dt><\/dl><dl><dt>30<\/dt><dt class=\"mec-table-nullday\">1<\/dt><dt class=\"mec-table-nullday\">2<\/dt><dt class=\"mec-table-nullday\">3<\/dt><dt class=\"mec-table-nullday\">4<\/dt><dt class=\"mec-table-nullday\">5<\/dt><dt class=\"mec-table-nullday\">6<\/dt>            <\/dl>\r\n        <\/div>\r\n    <\/div>\r\n<\/div><div class=\"mec-calendar mec-yearly-calendar\">\r\n\r\n    <div class=\"mec-calendar-table-title\">\r\n        Dezember    <\/div>\r\n    <div class=\"mec-calendar-table\">\r\n        <div class=\"mec-calendar-table-head\"><dl><dt>MO<\/dt><dt>DI<\/dt><dt>MI<\/dt><dt>DO<\/dt><dt>FR<\/dt><dt>SA<\/dt><dt>SO<\/dt><\/dl><\/div>\r\n        <div class=\"mec-calendar-table-body\">\r\n            <dl>\r\n                <dt class=\"mec-table-nullday\">30<\/dt><dt>1<\/dt><dt>2<\/dt><dt>3<\/dt><dt>4<\/dt><dt>5<\/dt><dt>6<\/dt><\/dl><dl><dt>7<\/dt><dt class=\"mec-has-event\"><a href=\"#mec_yearly_view1984_20261208\" class=\"mec-has-event-a\">8<\/a><\/dt><dt class=\"mec-has-event\"><a href=\"#mec_yearly_view1984_20261209\" class=\"mec-has-event-a\">9<\/a><\/dt><dt class=\"mec-has-event\"><a href=\"#mec_yearly_view1984_20261210\" class=\"mec-has-event-a\">10<\/a><\/dt><dt class=\"mec-has-event\"><a href=\"#mec_yearly_view1984_20261211\" class=\"mec-has-event-a\">11<\/a><\/dt><dt>12<\/dt><dt>13<\/dt><\/dl><dl><dt>14<\/dt><dt>15<\/dt><dt>16<\/dt><dt>17<\/dt><dt>18<\/dt><dt>19<\/dt><dt>20<\/dt><\/dl><dl><dt>21<\/dt><dt>22<\/dt><dt>23<\/dt><dt>24<\/dt><dt>25<\/dt><dt>26<\/dt><dt>27<\/dt><\/dl><dl><dt>28<\/dt><dt>29<\/dt><dt>30<\/dt><dt>31<\/dt><dt class=\"mec-table-nullday\">1<\/dt><dt class=\"mec-table-nullday\">2<\/dt><dt class=\"mec-table-nullday\">3<\/dt><\/dl><dl><dt class=\"mec-table-nullday\">4<\/dt><dt class=\"mec-table-nullday\">5<\/dt><dt class=\"mec-table-nullday\">6<\/dt><dt class=\"mec-table-nullday\">7<\/dt><dt class=\"mec-table-nullday\">8<\/dt><dt class=\"mec-table-nullday\">9<\/dt><dt class=\"mec-table-nullday\">10<\/dt>            <\/dl>\r\n        <\/div>\r\n    <\/div>\r\n<\/div><\/div>\r\n<div class=\"mec-yearly-agenda-sec\">\r\n\r\n        <div class=\"mec-events-agenda\">\r\n\r\n        <div class=\"mec-agenda-date-wrap\" id=\"mec_yearly_view1984_20260609\">\r\n            <i class=\"mec-sl-calendar\"><\/i>            <span class=\"mec-agenda-day\">Dienstag<\/span>\r\n            <span class=\"mec-agenda-date\">Juni 9<\/span>\r\n        <\/div>\r\n\r\n        <div class=\"mec-agenda-events-wrap\">\r\n                                                <div class=\"mec-past-event mec-agenda-event \">\r\n                        <i class=\"mec-sl-clock\"><\/i>                        <span class=\"mec-agenda-time\">\r\n                                                    <\/span>\r\n                        <span class=\"mec-agenda-event-title\">\r\n                            <a class=\"mec-color-hover\" data-event-id=\"1809\" href=\"https:\/\/www.esd-akademie.de\/de\/seminare\/1-esd-fachkraft-grundlagen\/\" target=\"_self\" rel=\"noopener\">ESD-Fachkraft\/Grundlagen (01-FK)<\/a>                            <span class=\"event-color\" style=\"background: #afafaf\"><\/span>                                                                                                            <\/span>\r\n                                                                    <\/div>\r\n                                                                <div class=\"mec-past-event mec-agenda-event \">\r\n                        <i class=\"mec-sl-clock\"><\/i>                        <span class=\"mec-agenda-time\">\r\n                                                    <\/span>\r\n                        <span class=\"mec-agenda-event-title\">\r\n                            <a class=\"mec-color-hover\" data-event-id=\"1824\" href=\"https:\/\/www.esd-akademie.de\/de\/seminare\/3-esd-kombiseminar\/\" target=\"_self\" rel=\"noopener\">Kombiseminar: ESD-Fachkraft und ESD-Koordinator (03-KB)<\/a>                            <span class=\"event-color\" style=\"background: #afafaf\"><\/span>                                                                                                            <\/span>\r\n                                                                    <\/div>\r\n                                    <\/div>\r\n        <div class=\"clearfix\"><\/div>\r\n    <\/div>\r\n        <div class=\"mec-events-agenda\">\r\n\r\n        <div class=\"mec-agenda-date-wrap\" id=\"mec_yearly_view1984_20260610\">\r\n            <i class=\"mec-sl-calendar\"><\/i>            <span class=\"mec-agenda-day\">Mittwoch<\/span>\r\n            <span class=\"mec-agenda-date\">Juni 10<\/span>\r\n        <\/div>\r\n\r\n        <div class=\"mec-agenda-events-wrap\">\r\n                                                <div class=\"mec-past-event mec-agenda-event \">\r\n                        <i class=\"mec-sl-clock\"><\/i>                        <span class=\"mec-agenda-time\">\r\n                                                    <\/span>\r\n                        <span class=\"mec-agenda-event-title\">\r\n                            <a class=\"mec-color-hover\" data-event-id=\"1809\" href=\"https:\/\/www.esd-akademie.de\/de\/seminare\/1-esd-fachkraft-grundlagen\/\" target=\"_self\" rel=\"noopener\">ESD-Fachkraft\/Grundlagen (01-FK)<\/a>                            <span class=\"event-color\" style=\"background: #afafaf\"><\/span>                                                                                                            <\/span>\r\n                                                                    <\/div>\r\n                                                                <div class=\"mec-past-event mec-agenda-event \">\r\n                        <i class=\"mec-sl-clock\"><\/i>                        <span class=\"mec-agenda-time\">\r\n                                                    <\/span>\r\n                        <span class=\"mec-agenda-event-title\">\r\n                            <a class=\"mec-color-hover\" data-event-id=\"1824\" href=\"https:\/\/www.esd-akademie.de\/de\/seminare\/3-esd-kombiseminar\/\" target=\"_self\" rel=\"noopener\">Kombiseminar: ESD-Fachkraft und ESD-Koordinator (03-KB)<\/a>                            <span class=\"event-color\" style=\"background: #afafaf\"><\/span>                                                                                                            <\/span>\r\n                                                                    <\/div>\r\n                                    <\/div>\r\n        <div class=\"clearfix\"><\/div>\r\n    <\/div>\r\n        <div class=\"mec-events-agenda\">\r\n\r\n        <div class=\"mec-agenda-date-wrap\" id=\"mec_yearly_view1984_20260611\">\r\n            <i class=\"mec-sl-calendar\"><\/i>            <span class=\"mec-agenda-day\">Donnerstag<\/span>\r\n            <span class=\"mec-agenda-date\">Juni 11<\/span>\r\n        <\/div>\r\n\r\n        <div class=\"mec-agenda-events-wrap\">\r\n                                                <div class=\"mec-past-event mec-agenda-event \">\r\n                        <i class=\"mec-sl-clock\"><\/i>                        <span class=\"mec-agenda-time\">\r\n                                                    <\/span>\r\n                        <span class=\"mec-agenda-event-title\">\r\n                            <a class=\"mec-color-hover\" data-event-id=\"1817\" href=\"https:\/\/www.esd-akademie.de\/de\/seminare\/esd-koordinator\/\" target=\"_self\" rel=\"noopener\">ESD-Koordinator (02-KO)<\/a>                            <span class=\"event-color\" style=\"background: #afafaf\"><\/span>                                                                                                            <\/span>\r\n                                                                    <\/div>\r\n                                                                <div class=\"mec-past-event mec-agenda-event \">\r\n                        <i class=\"mec-sl-clock\"><\/i>                        <span class=\"mec-agenda-time\">\r\n                                                    <\/span>\r\n                        <span class=\"mec-agenda-event-title\">\r\n                            <a class=\"mec-color-hover\" data-event-id=\"1824\" href=\"https:\/\/www.esd-akademie.de\/de\/seminare\/3-esd-kombiseminar\/\" target=\"_self\" rel=\"noopener\">Kombiseminar: ESD-Fachkraft und ESD-Koordinator (03-KB)<\/a>                            <span class=\"event-color\" style=\"background: #afafaf\"><\/span>                                                                                                            <\/span>\r\n                                                                    <\/div>\r\n                                    <\/div>\r\n        <div class=\"clearfix\"><\/div>\r\n    <\/div>\r\n        <div class=\"mec-events-agenda\">\r\n\r\n        <div class=\"mec-agenda-date-wrap\" id=\"mec_yearly_view1984_20260612\">\r\n            <i class=\"mec-sl-calendar\"><\/i>            <span class=\"mec-agenda-day\">Freitag<\/span>\r\n            <span class=\"mec-agenda-date\">Juni 12<\/span>\r\n        <\/div>\r\n\r\n        <div class=\"mec-agenda-events-wrap\">\r\n                                                <div class=\"mec-past-event mec-agenda-event \">\r\n                        <i class=\"mec-sl-clock\"><\/i>                        <span class=\"mec-agenda-time\">\r\n                                                    <\/span>\r\n                        <span class=\"mec-agenda-event-title\">\r\n                            <a class=\"mec-color-hover\" data-event-id=\"1817\" href=\"https:\/\/www.esd-akademie.de\/de\/seminare\/esd-koordinator\/\" target=\"_self\" rel=\"noopener\">ESD-Koordinator (02-KO)<\/a>                            <span class=\"event-color\" style=\"background: #afafaf\"><\/span>                                                                                                            <\/span>\r\n                                                                    <\/div>\r\n                                                                <div class=\"mec-past-event mec-agenda-event \">\r\n                        <i class=\"mec-sl-clock\"><\/i>                        <span class=\"mec-agenda-time\">\r\n                                                    <\/span>\r\n                        <span class=\"mec-agenda-event-title\">\r\n                            <a class=\"mec-color-hover\" data-event-id=\"1824\" href=\"https:\/\/www.esd-akademie.de\/de\/seminare\/3-esd-kombiseminar\/\" target=\"_self\" rel=\"noopener\">Kombiseminar: ESD-Fachkraft und ESD-Koordinator (03-KB)<\/a>                            <span class=\"event-color\" style=\"background: #afafaf\"><\/span>                                                                                                            <\/span>\r\n                                                                    <\/div>\r\n                                    <\/div>\r\n        <div class=\"clearfix\"><\/div>\r\n    <\/div>\r\n        <div class=\"mec-events-agenda\">\r\n\r\n        <div class=\"mec-agenda-date-wrap\" id=\"mec_yearly_view1984_20260618\">\r\n            <i class=\"mec-sl-calendar\"><\/i>            <span class=\"mec-agenda-day\">Donnerstag<\/span>\r\n            <span class=\"mec-agenda-date\">Juni 18<\/span>\r\n        <\/div>\r\n\r\n        <div class=\"mec-agenda-events-wrap\">\r\n                                                <div class=\"mec-past-event mec-agenda-event \">\r\n                        <i class=\"mec-sl-clock\"><\/i>                        <span class=\"mec-agenda-time\">\r\n                                                    <\/span>\r\n                        <span class=\"mec-agenda-event-title\">\r\n                            <a class=\"mec-color-hover\" data-event-id=\"1844\" href=\"https:\/\/www.esd-akademie.de\/de\/seminare\/10-esd-symposium\/\" target=\"_self\" rel=\"noopener\">ESD-Symposium: (10-SY)<\/a>                            <span class=\"event-color\" style=\"background: #afafaf\"><\/span>                                                                                                            <\/span>\r\n                                                                    <\/div>\r\n                                    <\/div>\r\n        <div class=\"clearfix\"><\/div>\r\n    <\/div>\r\n        <div class=\"mec-events-agenda\">\r\n\r\n        <div class=\"mec-agenda-date-wrap\" id=\"mec_yearly_view1984_20260623\">\r\n            <i class=\"mec-sl-calendar\"><\/i>            <span class=\"mec-agenda-day\">Dienstag<\/span>\r\n            <span class=\"mec-agenda-date\">Juni 23<\/span>\r\n        <\/div>\r\n\r\n        <div class=\"mec-agenda-events-wrap\">\r\n                                                <div class=\"mec-past-event mec-agenda-event \">\r\n                        <i class=\"mec-sl-clock\"><\/i>                        <span class=\"mec-agenda-time\">\r\n                                                    <\/span>\r\n                        <span class=\"mec-agenda-event-title\">\r\n                            <a class=\"mec-color-hover\" data-event-id=\"1839\" href=\"https:\/\/www.esd-akademie.de\/de\/seminare\/5-esd-auffrischungsseminar\/\" target=\"_self\" rel=\"noopener\">Auffrischungsseminar f\u00fcr ESD-Fachkr\u00e4fte, Koordinatoren und Auditoren (05-AF)<\/a>                            <span class=\"event-color\" style=\"background: #afafaf\"><\/span>                                                                                                            <\/span>\r\n                                                                    <\/div>\r\n                                    <\/div>\r\n        <div class=\"clearfix\"><\/div>\r\n    <\/div>\r\n        <div class=\"mec-events-agenda\">\r\n\r\n        <div class=\"mec-agenda-date-wrap\" id=\"mec_yearly_view1984_20260624\">\r\n            <i class=\"mec-sl-calendar\"><\/i>            <span class=\"mec-agenda-day\">Mittwoch<\/span>\r\n            <span class=\"mec-agenda-date\">Juni 24<\/span>\r\n        <\/div>\r\n\r\n        <div class=\"mec-agenda-events-wrap\">\r\n                                                <div class=\"mec-past-event mec-agenda-event \">\r\n                        <i class=\"mec-sl-clock\"><\/i>                        <span class=\"mec-agenda-time\">\r\n                                                    <\/span>\r\n                        <span class=\"mec-agenda-event-title\">\r\n                            <a class=\"mec-color-hover\" data-event-id=\"1843\" href=\"https:\/\/www.esd-akademie.de\/de\/seminare\/7-esd-sichere-verpackung-und-lagerung\/\" target=\"_self\" rel=\"noopener\">ESD-sichere Verpackung und Lagerung (07-VL)<\/a>                            <span class=\"event-color\" style=\"background: #afafaf\"><\/span>                                                                                                            <\/span>\r\n                                                                    <\/div>\r\n                                    <\/div>\r\n        <div class=\"clearfix\"><\/div>\r\n    <\/div>\r\n        <div class=\"mec-events-agenda\">\r\n\r\n        <div class=\"mec-agenda-date-wrap\" id=\"mec_yearly_view1984_20260625\">\r\n            <i class=\"mec-sl-calendar\"><\/i>            <span class=\"mec-agenda-day\">Donnerstag<\/span>\r\n            <span class=\"mec-agenda-date\">Juni 25<\/span>\r\n        <\/div>\r\n\r\n        <div class=\"mec-agenda-events-wrap\">\r\n                                                <div class=\"mec-agenda-event \">\r\n                        <i class=\"mec-sl-clock\"><\/i>                        <span class=\"mec-agenda-time\">\r\n                                                    <\/span>\r\n                        <span class=\"mec-agenda-event-title\">\r\n                            <a class=\"mec-color-hover\" data-event-id=\"1952\" href=\"https:\/\/www.esd-akademie.de\/de\/seminare\/6-esd-audits-und-messtechnik\/\" target=\"_self\" rel=\"noopener\">ESD-Messtechnik (06-MT)<\/a>                            <span class=\"event-color\" style=\"background: #afafaf\"><\/span>                                                                                                            <\/span>\r\n                                                                    <\/div>\r\n                                    <\/div>\r\n        <div class=\"clearfix\"><\/div>\r\n    <\/div>\r\n        <div class=\"mec-events-agenda\">\r\n\r\n        <div class=\"mec-agenda-date-wrap\" id=\"mec_yearly_view1984_20260630\">\r\n            <i class=\"mec-sl-calendar\"><\/i>            <span class=\"mec-agenda-day\">Dienstag<\/span>\r\n            <span class=\"mec-agenda-date\">Juni 30<\/span>\r\n        <\/div>\r\n\r\n        <div class=\"mec-agenda-events-wrap\">\r\n                                                <div class=\"mec-past-event mec-agenda-event \">\r\n                        <i class=\"mec-sl-clock\"><\/i>                        <span class=\"mec-agenda-time\">\r\n                                                    <\/span>\r\n                        <span class=\"mec-agenda-event-title\">\r\n                            <a class=\"mec-color-hover\" data-event-id=\"1809\" href=\"https:\/\/www.esd-akademie.de\/de\/seminare\/1-esd-fachkraft-grundlagen\/\" target=\"_self\" rel=\"noopener\">ESD-Fachkraft\/Grundlagen (01-FK)<\/a>                            <span class=\"event-color\" style=\"background: #afafaf\"><\/span>                                                                                                            <\/span>\r\n                                                                    <\/div>\r\n                                    <\/div>\r\n        <div class=\"clearfix\"><\/div>\r\n    <\/div>\r\n        <div class=\"mec-events-agenda\">\r\n\r\n        <div class=\"mec-agenda-date-wrap\" id=\"mec_yearly_view1984_20260701\">\r\n            <i class=\"mec-sl-calendar\"><\/i>            <span class=\"mec-agenda-day\">Mittwoch<\/span>\r\n            <span class=\"mec-agenda-date\">Juli 1<\/span>\r\n        <\/div>\r\n\r\n        <div class=\"mec-agenda-events-wrap\">\r\n                                                <div class=\"mec-past-event mec-agenda-event \">\r\n                        <i class=\"mec-sl-clock\"><\/i>                        <span class=\"mec-agenda-time\">\r\n                                                    <\/span>\r\n                        <span class=\"mec-agenda-event-title\">\r\n                            <a class=\"mec-color-hover\" data-event-id=\"1809\" href=\"https:\/\/www.esd-akademie.de\/de\/seminare\/1-esd-fachkraft-grundlagen\/\" target=\"_self\" rel=\"noopener\">ESD-Fachkraft\/Grundlagen (01-FK)<\/a>                            <span class=\"event-color\" style=\"background: #afafaf\"><\/span>                                                                                                            <\/span>\r\n                                                                    <\/div>\r\n                                    <\/div>\r\n        <div class=\"clearfix\"><\/div>\r\n    <\/div>\r\n        <div class=\"mec-events-agenda\">\r\n\r\n        <div class=\"mec-agenda-date-wrap\" id=\"mec_yearly_view1984_20260702\">\r\n            <i class=\"mec-sl-calendar\"><\/i>            <span class=\"mec-agenda-day\">Donnerstag<\/span>\r\n            <span class=\"mec-agenda-date\">Juli 2<\/span>\r\n        <\/div>\r\n\r\n        <div class=\"mec-agenda-events-wrap\">\r\n                                                <div class=\"mec-past-event mec-agenda-event \">\r\n                        <i class=\"mec-sl-clock\"><\/i>                        <span class=\"mec-agenda-time\">\r\n                                                    <\/span>\r\n                        <span class=\"mec-agenda-event-title\">\r\n                            <a class=\"mec-color-hover\" data-event-id=\"1839\" href=\"https:\/\/www.esd-akademie.de\/de\/seminare\/5-esd-auffrischungsseminar\/\" target=\"_self\" rel=\"noopener\">Auffrischungsseminar f\u00fcr ESD-Fachkr\u00e4fte, Koordinatoren und Auditoren (05-AF)<\/a>                            <span class=\"event-color\" style=\"background: #afafaf\"><\/span>                                                                                                            <\/span>\r\n                                                                    <\/div>\r\n                                    <\/div>\r\n        <div class=\"clearfix\"><\/div>\r\n    <\/div>\r\n        <div class=\"mec-events-agenda\">\r\n\r\n        <div class=\"mec-agenda-date-wrap\" id=\"mec_yearly_view1984_20260714\">\r\n            <i class=\"mec-sl-calendar\"><\/i>            <span class=\"mec-agenda-day\">Dienstag<\/span>\r\n            <span class=\"mec-agenda-date\">Juli 14<\/span>\r\n        <\/div>\r\n\r\n        <div class=\"mec-agenda-events-wrap\">\r\n                                                <div class=\"mec-past-event mec-agenda-event \">\r\n                        <i class=\"mec-sl-clock\"><\/i>                        <span class=\"mec-agenda-time\">\r\n                                                    <\/span>\r\n                        <span class=\"mec-agenda-event-title\">\r\n                            <a class=\"mec-color-hover\" data-event-id=\"1809\" href=\"https:\/\/www.esd-akademie.de\/de\/seminare\/1-esd-fachkraft-grundlagen\/\" target=\"_self\" rel=\"noopener\">ESD-Fachkraft\/Grundlagen (01-FK)<\/a>                            <span class=\"event-color\" style=\"background: #afafaf\"><\/span>                                                                                                            <\/span>\r\n                                                                    <\/div>\r\n                                                                <div class=\"mec-past-event mec-agenda-event \">\r\n                        <i class=\"mec-sl-clock\"><\/i>                        <span class=\"mec-agenda-time\">\r\n                                                    <\/span>\r\n                        <span class=\"mec-agenda-event-title\">\r\n                            <a class=\"mec-color-hover\" data-event-id=\"1824\" href=\"https:\/\/www.esd-akademie.de\/de\/seminare\/3-esd-kombiseminar\/\" target=\"_self\" rel=\"noopener\">Kombiseminar: ESD-Fachkraft und ESD-Koordinator (03-KB)<\/a>                            <span class=\"event-color\" style=\"background: #afafaf\"><\/span>                                                                                                            <\/span>\r\n                                                                    <\/div>\r\n                                    <\/div>\r\n        <div class=\"clearfix\"><\/div>\r\n    <\/div>\r\n        <div class=\"mec-events-agenda\">\r\n\r\n        <div class=\"mec-agenda-date-wrap\" id=\"mec_yearly_view1984_20260715\">\r\n            <i class=\"mec-sl-calendar\"><\/i>            <span class=\"mec-agenda-day\">Mittwoch<\/span>\r\n            <span class=\"mec-agenda-date\">Juli 15<\/span>\r\n        <\/div>\r\n\r\n        <div class=\"mec-agenda-events-wrap\">\r\n                                                <div class=\"mec-past-event mec-agenda-event \">\r\n                        <i class=\"mec-sl-clock\"><\/i>                        <span class=\"mec-agenda-time\">\r\n                                                    <\/span>\r\n                        <span class=\"mec-agenda-event-title\">\r\n                            <a class=\"mec-color-hover\" data-event-id=\"1809\" href=\"https:\/\/www.esd-akademie.de\/de\/seminare\/1-esd-fachkraft-grundlagen\/\" target=\"_self\" rel=\"noopener\">ESD-Fachkraft\/Grundlagen (01-FK)<\/a>                            <span class=\"event-color\" style=\"background: #afafaf\"><\/span>                                                                                                            <\/span>\r\n                                                                    <\/div>\r\n                                                                <div class=\"mec-past-event mec-agenda-event \">\r\n                        <i class=\"mec-sl-clock\"><\/i>                        <span class=\"mec-agenda-time\">\r\n                                                    <\/span>\r\n                        <span class=\"mec-agenda-event-title\">\r\n                            <a class=\"mec-color-hover\" data-event-id=\"1824\" href=\"https:\/\/www.esd-akademie.de\/de\/seminare\/3-esd-kombiseminar\/\" target=\"_self\" rel=\"noopener\">Kombiseminar: ESD-Fachkraft und ESD-Koordinator (03-KB)<\/a>                            <span class=\"event-color\" style=\"background: #afafaf\"><\/span>                                                                                                            <\/span>\r\n                                                                    <\/div>\r\n                                    <\/div>\r\n        <div class=\"clearfix\"><\/div>\r\n    <\/div>\r\n        <div class=\"mec-events-agenda\">\r\n\r\n        <div class=\"mec-agenda-date-wrap\" id=\"mec_yearly_view1984_20260716\">\r\n            <i class=\"mec-sl-calendar\"><\/i>            <span class=\"mec-agenda-day\">Donnerstag<\/span>\r\n            <span class=\"mec-agenda-date\">Juli 16<\/span>\r\n        <\/div>\r\n\r\n        <div class=\"mec-agenda-events-wrap\">\r\n                                                <div class=\"mec-past-event mec-agenda-event \">\r\n                        <i class=\"mec-sl-clock\"><\/i>                        <span class=\"mec-agenda-time\">\r\n                                                    <\/span>\r\n                        <span class=\"mec-agenda-event-title\">\r\n                            <a class=\"mec-color-hover\" data-event-id=\"1817\" href=\"https:\/\/www.esd-akademie.de\/de\/seminare\/esd-koordinator\/\" target=\"_self\" rel=\"noopener\">ESD-Koordinator (02-KO)<\/a>                            <span class=\"event-color\" style=\"background: #afafaf\"><\/span>                                                                                                            <\/span>\r\n                                                                    <\/div>\r\n                                                                <div class=\"mec-past-event mec-agenda-event \">\r\n                        <i class=\"mec-sl-clock\"><\/i>                        <span class=\"mec-agenda-time\">\r\n                                                    <\/span>\r\n                        <span class=\"mec-agenda-event-title\">\r\n                            <a class=\"mec-color-hover\" data-event-id=\"1824\" href=\"https:\/\/www.esd-akademie.de\/de\/seminare\/3-esd-kombiseminar\/\" target=\"_self\" rel=\"noopener\">Kombiseminar: ESD-Fachkraft und ESD-Koordinator (03-KB)<\/a>                            <span class=\"event-color\" style=\"background: #afafaf\"><\/span>                                                                                                            <\/span>\r\n                                                                    <\/div>\r\n                                    <\/div>\r\n        <div class=\"clearfix\"><\/div>\r\n    <\/div>\r\n        <div class=\"mec-events-agenda mec-util-hidden\">\r\n\r\n        <div class=\"mec-agenda-date-wrap\" id=\"mec_yearly_view1984_20260717\">\r\n            <i class=\"mec-sl-calendar\"><\/i>            <span class=\"mec-agenda-day\">Freitag<\/span>\r\n            <span class=\"mec-agenda-date\">Juli 17<\/span>\r\n        <\/div>\r\n\r\n        <div class=\"mec-agenda-events-wrap\">\r\n                                                <div class=\"mec-past-event mec-agenda-event \">\r\n                        <i class=\"mec-sl-clock\"><\/i>                        <span class=\"mec-agenda-time\">\r\n                                                    <\/span>\r\n                        <span class=\"mec-agenda-event-title\">\r\n                            <a class=\"mec-color-hover\" data-event-id=\"1817\" href=\"https:\/\/www.esd-akademie.de\/de\/seminare\/esd-koordinator\/\" target=\"_self\" rel=\"noopener\">ESD-Koordinator (02-KO)<\/a>                            <span class=\"event-color\" style=\"background: #afafaf\"><\/span>                                                                                                            <\/span>\r\n                                                                    <\/div>\r\n                                                                <div class=\"mec-past-event mec-agenda-event \">\r\n                        <i class=\"mec-sl-clock\"><\/i>                        <span class=\"mec-agenda-time\">\r\n                                                    <\/span>\r\n                        <span class=\"mec-agenda-event-title\">\r\n                            <a class=\"mec-color-hover\" data-event-id=\"1824\" href=\"https:\/\/www.esd-akademie.de\/de\/seminare\/3-esd-kombiseminar\/\" target=\"_self\" rel=\"noopener\">Kombiseminar: ESD-Fachkraft und ESD-Koordinator (03-KB)<\/a>                            <span class=\"event-color\" style=\"background: #afafaf\"><\/span>                                                                                                            <\/span>\r\n                                                                    <\/div>\r\n                                    <\/div>\r\n        <div class=\"clearfix\"><\/div>\r\n    <\/div>\r\n        <div class=\"mec-events-agenda mec-util-hidden\">\r\n\r\n        <div class=\"mec-agenda-date-wrap\" id=\"mec_yearly_view1984_20260811\">\r\n            <i class=\"mec-sl-calendar\"><\/i>            <span class=\"mec-agenda-day\">Dienstag<\/span>\r\n            <span class=\"mec-agenda-date\">August 11<\/span>\r\n        <\/div>\r\n\r\n        <div class=\"mec-agenda-events-wrap\">\r\n                                                <div class=\"mec-past-event mec-agenda-event \">\r\n                        <i class=\"mec-sl-clock\"><\/i>                        <span class=\"mec-agenda-time\">\r\n                                                    <\/span>\r\n                        <span class=\"mec-agenda-event-title\">\r\n                            <a class=\"mec-color-hover\" data-event-id=\"1809\" href=\"https:\/\/www.esd-akademie.de\/de\/seminare\/1-esd-fachkraft-grundlagen\/\" target=\"_self\" rel=\"noopener\">ESD-Fachkraft\/Grundlagen (01-FK)<\/a>                            <span class=\"event-color\" style=\"background: #afafaf\"><\/span>                                                                                                            <\/span>\r\n                                                                    <\/div>\r\n                                    <\/div>\r\n        <div class=\"clearfix\"><\/div>\r\n    <\/div>\r\n        <div class=\"mec-events-agenda mec-util-hidden\">\r\n\r\n        <div class=\"mec-agenda-date-wrap\" id=\"mec_yearly_view1984_20260812\">\r\n            <i class=\"mec-sl-calendar\"><\/i>            <span class=\"mec-agenda-day\">Mittwoch<\/span>\r\n            <span class=\"mec-agenda-date\">August 12<\/span>\r\n        <\/div>\r\n\r\n        <div class=\"mec-agenda-events-wrap\">\r\n                                                <div class=\"mec-past-event mec-agenda-event \">\r\n                        <i class=\"mec-sl-clock\"><\/i>                        <span class=\"mec-agenda-time\">\r\n                                                    <\/span>\r\n                        <span class=\"mec-agenda-event-title\">\r\n                            <a class=\"mec-color-hover\" data-event-id=\"1809\" href=\"https:\/\/www.esd-akademie.de\/de\/seminare\/1-esd-fachkraft-grundlagen\/\" target=\"_self\" rel=\"noopener\">ESD-Fachkraft\/Grundlagen (01-FK)<\/a>                            <span class=\"event-color\" style=\"background: #afafaf\"><\/span>                                                                                                            <\/span>\r\n                                                                    <\/div>\r\n                                    <\/div>\r\n        <div class=\"clearfix\"><\/div>\r\n    <\/div>\r\n        <div class=\"mec-events-agenda mec-util-hidden\">\r\n\r\n        <div class=\"mec-agenda-date-wrap\" id=\"mec_yearly_view1984_20260813\">\r\n            <i class=\"mec-sl-calendar\"><\/i>            <span class=\"mec-agenda-day\">Donnerstag<\/span>\r\n            <span class=\"mec-agenda-date\">August 13<\/span>\r\n        <\/div>\r\n\r\n        <div class=\"mec-agenda-events-wrap\">\r\n                                                <div class=\"mec-past-event mec-agenda-event \">\r\n                        <i class=\"mec-sl-clock\"><\/i>                        <span class=\"mec-agenda-time\">\r\n                                                    <\/span>\r\n                        <span class=\"mec-agenda-event-title\">\r\n                            <a class=\"mec-color-hover\" data-event-id=\"1817\" href=\"https:\/\/www.esd-akademie.de\/de\/seminare\/esd-koordinator\/\" target=\"_self\" rel=\"noopener\">ESD-Koordinator (02-KO)<\/a>                            <span class=\"event-color\" style=\"background: #afafaf\"><\/span>                                                                                                            <\/span>\r\n                                                                    <\/div>\r\n                                    <\/div>\r\n        <div class=\"clearfix\"><\/div>\r\n    <\/div>\r\n        <div class=\"mec-events-agenda mec-util-hidden\">\r\n\r\n        <div class=\"mec-agenda-date-wrap\" id=\"mec_yearly_view1984_20260814\">\r\n            <i class=\"mec-sl-calendar\"><\/i>            <span class=\"mec-agenda-day\">Freitag<\/span>\r\n            <span class=\"mec-agenda-date\">August 14<\/span>\r\n        <\/div>\r\n\r\n        <div class=\"mec-agenda-events-wrap\">\r\n                                                <div class=\"mec-past-event mec-agenda-event \">\r\n                        <i class=\"mec-sl-clock\"><\/i>                        <span class=\"mec-agenda-time\">\r\n                                                    <\/span>\r\n                        <span class=\"mec-agenda-event-title\">\r\n                            <a class=\"mec-color-hover\" data-event-id=\"1817\" href=\"https:\/\/www.esd-akademie.de\/de\/seminare\/esd-koordinator\/\" target=\"_self\" rel=\"noopener\">ESD-Koordinator (02-KO)<\/a>                            <span class=\"event-color\" style=\"background: #afafaf\"><\/span>                                                                                                            <\/span>\r\n                                                                    <\/div>\r\n                                    <\/div>\r\n        <div class=\"clearfix\"><\/div>\r\n    <\/div>\r\n        <div class=\"mec-events-agenda mec-util-hidden\">\r\n\r\n        <div class=\"mec-agenda-date-wrap\" id=\"mec_yearly_view1984_20260819\">\r\n            <i class=\"mec-sl-calendar\"><\/i>            <span class=\"mec-agenda-day\">Mittwoch<\/span>\r\n            <span class=\"mec-agenda-date\">August 19<\/span>\r\n        <\/div>\r\n\r\n        <div class=\"mec-agenda-events-wrap\">\r\n                                                <div class=\"mec-past-event mec-agenda-event \">\r\n                        <i class=\"mec-sl-clock\"><\/i>                        <span class=\"mec-agenda-time\">\r\n                                                    <\/span>\r\n                        <span class=\"mec-agenda-event-title\">\r\n                            <a class=\"mec-color-hover\" data-event-id=\"1839\" href=\"https:\/\/www.esd-akademie.de\/de\/seminare\/5-esd-auffrischungsseminar\/\" target=\"_self\" rel=\"noopener\">Auffrischungsseminar f\u00fcr ESD-Fachkr\u00e4fte, Koordinatoren und Auditoren (05-AF)<\/a>                            <span class=\"event-color\" style=\"background: #afafaf\"><\/span>                                                                                                            <\/span>\r\n                                                                    <\/div>\r\n                                    <\/div>\r\n        <div class=\"clearfix\"><\/div>\r\n    <\/div>\r\n        <div class=\"mec-events-agenda mec-util-hidden\">\r\n\r\n        <div class=\"mec-agenda-date-wrap\" id=\"mec_yearly_view1984_20260820\">\r\n            <i class=\"mec-sl-calendar\"><\/i>            <span class=\"mec-agenda-day\">Donnerstag<\/span>\r\n            <span class=\"mec-agenda-date\">August 20<\/span>\r\n        <\/div>\r\n\r\n        <div class=\"mec-agenda-events-wrap\">\r\n                                                <div class=\"mec-past-event mec-agenda-event \">\r\n                        <i class=\"mec-sl-clock\"><\/i>                        <span class=\"mec-agenda-time\">\r\n                                                    <\/span>\r\n                        <span class=\"mec-agenda-event-title\">\r\n                            <a class=\"mec-color-hover\" data-event-id=\"1926\" href=\"https:\/\/www.esd-akademie.de\/de\/seminare\/8-esd-sichere-fertigungstechnologie\/\" target=\"_self\" rel=\"noopener\">ESD-gerechter Maschinen- und Anlagenbau (08-MA)<\/a>                            <span class=\"event-color\" style=\"background: #afafaf\"><\/span>                                                                                                            <\/span>\r\n                                                                    <\/div>\r\n                                    <\/div>\r\n        <div class=\"clearfix\"><\/div>\r\n    <\/div>\r\n        <div class=\"mec-events-agenda mec-util-hidden\">\r\n\r\n        <div class=\"mec-agenda-date-wrap\" id=\"mec_yearly_view1984_20260821\">\r\n            <i class=\"mec-sl-calendar\"><\/i>            <span class=\"mec-agenda-day\">Freitag<\/span>\r\n            <span class=\"mec-agenda-date\">August 21<\/span>\r\n        <\/div>\r\n\r\n        <div class=\"mec-agenda-events-wrap\">\r\n                                                <div class=\"mec-past-event mec-agenda-event \">\r\n                        <i class=\"mec-sl-clock\"><\/i>                        <span class=\"mec-agenda-time\">\r\n                                                    <\/span>\r\n                        <span class=\"mec-agenda-event-title\">\r\n                            <a class=\"mec-color-hover\" data-event-id=\"1926\" href=\"https:\/\/www.esd-akademie.de\/de\/seminare\/8-esd-sichere-fertigungstechnologie\/\" target=\"_self\" rel=\"noopener\">ESD-gerechter Maschinen- und Anlagenbau (08-MA)<\/a>                            <span class=\"event-color\" style=\"background: #afafaf\"><\/span>                                                                                                            <\/span>\r\n                                                                    <\/div>\r\n                                    <\/div>\r\n        <div class=\"clearfix\"><\/div>\r\n    <\/div>\r\n        <div class=\"mec-events-agenda mec-util-hidden\">\r\n\r\n        <div class=\"mec-agenda-date-wrap\" id=\"mec_yearly_view1984_20260908\">\r\n            <i class=\"mec-sl-calendar\"><\/i>            <span class=\"mec-agenda-day\">Dienstag<\/span>\r\n            <span class=\"mec-agenda-date\">September 8<\/span>\r\n        <\/div>\r\n\r\n        <div class=\"mec-agenda-events-wrap\">\r\n                                                <div class=\"mec-past-event mec-agenda-event \">\r\n                        <i class=\"mec-sl-clock\"><\/i>                        <span class=\"mec-agenda-time\">\r\n                                                    <\/span>\r\n                        <span class=\"mec-agenda-event-title\">\r\n                            <a class=\"mec-color-hover\" data-event-id=\"1824\" href=\"https:\/\/www.esd-akademie.de\/de\/seminare\/3-esd-kombiseminar\/\" target=\"_self\" rel=\"noopener\">Kombiseminar: ESD-Fachkraft und ESD-Koordinator (03-KB)<\/a>                            <span class=\"event-color\" style=\"background: #afafaf\"><\/span>                                                                                                            <\/span>\r\n                                                                    <\/div>\r\n                                    <\/div>\r\n        <div class=\"clearfix\"><\/div>\r\n    <\/div>\r\n        <div class=\"mec-events-agenda mec-util-hidden\">\r\n\r\n        <div class=\"mec-agenda-date-wrap\" id=\"mec_yearly_view1984_20260909\">\r\n            <i class=\"mec-sl-calendar\"><\/i>            <span class=\"mec-agenda-day\">Mittwoch<\/span>\r\n            <span class=\"mec-agenda-date\">September 9<\/span>\r\n        <\/div>\r\n\r\n        <div class=\"mec-agenda-events-wrap\">\r\n                                                <div class=\"mec-past-event mec-agenda-event \">\r\n                        <i class=\"mec-sl-clock\"><\/i>                        <span class=\"mec-agenda-time\">\r\n                                                    <\/span>\r\n                        <span class=\"mec-agenda-event-title\">\r\n                            <a class=\"mec-color-hover\" data-event-id=\"1824\" href=\"https:\/\/www.esd-akademie.de\/de\/seminare\/3-esd-kombiseminar\/\" target=\"_self\" rel=\"noopener\">Kombiseminar: ESD-Fachkraft und ESD-Koordinator (03-KB)<\/a>                            <span class=\"event-color\" style=\"background: #afafaf\"><\/span>                                                                                                            <\/span>\r\n                                                                    <\/div>\r\n                                    <\/div>\r\n        <div class=\"clearfix\"><\/div>\r\n    <\/div>\r\n        <div class=\"mec-events-agenda mec-util-hidden\">\r\n\r\n        <div class=\"mec-agenda-date-wrap\" id=\"mec_yearly_view1984_20260910\">\r\n            <i class=\"mec-sl-calendar\"><\/i>            <span class=\"mec-agenda-day\">Donnerstag<\/span>\r\n            <span class=\"mec-agenda-date\">September 10<\/span>\r\n        <\/div>\r\n\r\n        <div class=\"mec-agenda-events-wrap\">\r\n                                                <div class=\"mec-past-event mec-agenda-event \">\r\n                        <i class=\"mec-sl-clock\"><\/i>                        <span class=\"mec-agenda-time\">\r\n                                                    <\/span>\r\n                        <span class=\"mec-agenda-event-title\">\r\n                            <a class=\"mec-color-hover\" data-event-id=\"1824\" href=\"https:\/\/www.esd-akademie.de\/de\/seminare\/3-esd-kombiseminar\/\" target=\"_self\" rel=\"noopener\">Kombiseminar: ESD-Fachkraft und ESD-Koordinator (03-KB)<\/a>                            <span class=\"event-color\" style=\"background: #afafaf\"><\/span>                                                                                                            <\/span>\r\n                                                                    <\/div>\r\n                                    <\/div>\r\n        <div class=\"clearfix\"><\/div>\r\n    <\/div>\r\n        <div class=\"mec-events-agenda mec-util-hidden\">\r\n\r\n        <div class=\"mec-agenda-date-wrap\" id=\"mec_yearly_view1984_20260911\">\r\n            <i class=\"mec-sl-calendar\"><\/i>            <span class=\"mec-agenda-day\">Freitag<\/span>\r\n            <span class=\"mec-agenda-date\">September 11<\/span>\r\n        <\/div>\r\n\r\n        <div class=\"mec-agenda-events-wrap\">\r\n                                                <div class=\"mec-past-event mec-agenda-event \">\r\n                        <i class=\"mec-sl-clock\"><\/i>                        <span class=\"mec-agenda-time\">\r\n                                                    <\/span>\r\n                        <span class=\"mec-agenda-event-title\">\r\n                            <a class=\"mec-color-hover\" data-event-id=\"1824\" href=\"https:\/\/www.esd-akademie.de\/de\/seminare\/3-esd-kombiseminar\/\" target=\"_self\" rel=\"noopener\">Kombiseminar: ESD-Fachkraft und ESD-Koordinator (03-KB)<\/a>                            <span class=\"event-color\" style=\"background: #afafaf\"><\/span>                                                                                                            <\/span>\r\n                                                                    <\/div>\r\n                                    <\/div>\r\n        <div class=\"clearfix\"><\/div>\r\n    <\/div>\r\n        <div class=\"mec-events-agenda mec-util-hidden\">\r\n\r\n        <div class=\"mec-agenda-date-wrap\" id=\"mec_yearly_view1984_20261006\">\r\n            <i class=\"mec-sl-calendar\"><\/i>            <span class=\"mec-agenda-day\">Dienstag<\/span>\r\n            <span class=\"mec-agenda-date\">Oktober 6<\/span>\r\n        <\/div>\r\n\r\n        <div class=\"mec-agenda-events-wrap\">\r\n                                                <div class=\"mec-past-event mec-agenda-event \">\r\n                        <i class=\"mec-sl-clock\"><\/i>                        <span class=\"mec-agenda-time\">\r\n                                                    <\/span>\r\n                        <span class=\"mec-agenda-event-title\">\r\n                            <a class=\"mec-color-hover\" data-event-id=\"1809\" href=\"https:\/\/www.esd-akademie.de\/de\/seminare\/1-esd-fachkraft-grundlagen\/\" target=\"_self\" rel=\"noopener\">ESD-Fachkraft\/Grundlagen (01-FK)<\/a>                            <span class=\"event-color\" style=\"background: #afafaf\"><\/span>                                                                                                            <\/span>\r\n                                                                    <\/div>\r\n                                                                <div class=\"mec-past-event mec-agenda-event \">\r\n                        <i class=\"mec-sl-clock\"><\/i>                        <span class=\"mec-agenda-time\">\r\n                                                    <\/span>\r\n                        <span class=\"mec-agenda-event-title\">\r\n                            <a class=\"mec-color-hover\" data-event-id=\"1824\" href=\"https:\/\/www.esd-akademie.de\/de\/seminare\/3-esd-kombiseminar\/\" target=\"_self\" rel=\"noopener\">Kombiseminar: ESD-Fachkraft und ESD-Koordinator (03-KB)<\/a>                            <span class=\"event-color\" style=\"background: #afafaf\"><\/span>                                                                                                            <\/span>\r\n                                                                    <\/div>\r\n                                    <\/div>\r\n        <div class=\"clearfix\"><\/div>\r\n    <\/div>\r\n        <div class=\"mec-events-agenda mec-util-hidden\">\r\n\r\n        <div class=\"mec-agenda-date-wrap\" id=\"mec_yearly_view1984_20261007\">\r\n            <i class=\"mec-sl-calendar\"><\/i>            <span class=\"mec-agenda-day\">Mittwoch<\/span>\r\n            <span class=\"mec-agenda-date\">Oktober 7<\/span>\r\n        <\/div>\r\n\r\n        <div class=\"mec-agenda-events-wrap\">\r\n                                                <div class=\"mec-past-event mec-agenda-event \">\r\n                        <i class=\"mec-sl-clock\"><\/i>                        <span class=\"mec-agenda-time\">\r\n                                                    <\/span>\r\n                        <span class=\"mec-agenda-event-title\">\r\n                            <a class=\"mec-color-hover\" data-event-id=\"1809\" href=\"https:\/\/www.esd-akademie.de\/de\/seminare\/1-esd-fachkraft-grundlagen\/\" target=\"_self\" rel=\"noopener\">ESD-Fachkraft\/Grundlagen (01-FK)<\/a>                            <span class=\"event-color\" style=\"background: #afafaf\"><\/span>                                                                                                            <\/span>\r\n                                                                    <\/div>\r\n                                                                <div class=\"mec-past-event mec-agenda-event \">\r\n                        <i class=\"mec-sl-clock\"><\/i>                        <span class=\"mec-agenda-time\">\r\n                                                    <\/span>\r\n                        <span class=\"mec-agenda-event-title\">\r\n                            <a class=\"mec-color-hover\" data-event-id=\"1824\" href=\"https:\/\/www.esd-akademie.de\/de\/seminare\/3-esd-kombiseminar\/\" target=\"_self\" rel=\"noopener\">Kombiseminar: ESD-Fachkraft und ESD-Koordinator (03-KB)<\/a>                            <span class=\"event-color\" style=\"background: #afafaf\"><\/span>                                                                                                            <\/span>\r\n                                                                    <\/div>\r\n                                    <\/div>\r\n        <div class=\"clearfix\"><\/div>\r\n    <\/div>\r\n        <div class=\"mec-events-agenda mec-util-hidden\">\r\n\r\n        <div class=\"mec-agenda-date-wrap\" id=\"mec_yearly_view1984_20261008\">\r\n            <i class=\"mec-sl-calendar\"><\/i>            <span class=\"mec-agenda-day\">Donnerstag<\/span>\r\n            <span class=\"mec-agenda-date\">Oktober 8<\/span>\r\n        <\/div>\r\n\r\n        <div class=\"mec-agenda-events-wrap\">\r\n                                                <div class=\"mec-past-event mec-agenda-event \">\r\n                        <i class=\"mec-sl-clock\"><\/i>                        <span class=\"mec-agenda-time\">\r\n                                                    <\/span>\r\n                        <span class=\"mec-agenda-event-title\">\r\n                            <a class=\"mec-color-hover\" data-event-id=\"1817\" href=\"https:\/\/www.esd-akademie.de\/de\/seminare\/esd-koordinator\/\" target=\"_self\" rel=\"noopener\">ESD-Koordinator (02-KO)<\/a>                            <span class=\"event-color\" style=\"background: #afafaf\"><\/span>                                                                                                            <\/span>\r\n                                                                    <\/div>\r\n                                                                <div class=\"mec-past-event mec-agenda-event \">\r\n                        <i class=\"mec-sl-clock\"><\/i>                        <span class=\"mec-agenda-time\">\r\n                                                    <\/span>\r\n                        <span class=\"mec-agenda-event-title\">\r\n                            <a class=\"mec-color-hover\" data-event-id=\"1824\" href=\"https:\/\/www.esd-akademie.de\/de\/seminare\/3-esd-kombiseminar\/\" target=\"_self\" rel=\"noopener\">Kombiseminar: ESD-Fachkraft und ESD-Koordinator (03-KB)<\/a>                            <span class=\"event-color\" style=\"background: #afafaf\"><\/span>                                                                                                            <\/span>\r\n                                                                    <\/div>\r\n                                    <\/div>\r\n        <div class=\"clearfix\"><\/div>\r\n    <\/div>\r\n        <div class=\"mec-events-agenda mec-util-hidden\">\r\n\r\n        <div class=\"mec-agenda-date-wrap\" id=\"mec_yearly_view1984_20261009\">\r\n            <i class=\"mec-sl-calendar\"><\/i>            <span class=\"mec-agenda-day\">Freitag<\/span>\r\n            <span class=\"mec-agenda-date\">Oktober 9<\/span>\r\n        <\/div>\r\n\r\n        <div class=\"mec-agenda-events-wrap\">\r\n                                                <div class=\"mec-past-event mec-agenda-event \">\r\n                        <i class=\"mec-sl-clock\"><\/i>                        <span class=\"mec-agenda-time\">\r\n                                                    <\/span>\r\n                        <span class=\"mec-agenda-event-title\">\r\n                            <a class=\"mec-color-hover\" data-event-id=\"1817\" href=\"https:\/\/www.esd-akademie.de\/de\/seminare\/esd-koordinator\/\" target=\"_self\" rel=\"noopener\">ESD-Koordinator (02-KO)<\/a>                            <span class=\"event-color\" style=\"background: #afafaf\"><\/span>                                                                                                            <\/span>\r\n                                                                    <\/div>\r\n                                                                <div class=\"mec-past-event mec-agenda-event \">\r\n                        <i class=\"mec-sl-clock\"><\/i>                        <span class=\"mec-agenda-time\">\r\n                                                    <\/span>\r\n                        <span class=\"mec-agenda-event-title\">\r\n                            <a class=\"mec-color-hover\" data-event-id=\"1824\" href=\"https:\/\/www.esd-akademie.de\/de\/seminare\/3-esd-kombiseminar\/\" target=\"_self\" rel=\"noopener\">Kombiseminar: ESD-Fachkraft und ESD-Koordinator (03-KB)<\/a>                            <span class=\"event-color\" style=\"background: #afafaf\"><\/span>                                                                                                            <\/span>\r\n                                                                    <\/div>\r\n                                    <\/div>\r\n        <div class=\"clearfix\"><\/div>\r\n    <\/div>\r\n        <div class=\"mec-events-agenda mec-util-hidden\">\r\n\r\n        <div class=\"mec-agenda-date-wrap\" id=\"mec_yearly_view1984_20261027\">\r\n            <i class=\"mec-sl-calendar\"><\/i>            <span class=\"mec-agenda-day\">Dienstag<\/span>\r\n            <span class=\"mec-agenda-date\">Oktober 27<\/span>\r\n        <\/div>\r\n\r\n        <div class=\"mec-agenda-events-wrap\">\r\n                                                <div class=\"mec-past-event mec-agenda-event \">\r\n                        <i class=\"mec-sl-clock\"><\/i>                        <span class=\"mec-agenda-time\">\r\n                                                    <\/span>\r\n                        <span class=\"mec-agenda-event-title\">\r\n                            <a class=\"mec-color-hover\" data-event-id=\"1839\" href=\"https:\/\/www.esd-akademie.de\/de\/seminare\/5-esd-auffrischungsseminar\/\" target=\"_self\" rel=\"noopener\">Auffrischungsseminar f\u00fcr ESD-Fachkr\u00e4fte, Koordinatoren und Auditoren (05-AF)<\/a>                            <span class=\"event-color\" style=\"background: #afafaf\"><\/span>                                                                                                            <\/span>\r\n                                                                    <\/div>\r\n                                    <\/div>\r\n        <div class=\"clearfix\"><\/div>\r\n    <\/div>\r\n        <div class=\"mec-events-agenda mec-util-hidden\">\r\n\r\n        <div class=\"mec-agenda-date-wrap\" id=\"mec_yearly_view1984_20261028\">\r\n            <i class=\"mec-sl-calendar\"><\/i>            <span class=\"mec-agenda-day\">Mittwoch<\/span>\r\n            <span class=\"mec-agenda-date\">Oktober 28<\/span>\r\n        <\/div>\r\n\r\n        <div class=\"mec-agenda-events-wrap\">\r\n                                                <div class=\"mec-past-event mec-agenda-event \">\r\n                        <i class=\"mec-sl-clock\"><\/i>                        <span class=\"mec-agenda-time\">\r\n                                                    <\/span>\r\n                        <span class=\"mec-agenda-event-title\">\r\n                            <a class=\"mec-color-hover\" data-event-id=\"1833\" href=\"https:\/\/www.esd-akademie.de\/de\/seminare\/4-esd-auditor\/\" target=\"_self\" rel=\"noopener\">ESD-Auditor (04-AU)<\/a>                            <span class=\"event-color\" style=\"background: #afafaf\"><\/span>                                                                                                            <\/span>\r\n                                                                    <\/div>\r\n                                    <\/div>\r\n        <div class=\"clearfix\"><\/div>\r\n    <\/div>\r\n        <div class=\"mec-events-agenda mec-util-hidden\">\r\n\r\n        <div class=\"mec-agenda-date-wrap\" id=\"mec_yearly_view1984_20261029\">\r\n            <i class=\"mec-sl-calendar\"><\/i>            <span class=\"mec-agenda-day\">Donnerstag<\/span>\r\n            <span class=\"mec-agenda-date\">Oktober 29<\/span>\r\n        <\/div>\r\n\r\n        <div class=\"mec-agenda-events-wrap\">\r\n                                                <div class=\"mec-past-event mec-agenda-event \">\r\n                        <i class=\"mec-sl-clock\"><\/i>                        <span class=\"mec-agenda-time\">\r\n                                                    <\/span>\r\n                        <span class=\"mec-agenda-event-title\">\r\n                            <a class=\"mec-color-hover\" data-event-id=\"1833\" href=\"https:\/\/www.esd-akademie.de\/de\/seminare\/4-esd-auditor\/\" target=\"_self\" rel=\"noopener\">ESD-Auditor (04-AU)<\/a>                            <span class=\"event-color\" style=\"background: #afafaf\"><\/span>                                                                                                            <\/span>\r\n                                                                    <\/div>\r\n                                    <\/div>\r\n        <div class=\"clearfix\"><\/div>\r\n    <\/div>\r\n        <div class=\"mec-events-agenda mec-util-hidden\">\r\n\r\n        <div class=\"mec-agenda-date-wrap\" id=\"mec_yearly_view1984_20261030\">\r\n            <i class=\"mec-sl-calendar\"><\/i>            <span class=\"mec-agenda-day\">Freitag<\/span>\r\n            <span class=\"mec-agenda-date\">Oktober 30<\/span>\r\n        <\/div>\r\n\r\n        <div class=\"mec-agenda-events-wrap\">\r\n                                                <div class=\"mec-past-event mec-agenda-event \">\r\n                        <i class=\"mec-sl-clock\"><\/i>                        <span class=\"mec-agenda-time\">\r\n                                                    <\/span>\r\n                        <span class=\"mec-agenda-event-title\">\r\n                            <a class=\"mec-color-hover\" data-event-id=\"1833\" href=\"https:\/\/www.esd-akademie.de\/de\/seminare\/4-esd-auditor\/\" target=\"_self\" rel=\"noopener\">ESD-Auditor (04-AU)<\/a>                            <span class=\"event-color\" style=\"background: #afafaf\"><\/span>                                                                                                            <\/span>\r\n                                                                    <\/div>\r\n                                    <\/div>\r\n        <div class=\"clearfix\"><\/div>\r\n    <\/div>\r\n        <div class=\"mec-events-agenda mec-util-hidden\">\r\n\r\n        <div class=\"mec-agenda-date-wrap\" id=\"mec_yearly_view1984_20261110\">\r\n            <i class=\"mec-sl-calendar\"><\/i>            <span class=\"mec-agenda-day\">Dienstag<\/span>\r\n            <span class=\"mec-agenda-date\">November 10<\/span>\r\n        <\/div>\r\n\r\n        <div class=\"mec-agenda-events-wrap\">\r\n                                                <div class=\"mec-past-event mec-agenda-event \">\r\n                        <i class=\"mec-sl-clock\"><\/i>                        <span class=\"mec-agenda-time\">\r\n                                                    <\/span>\r\n                        <span class=\"mec-agenda-event-title\">\r\n                            <a class=\"mec-color-hover\" data-event-id=\"1809\" href=\"https:\/\/www.esd-akademie.de\/de\/seminare\/1-esd-fachkraft-grundlagen\/\" target=\"_self\" rel=\"noopener\">ESD-Fachkraft\/Grundlagen (01-FK)<\/a>                            <span class=\"event-color\" style=\"background: #afafaf\"><\/span>                                                                                                            <\/span>\r\n                                                                    <\/div>\r\n                                                                <div class=\"mec-past-event mec-agenda-event \">\r\n                        <i class=\"mec-sl-clock\"><\/i>                        <span class=\"mec-agenda-time\">\r\n                                                    <\/span>\r\n                        <span class=\"mec-agenda-event-title\">\r\n                            <a class=\"mec-color-hover\" data-event-id=\"1824\" href=\"https:\/\/www.esd-akademie.de\/de\/seminare\/3-esd-kombiseminar\/\" target=\"_self\" rel=\"noopener\">Kombiseminar: ESD-Fachkraft und ESD-Koordinator (03-KB)<\/a>                            <span class=\"event-color\" style=\"background: #afafaf\"><\/span>                                                                                                            <\/span>\r\n                                                                    <\/div>\r\n                                    <\/div>\r\n        <div class=\"clearfix\"><\/div>\r\n    <\/div>\r\n        <div class=\"mec-events-agenda mec-util-hidden\">\r\n\r\n        <div class=\"mec-agenda-date-wrap\" id=\"mec_yearly_view1984_20261111\">\r\n            <i class=\"mec-sl-calendar\"><\/i>            <span class=\"mec-agenda-day\">Mittwoch<\/span>\r\n            <span class=\"mec-agenda-date\">November 11<\/span>\r\n        <\/div>\r\n\r\n        <div class=\"mec-agenda-events-wrap\">\r\n                                                <div class=\"mec-past-event mec-agenda-event \">\r\n                        <i class=\"mec-sl-clock\"><\/i>                        <span class=\"mec-agenda-time\">\r\n                                                    <\/span>\r\n                        <span class=\"mec-agenda-event-title\">\r\n                            <a class=\"mec-color-hover\" data-event-id=\"1809\" href=\"https:\/\/www.esd-akademie.de\/de\/seminare\/1-esd-fachkraft-grundlagen\/\" target=\"_self\" rel=\"noopener\">ESD-Fachkraft\/Grundlagen (01-FK)<\/a>                            <span class=\"event-color\" style=\"background: #afafaf\"><\/span>                                                                                                            <\/span>\r\n                                                                    <\/div>\r\n                                                                <div class=\"mec-past-event mec-agenda-event \">\r\n                        <i class=\"mec-sl-clock\"><\/i>                        <span class=\"mec-agenda-time\">\r\n                                                    <\/span>\r\n                        <span class=\"mec-agenda-event-title\">\r\n                            <a class=\"mec-color-hover\" data-event-id=\"1824\" href=\"https:\/\/www.esd-akademie.de\/de\/seminare\/3-esd-kombiseminar\/\" target=\"_self\" rel=\"noopener\">Kombiseminar: ESD-Fachkraft und ESD-Koordinator (03-KB)<\/a>                            <span class=\"event-color\" style=\"background: #afafaf\"><\/span>                                                                                                            <\/span>\r\n                                                                    <\/div>\r\n                                    <\/div>\r\n        <div class=\"clearfix\"><\/div>\r\n    <\/div>\r\n        <div class=\"mec-events-agenda mec-util-hidden\">\r\n\r\n        <div class=\"mec-agenda-date-wrap\" id=\"mec_yearly_view1984_20261112\">\r\n            <i class=\"mec-sl-calendar\"><\/i>            <span class=\"mec-agenda-day\">Donnerstag<\/span>\r\n            <span class=\"mec-agenda-date\">November 12<\/span>\r\n        <\/div>\r\n\r\n        <div class=\"mec-agenda-events-wrap\">\r\n                                                <div class=\"mec-past-event mec-agenda-event \">\r\n                        <i class=\"mec-sl-clock\"><\/i>                        <span class=\"mec-agenda-time\">\r\n                                                    <\/span>\r\n                        <span class=\"mec-agenda-event-title\">\r\n                            <a class=\"mec-color-hover\" data-event-id=\"1817\" href=\"https:\/\/www.esd-akademie.de\/de\/seminare\/esd-koordinator\/\" target=\"_self\" rel=\"noopener\">ESD-Koordinator (02-KO)<\/a>                            <span class=\"event-color\" style=\"background: #afafaf\"><\/span>                                                                                                            <\/span>\r\n                                                                    <\/div>\r\n                                                                <div class=\"mec-past-event mec-agenda-event \">\r\n                        <i class=\"mec-sl-clock\"><\/i>                        <span class=\"mec-agenda-time\">\r\n                                                    <\/span>\r\n                        <span class=\"mec-agenda-event-title\">\r\n                            <a class=\"mec-color-hover\" data-event-id=\"1824\" href=\"https:\/\/www.esd-akademie.de\/de\/seminare\/3-esd-kombiseminar\/\" target=\"_self\" rel=\"noopener\">Kombiseminar: ESD-Fachkraft und ESD-Koordinator (03-KB)<\/a>                            <span class=\"event-color\" style=\"background: #afafaf\"><\/span>                                                                                                            <\/span>\r\n                                                                    <\/div>\r\n                                    <\/div>\r\n        <div class=\"clearfix\"><\/div>\r\n    <\/div>\r\n        <div class=\"mec-events-agenda mec-util-hidden\">\r\n\r\n        <div class=\"mec-agenda-date-wrap\" id=\"mec_yearly_view1984_20261113\">\r\n            <i class=\"mec-sl-calendar\"><\/i>            <span class=\"mec-agenda-day\">Freitag<\/span>\r\n            <span class=\"mec-agenda-date\">November 13<\/span>\r\n        <\/div>\r\n\r\n        <div class=\"mec-agenda-events-wrap\">\r\n                                                <div class=\"mec-past-event mec-agenda-event \">\r\n                        <i class=\"mec-sl-clock\"><\/i>                        <span class=\"mec-agenda-time\">\r\n                                                    <\/span>\r\n                        <span class=\"mec-agenda-event-title\">\r\n                            <a class=\"mec-color-hover\" data-event-id=\"1817\" href=\"https:\/\/www.esd-akademie.de\/de\/seminare\/esd-koordinator\/\" target=\"_self\" rel=\"noopener\">ESD-Koordinator (02-KO)<\/a>                            <span class=\"event-color\" style=\"background: #afafaf\"><\/span>                                                                                                            <\/span>\r\n                                                                    <\/div>\r\n                                                                <div class=\"mec-past-event mec-agenda-event \">\r\n                        <i class=\"mec-sl-clock\"><\/i>                        <span class=\"mec-agenda-time\">\r\n                                                    <\/span>\r\n                        <span class=\"mec-agenda-event-title\">\r\n                            <a class=\"mec-color-hover\" data-event-id=\"1824\" href=\"https:\/\/www.esd-akademie.de\/de\/seminare\/3-esd-kombiseminar\/\" target=\"_self\" rel=\"noopener\">Kombiseminar: ESD-Fachkraft und ESD-Koordinator (03-KB)<\/a>                            <span class=\"event-color\" style=\"background: #afafaf\"><\/span>                                                                                                            <\/span>\r\n                                                                    <\/div>\r\n                                    <\/div>\r\n        <div class=\"clearfix\"><\/div>\r\n    <\/div>\r\n        <div class=\"mec-events-agenda mec-util-hidden\">\r\n\r\n        <div class=\"mec-agenda-date-wrap\" id=\"mec_yearly_view1984_20261124\">\r\n            <i class=\"mec-sl-calendar\"><\/i>            <span class=\"mec-agenda-day\">Dienstag<\/span>\r\n            <span class=\"mec-agenda-date\">November 24<\/span>\r\n        <\/div>\r\n\r\n        <div class=\"mec-agenda-events-wrap\">\r\n                                                <div class=\"mec-past-event mec-agenda-event \">\r\n                        <i class=\"mec-sl-clock\"><\/i>                        <span class=\"mec-agenda-time\">\r\n                                                    <\/span>\r\n                        <span class=\"mec-agenda-event-title\">\r\n                            <a class=\"mec-color-hover\" data-event-id=\"1839\" href=\"https:\/\/www.esd-akademie.de\/de\/seminare\/5-esd-auffrischungsseminar\/\" target=\"_self\" rel=\"noopener\">Auffrischungsseminar f\u00fcr ESD-Fachkr\u00e4fte, Koordinatoren und Auditoren (05-AF)<\/a>                            <span class=\"event-color\" style=\"background: #afafaf\"><\/span>                                                                                                            <\/span>\r\n                                                                    <\/div>\r\n                                    <\/div>\r\n        <div class=\"clearfix\"><\/div>\r\n    <\/div>\r\n        <div class=\"mec-events-agenda mec-util-hidden\">\r\n\r\n        <div class=\"mec-agenda-date-wrap\" id=\"mec_yearly_view1984_20261125\">\r\n            <i class=\"mec-sl-calendar\"><\/i>            <span class=\"mec-agenda-day\">Mittwoch<\/span>\r\n            <span class=\"mec-agenda-date\">November 25<\/span>\r\n        <\/div>\r\n\r\n        <div class=\"mec-agenda-events-wrap\">\r\n                                                <div class=\"mec-past-event mec-agenda-event \">\r\n                        <i class=\"mec-sl-clock\"><\/i>                        <span class=\"mec-agenda-time\">\r\n                                                    <\/span>\r\n                        <span class=\"mec-agenda-event-title\">\r\n                            <a class=\"mec-color-hover\" data-event-id=\"1843\" href=\"https:\/\/www.esd-akademie.de\/de\/seminare\/7-esd-sichere-verpackung-und-lagerung\/\" target=\"_self\" rel=\"noopener\">ESD-sichere Verpackung und Lagerung (07-VL)<\/a>                            <span class=\"event-color\" style=\"background: #afafaf\"><\/span>                                                                                                            <\/span>\r\n                                                                    <\/div>\r\n                                    <\/div>\r\n        <div class=\"clearfix\"><\/div>\r\n    <\/div>\r\n        <div class=\"mec-events-agenda mec-util-hidden\">\r\n\r\n        <div class=\"mec-agenda-date-wrap\" id=\"mec_yearly_view1984_20261126\">\r\n            <i class=\"mec-sl-calendar\"><\/i>            <span class=\"mec-agenda-day\">Donnerstag<\/span>\r\n            <span class=\"mec-agenda-date\">November 26<\/span>\r\n        <\/div>\r\n\r\n        <div class=\"mec-agenda-events-wrap\">\r\n                                                <div class=\"mec-agenda-event \">\r\n                        <i class=\"mec-sl-clock\"><\/i>                        <span class=\"mec-agenda-time\">\r\n                                                    <\/span>\r\n                        <span class=\"mec-agenda-event-title\">\r\n                            <a class=\"mec-color-hover\" data-event-id=\"1952\" href=\"https:\/\/www.esd-akademie.de\/de\/seminare\/6-esd-audits-und-messtechnik\/\" target=\"_self\" rel=\"noopener\">ESD-Messtechnik (06-MT)<\/a>                            <span class=\"event-color\" style=\"background: #afafaf\"><\/span>                                                                                                            <\/span>\r\n                                                                    <\/div>\r\n                                    <\/div>\r\n        <div class=\"clearfix\"><\/div>\r\n    <\/div>\r\n        <div class=\"mec-events-agenda mec-util-hidden\">\r\n\r\n        <div class=\"mec-agenda-date-wrap\" id=\"mec_yearly_view1984_20261208\">\r\n            <i class=\"mec-sl-calendar\"><\/i>            <span class=\"mec-agenda-day\">Dienstag<\/span>\r\n            <span class=\"mec-agenda-date\">Dezember 8<\/span>\r\n        <\/div>\r\n\r\n        <div class=\"mec-agenda-events-wrap\">\r\n                                                <div class=\"mec-past-event mec-agenda-event \">\r\n                        <i class=\"mec-sl-clock\"><\/i>                        <span class=\"mec-agenda-time\">\r\n                                                    <\/span>\r\n                        <span class=\"mec-agenda-event-title\">\r\n                            <a class=\"mec-color-hover\" data-event-id=\"1809\" href=\"https:\/\/www.esd-akademie.de\/de\/seminare\/1-esd-fachkraft-grundlagen\/\" target=\"_self\" rel=\"noopener\">ESD-Fachkraft\/Grundlagen (01-FK)<\/a>                            <span class=\"event-color\" style=\"background: #afafaf\"><\/span>                                                                                                            <\/span>\r\n                                                                    <\/div>\r\n                                                                <div class=\"mec-past-event mec-agenda-event \">\r\n                        <i class=\"mec-sl-clock\"><\/i>                        <span class=\"mec-agenda-time\">\r\n                                                    <\/span>\r\n                        <span class=\"mec-agenda-event-title\">\r\n                            <a class=\"mec-color-hover\" data-event-id=\"1824\" href=\"https:\/\/www.esd-akademie.de\/de\/seminare\/3-esd-kombiseminar\/\" target=\"_self\" rel=\"noopener\">Kombiseminar: ESD-Fachkraft und ESD-Koordinator (03-KB)<\/a>                            <span class=\"event-color\" style=\"background: #afafaf\"><\/span>                                                                                                            <\/span>\r\n                                                                    <\/div>\r\n                                    <\/div>\r\n        <div class=\"clearfix\"><\/div>\r\n    <\/div>\r\n        <div class=\"mec-events-agenda mec-util-hidden\">\r\n\r\n        <div class=\"mec-agenda-date-wrap\" id=\"mec_yearly_view1984_20261209\">\r\n            <i class=\"mec-sl-calendar\"><\/i>            <span class=\"mec-agenda-day\">Mittwoch<\/span>\r\n            <span class=\"mec-agenda-date\">Dezember 9<\/span>\r\n        <\/div>\r\n\r\n        <div class=\"mec-agenda-events-wrap\">\r\n                                                <div class=\"mec-past-event mec-agenda-event \">\r\n                        <i class=\"mec-sl-clock\"><\/i>                        <span class=\"mec-agenda-time\">\r\n                                                    <\/span>\r\n                        <span class=\"mec-agenda-event-title\">\r\n                            <a class=\"mec-color-hover\" data-event-id=\"1809\" href=\"https:\/\/www.esd-akademie.de\/de\/seminare\/1-esd-fachkraft-grundlagen\/\" target=\"_self\" rel=\"noopener\">ESD-Fachkraft\/Grundlagen (01-FK)<\/a>                            <span class=\"event-color\" style=\"background: #afafaf\"><\/span>                                                                                                            <\/span>\r\n                                                                    <\/div>\r\n                                                                <div class=\"mec-past-event mec-agenda-event \">\r\n                        <i class=\"mec-sl-clock\"><\/i>                        <span class=\"mec-agenda-time\">\r\n                                                    <\/span>\r\n                        <span class=\"mec-agenda-event-title\">\r\n                            <a class=\"mec-color-hover\" data-event-id=\"1824\" href=\"https:\/\/www.esd-akademie.de\/de\/seminare\/3-esd-kombiseminar\/\" target=\"_self\" rel=\"noopener\">Kombiseminar: ESD-Fachkraft und ESD-Koordinator (03-KB)<\/a>                            <span class=\"event-color\" style=\"background: #afafaf\"><\/span>                                                                                                            <\/span>\r\n                                                                    <\/div>\r\n                                    <\/div>\r\n        <div class=\"clearfix\"><\/div>\r\n    <\/div>\r\n        <div class=\"mec-events-agenda mec-util-hidden\">\r\n\r\n        <div class=\"mec-agenda-date-wrap\" id=\"mec_yearly_view1984_20261210\">\r\n            <i class=\"mec-sl-calendar\"><\/i>            <span class=\"mec-agenda-day\">Donnerstag<\/span>\r\n            <span class=\"mec-agenda-date\">Dezember 10<\/span>\r\n        <\/div>\r\n\r\n        <div class=\"mec-agenda-events-wrap\">\r\n                                                <div class=\"mec-past-event mec-agenda-event \">\r\n                        <i class=\"mec-sl-clock\"><\/i>                        <span class=\"mec-agenda-time\">\r\n                                                    <\/span>\r\n                        <span class=\"mec-agenda-event-title\">\r\n                            <a class=\"mec-color-hover\" data-event-id=\"1817\" href=\"https:\/\/www.esd-akademie.de\/de\/seminare\/esd-koordinator\/\" target=\"_self\" rel=\"noopener\">ESD-Koordinator (02-KO)<\/a>                            <span class=\"event-color\" style=\"background: #afafaf\"><\/span>                                                                                                            <\/span>\r\n                                                                    <\/div>\r\n                                                                <div class=\"mec-past-event mec-agenda-event \">\r\n                        <i class=\"mec-sl-clock\"><\/i>                        <span class=\"mec-agenda-time\">\r\n                                                    <\/span>\r\n                        <span class=\"mec-agenda-event-title\">\r\n                            <a class=\"mec-color-hover\" data-event-id=\"1824\" href=\"https:\/\/www.esd-akademie.de\/de\/seminare\/3-esd-kombiseminar\/\" target=\"_self\" rel=\"noopener\">Kombiseminar: ESD-Fachkraft und ESD-Koordinator (03-KB)<\/a>                            <span class=\"event-color\" style=\"background: #afafaf\"><\/span>                                                                                                            <\/span>\r\n                                                                    <\/div>\r\n                                    <\/div>\r\n        <div class=\"clearfix\"><\/div>\r\n    <\/div>\r\n        <div class=\"mec-events-agenda mec-util-hidden\">\r\n\r\n        <div class=\"mec-agenda-date-wrap\" id=\"mec_yearly_view1984_20261211\">\r\n            <i class=\"mec-sl-calendar\"><\/i>            <span class=\"mec-agenda-day\">Freitag<\/span>\r\n            <span class=\"mec-agenda-date\">Dezember 11<\/span>\r\n        <\/div>\r\n\r\n        <div class=\"mec-agenda-events-wrap\">\r\n                                                <div class=\"mec-past-event mec-agenda-event \">\r\n                        <i class=\"mec-sl-clock\"><\/i>                        <span class=\"mec-agenda-time\">\r\n                                                    <\/span>\r\n                        <span class=\"mec-agenda-event-title\">\r\n                            <a class=\"mec-color-hover\" data-event-id=\"1817\" href=\"https:\/\/www.esd-akademie.de\/de\/seminare\/esd-koordinator\/\" target=\"_self\" rel=\"noopener\">ESD-Koordinator (02-KO)<\/a>                            <span class=\"event-color\" style=\"background: #afafaf\"><\/span>                                                                                                            <\/span>\r\n                                                                    <\/div>\r\n                                                                <div class=\"mec-past-event mec-agenda-event \">\r\n                        <i class=\"mec-sl-clock\"><\/i>                        <span class=\"mec-agenda-time\">\r\n                                                    <\/span>\r\n                        <span class=\"mec-agenda-event-title\">\r\n                            <a class=\"mec-color-hover\" data-event-id=\"1824\" href=\"https:\/\/www.esd-akademie.de\/de\/seminare\/3-esd-kombiseminar\/\" target=\"_self\" rel=\"noopener\">Kombiseminar: ESD-Fachkraft und ESD-Koordinator (03-KB)<\/a>                            <span class=\"event-color\" style=\"background: #afafaf\"><\/span>                                                                                                            <\/span>\r\n                                                                    <\/div>\r\n                                    <\/div>\r\n        <div class=\"clearfix\"><\/div>\r\n    <\/div>\r\n        <span class=\"mec-yearly-max\" data-count=\"66\"><\/span>\r\n\r\n        <div class=\"mec-load-more-wrap\"><div tabindex=\"0\" onkeydown=\"if(event.keyCode==13){jQuery(this).trigger('click');}\" class=\"mec-load-more-button\">Weitere laden<\/div><\/div>\r\n    <\/div>\r\n            <\/div>\r\n        <\/div>\r\n        <div class=\"clearfix\"><\/div>\r\n\r\n    <\/div>\r\n\r\n        \r\n<\/div>    <\/div>\r\n\r\n    <\/div>\r\n<\/div>\n\t\t\t\t\t\t<\/div>\n\t\t\t\t<\/div>\n\t\t\t\t\t<\/div>\n\t\t<\/div>\n\t\t\t\t\t<\/div>\n\t\t<\/section>\n\t\t\t\t<\/div>\n\t\t","protected":false},"excerpt":{"rendered":"<p>ESD-Seminartermine<\/p>\n","protected":false},"author":1,"featured_media":0,"parent":144,"menu_order":14,"comment_status":"closed","ping_status":"closed","template":"","meta":{"footnotes":""},"class_list":["post-584","page","type-page","status-publish","hentry"],"yoast_head":"<!-- This site is optimized with the Yoast SEO plugin v27.5 - https:\/\/yoast.com\/product\/yoast-seo-wordpress\/ -->\n<title>Termine im Jahres\u00fcberblick - www.esd-akademie.de<\/title>\n<meta name=\"description\" content=\"\u00dcbersicht der ESD-Seminartermine im Jahres\u00fcberblick. Qualifizieren Sie sich im Elektrostatik-Schutz. Erfahren Sie mehr \u00fcber unsere Seminartermine.\" \/>\n<meta name=\"robots\" content=\"index, follow, max-snippet:-1, max-image-preview:large, max-video-preview:-1\" \/>\n<link rel=\"canonical\" href=\"https:\/\/www.esd-akademie.de\/de\/seminare\/termine-im-jahresueberblick\/\" \/>\n<meta property=\"og:locale\" content=\"de_DE\" \/>\n<meta property=\"og:type\" content=\"article\" \/>\n<meta property=\"og:title\" content=\"Termine im Jahres\u00fcberblick - www.esd-akademie.de\" \/>\n<meta property=\"og:description\" content=\"\u00dcbersicht der ESD-Seminartermine im Jahres\u00fcberblick. Qualifizieren Sie sich im Elektrostatik-Schutz. Erfahren Sie mehr \u00fcber unsere Seminartermine.\" \/>\n<meta property=\"og:url\" content=\"https:\/\/www.esd-akademie.de\/de\/seminare\/termine-im-jahresueberblick\/\" \/>\n<meta property=\"og:site_name\" content=\"www.esd-akademie.de\" \/>\n<meta property=\"article:publisher\" content=\"https:\/\/www.facebook.com\/profile.php?id=100064158392962\" \/>\n<meta property=\"article:modified_time\" content=\"2023-08-14T07:35:58+00:00\" \/>\n<meta name=\"twitter:card\" content=\"summary_large_image\" \/>\n<meta name=\"twitter:label1\" content=\"Gesch\u00e4tzte Lesezeit\" \/>\n\t<meta name=\"twitter:data1\" content=\"1\u00a0Minute\" \/>\n<script type=\"application\/ld+json\" class=\"yoast-schema-graph\">{\"@context\":\"https:\\\/\\\/schema.org\",\"@graph\":[{\"@type\":\"WebPage\",\"@id\":\"https:\\\/\\\/www.esd-akademie.de\\\/de\\\/seminare\\\/termine-im-jahresueberblick\\\/\",\"url\":\"https:\\\/\\\/www.esd-akademie.de\\\/de\\\/seminare\\\/termine-im-jahresueberblick\\\/\",\"name\":\"Termine im Jahres\u00fcberblick - www.esd-akademie.de\",\"isPartOf\":{\"@id\":\"https:\\\/\\\/www.esd-akademie.de\\\/de\\\/#website\"},\"datePublished\":\"2023-01-19T12:15:14+00:00\",\"dateModified\":\"2023-08-14T07:35:58+00:00\",\"description\":\"\u00dcbersicht der ESD-Seminartermine im Jahres\u00fcberblick. Qualifizieren Sie sich im Elektrostatik-Schutz. Erfahren Sie mehr \u00fcber unsere Seminartermine.\",\"breadcrumb\":{\"@id\":\"https:\\\/\\\/www.esd-akademie.de\\\/de\\\/seminare\\\/termine-im-jahresueberblick\\\/#breadcrumb\"},\"inLanguage\":\"de\",\"potentialAction\":[{\"@type\":\"ReadAction\",\"target\":[\"https:\\\/\\\/www.esd-akademie.de\\\/de\\\/seminare\\\/termine-im-jahresueberblick\\\/\"]}]},{\"@type\":\"BreadcrumbList\",\"@id\":\"https:\\\/\\\/www.esd-akademie.de\\\/de\\\/seminare\\\/termine-im-jahresueberblick\\\/#breadcrumb\",\"itemListElement\":[{\"@type\":\"ListItem\",\"position\":1,\"name\":\"Startseite\",\"item\":\"https:\\\/\\\/www.esd-akademie.de\\\/de\\\/\"},{\"@type\":\"ListItem\",\"position\":2,\"name\":\"Seminare\",\"item\":\"https:\\\/\\\/www.esd-akademie.de\\\/de\\\/seminare\\\/\"},{\"@type\":\"ListItem\",\"position\":3,\"name\":\"Termine im Jahres\u00fcberblick\"}]},{\"@type\":\"WebSite\",\"@id\":\"https:\\\/\\\/www.esd-akademie.de\\\/de\\\/#website\",\"url\":\"https:\\\/\\\/www.esd-akademie.de\\\/de\\\/\",\"name\":\"www.esd-akademie.de\",\"description\":\"\",\"publisher\":{\"@id\":\"https:\\\/\\\/www.esd-akademie.de\\\/de\\\/#organization\"},\"potentialAction\":[{\"@type\":\"SearchAction\",\"target\":{\"@type\":\"EntryPoint\",\"urlTemplate\":\"https:\\\/\\\/www.esd-akademie.de\\\/de\\\/?s={search_term_string}\"},\"query-input\":{\"@type\":\"PropertyValueSpecification\",\"valueRequired\":true,\"valueName\":\"search_term_string\"}}],\"inLanguage\":\"de\"},{\"@type\":\"Organization\",\"@id\":\"https:\\\/\\\/www.esd-akademie.de\\\/de\\\/#organization\",\"name\":\"ESD-Akademie GmbH\",\"url\":\"https:\\\/\\\/www.esd-akademie.de\\\/de\\\/\",\"logo\":{\"@type\":\"ImageObject\",\"inLanguage\":\"de\",\"@id\":\"https:\\\/\\\/www.esd-akademie.de\\\/de\\\/#\\\/schema\\\/logo\\\/image\\\/\",\"url\":\"https:\\\/\\\/www.esd-akademie.de\\\/wp-content\\\/uploads\\\/2023\\\/01\\\/logo-akademie.png\",\"contentUrl\":\"https:\\\/\\\/www.esd-akademie.de\\\/wp-content\\\/uploads\\\/2023\\\/01\\\/logo-akademie.png\",\"width\":966,\"height\":275,\"caption\":\"ESD-Akademie GmbH\"},\"image\":{\"@id\":\"https:\\\/\\\/www.esd-akademie.de\\\/de\\\/#\\\/schema\\\/logo\\\/image\\\/\"},\"sameAs\":[\"https:\\\/\\\/www.facebook.com\\\/profile.php?id=100064158392962\"]}]}<\/script>\n<!-- \/ Yoast SEO plugin. -->","yoast_head_json":{"title":"Termine im Jahres\u00fcberblick - www.esd-akademie.de","description":"\u00dcbersicht der ESD-Seminartermine im Jahres\u00fcberblick. Qualifizieren Sie sich im Elektrostatik-Schutz. Erfahren Sie mehr \u00fcber unsere Seminartermine.","robots":{"index":"index","follow":"follow","max-snippet":"max-snippet:-1","max-image-preview":"max-image-preview:large","max-video-preview":"max-video-preview:-1"},"canonical":"https:\/\/www.esd-akademie.de\/de\/seminare\/termine-im-jahresueberblick\/","og_locale":"de_DE","og_type":"article","og_title":"Termine im Jahres\u00fcberblick - www.esd-akademie.de","og_description":"\u00dcbersicht der ESD-Seminartermine im Jahres\u00fcberblick. Qualifizieren Sie sich im Elektrostatik-Schutz. Erfahren Sie mehr \u00fcber unsere Seminartermine.","og_url":"https:\/\/www.esd-akademie.de\/de\/seminare\/termine-im-jahresueberblick\/","og_site_name":"www.esd-akademie.de","article_publisher":"https:\/\/www.facebook.com\/profile.php?id=100064158392962","article_modified_time":"2023-08-14T07:35:58+00:00","twitter_card":"summary_large_image","twitter_misc":{"Gesch\u00e4tzte Lesezeit":"1\u00a0Minute"},"schema":{"@context":"https:\/\/schema.org","@graph":[{"@type":"WebPage","@id":"https:\/\/www.esd-akademie.de\/de\/seminare\/termine-im-jahresueberblick\/","url":"https:\/\/www.esd-akademie.de\/de\/seminare\/termine-im-jahresueberblick\/","name":"Termine im Jahres\u00fcberblick - www.esd-akademie.de","isPartOf":{"@id":"https:\/\/www.esd-akademie.de\/de\/#website"},"datePublished":"2023-01-19T12:15:14+00:00","dateModified":"2023-08-14T07:35:58+00:00","description":"\u00dcbersicht der ESD-Seminartermine im Jahres\u00fcberblick. Qualifizieren Sie sich im Elektrostatik-Schutz. Erfahren Sie mehr \u00fcber unsere Seminartermine.","breadcrumb":{"@id":"https:\/\/www.esd-akademie.de\/de\/seminare\/termine-im-jahresueberblick\/#breadcrumb"},"inLanguage":"de","potentialAction":[{"@type":"ReadAction","target":["https:\/\/www.esd-akademie.de\/de\/seminare\/termine-im-jahresueberblick\/"]}]},{"@type":"BreadcrumbList","@id":"https:\/\/www.esd-akademie.de\/de\/seminare\/termine-im-jahresueberblick\/#breadcrumb","itemListElement":[{"@type":"ListItem","position":1,"name":"Startseite","item":"https:\/\/www.esd-akademie.de\/de\/"},{"@type":"ListItem","position":2,"name":"Seminare","item":"https:\/\/www.esd-akademie.de\/de\/seminare\/"},{"@type":"ListItem","position":3,"name":"Termine im Jahres\u00fcberblick"}]},{"@type":"WebSite","@id":"https:\/\/www.esd-akademie.de\/de\/#website","url":"https:\/\/www.esd-akademie.de\/de\/","name":"www.esd-akademie.de","description":"","publisher":{"@id":"https:\/\/www.esd-akademie.de\/de\/#organization"},"potentialAction":[{"@type":"SearchAction","target":{"@type":"EntryPoint","urlTemplate":"https:\/\/www.esd-akademie.de\/de\/?s={search_term_string}"},"query-input":{"@type":"PropertyValueSpecification","valueRequired":true,"valueName":"search_term_string"}}],"inLanguage":"de"},{"@type":"Organization","@id":"https:\/\/www.esd-akademie.de\/de\/#organization","name":"ESD-Akademie GmbH","url":"https:\/\/www.esd-akademie.de\/de\/","logo":{"@type":"ImageObject","inLanguage":"de","@id":"https:\/\/www.esd-akademie.de\/de\/#\/schema\/logo\/image\/","url":"https:\/\/www.esd-akademie.de\/wp-content\/uploads\/2023\/01\/logo-akademie.png","contentUrl":"https:\/\/www.esd-akademie.de\/wp-content\/uploads\/2023\/01\/logo-akademie.png","width":966,"height":275,"caption":"ESD-Akademie GmbH"},"image":{"@id":"https:\/\/www.esd-akademie.de\/de\/#\/schema\/logo\/image\/"},"sameAs":["https:\/\/www.facebook.com\/profile.php?id=100064158392962"]}]}},"_links":{"self":[{"href":"https:\/\/www.esd-akademie.de\/de\/wp-json\/wp\/v2\/pages\/584","targetHints":{"allow":["GET"]}}],"collection":[{"href":"https:\/\/www.esd-akademie.de\/de\/wp-json\/wp\/v2\/pages"}],"about":[{"href":"https:\/\/www.esd-akademie.de\/de\/wp-json\/wp\/v2\/types\/page"}],"author":[{"embeddable":true,"href":"https:\/\/www.esd-akademie.de\/de\/wp-json\/wp\/v2\/users\/1"}],"replies":[{"embeddable":true,"href":"https:\/\/www.esd-akademie.de\/de\/wp-json\/wp\/v2\/comments?post=584"}],"version-history":[{"count":4,"href":"https:\/\/www.esd-akademie.de\/de\/wp-json\/wp\/v2\/pages\/584\/revisions"}],"predecessor-version":[{"id":2901,"href":"https:\/\/www.esd-akademie.de\/de\/wp-json\/wp\/v2\/pages\/584\/revisions\/2901"}],"up":[{"embeddable":true,"href":"https:\/\/www.esd-akademie.de\/de\/wp-json\/wp\/v2\/pages\/144"}],"wp:attachment":[{"href":"https:\/\/www.esd-akademie.de\/de\/wp-json\/wp\/v2\/media?parent=584"}],"curies":[{"name":"wp","href":"https:\/\/api.w.org\/{rel}","templated":true}]}}