{"id":403,"date":"2023-01-18T13:51:58","date_gmt":"2023-01-18T12:51:58","guid":{"rendered":"https:\/\/www.esd-akademie.de\/?page_id=403"},"modified":"2026-02-26T09:01:57","modified_gmt":"2026-02-26T08:01:57","slug":"3-esd-kombiseminar","status":"publish","type":"page","link":"https:\/\/www.esd-akademie.de\/de\/seminare\/3-esd-kombiseminar\/","title":{"rendered":"3 ESD-Kombiseminar"},"content":{"rendered":"\t\t<div data-elementor-type=\"wp-page\" data-elementor-id=\"403\" class=\"elementor elementor-403\" data-elementor-post-type=\"page\">\n\t\t\t\t\t\t<section class=\"elementor-section elementor-top-section elementor-element elementor-element-4a362119 elementor-section-stretched elementor-section-content-middle elementor-section-height-min-height elementor-section-boxed elementor-section-height-default elementor-section-items-middle\" data-id=\"4a362119\" data-element_type=\"section\" data-e-type=\"section\" data-settings=\"{&quot;stretch_section&quot;:&quot;section-stretched&quot;,&quot;background_background&quot;:&quot;classic&quot;}\">\n\t\t\t\t\t\t<div class=\"elementor-container elementor-column-gap-default\">\n\t\t\t\t\t<div class=\"elementor-column elementor-col-50 elementor-top-column elementor-element elementor-element-4ca9ccae\" data-id=\"4ca9ccae\" data-element_type=\"column\" data-e-type=\"column\">\n\t\t\t<div class=\"elementor-widget-wrap elementor-element-populated\">\n\t\t\t\t\t\t<section class=\"elementor-section elementor-inner-section elementor-element elementor-element-27532e70 elementor-section-boxed elementor-section-height-default elementor-section-height-default\" data-id=\"27532e70\" data-element_type=\"section\" data-e-type=\"section\">\n\t\t\t\t\t\t<div class=\"elementor-container elementor-column-gap-default\">\n\t\t\t\t\t<div class=\"elementor-column elementor-col-100 elementor-inner-column elementor-element elementor-element-30f178d7\" data-id=\"30f178d7\" data-element_type=\"column\" data-e-type=\"column\">\n\t\t\t<div class=\"elementor-widget-wrap elementor-element-populated\">\n\t\t\t\t\t\t<div class=\"elementor-element elementor-element-13efb7a8 elementor-widget__width-auto elementor-widget elementor-widget-heading\" data-id=\"13efb7a8\" data-element_type=\"widget\" data-e-type=\"widget\" data-widget_type=\"heading.default\">\n\t\t\t\t<div class=\"elementor-widget-container\">\n\t\t\t\t\t<h5 class=\"elementor-heading-title elementor-size-default\">ESD-Seminar<\/h5>\t\t\t\t<\/div>\n\t\t\t\t<\/div>\n\t\t\t\t<div class=\"elementor-element elementor-element-5f0c29e9 elementor-widget__width-auto elementor-widget elementor-widget-heading\" data-id=\"5f0c29e9\" data-element_type=\"widget\" data-e-type=\"widget\" data-widget_type=\"heading.default\">\n\t\t\t\t<div class=\"elementor-widget-container\">\n\t\t\t\t\t<h2 class=\"elementor-heading-title elementor-size-default\">ESD-Fachkraft\/Grundlagen<\/h2>\t\t\t\t<\/div>\n\t\t\t\t<\/div>\n\t\t\t\t<div class=\"elementor-element elementor-element-9b9899f elementor-widget__width-auto elementor-widget elementor-widget-heading\" data-id=\"9b9899f\" data-element_type=\"widget\" data-e-type=\"widget\" data-widget_type=\"heading.default\">\n\t\t\t\t<div class=\"elementor-widget-container\">\n\t\t\t\t\t<h2 class=\"elementor-heading-title elementor-size-default\">&amp; ESD-Koordinator<\/h2>\t\t\t\t<\/div>\n\t\t\t\t<\/div>\n\t\t\t\t<div class=\"elementor-element elementor-element-4de70b elementor-widget__width-auto elementor-widget elementor-widget-heading\" data-id=\"4de70b\" data-element_type=\"widget\" data-e-type=\"widget\" data-widget_type=\"heading.default\">\n\t\t\t\t<div class=\"elementor-widget-container\">\n\t\t\t\t\t<h5 class=\"elementor-heading-title elementor-size-default\">mit Pr\u00fcfung und Zertifikat<\/h5>\t\t\t\t<\/div>\n\t\t\t\t<\/div>\n\t\t\t\t\t<\/div>\n\t\t<\/div>\n\t\t\t\t\t<\/div>\n\t\t<\/section>\n\t\t\t\t\t<\/div>\n\t\t<\/div>\n\t\t\t\t<div class=\"elementor-column elementor-col-50 elementor-top-column elementor-element elementor-element-63231d6c\" data-id=\"63231d6c\" data-element_type=\"column\" data-e-type=\"column\">\n\t\t\t<div class=\"elementor-widget-wrap\">\n\t\t\t\t\t\t\t<\/div>\n\t\t<\/div>\n\t\t\t\t\t<\/div>\n\t\t<\/section>\n\t\t\t\t<section class=\"elementor-section elementor-top-section elementor-element elementor-element-2f61f93f elementor-section-boxed elementor-section-height-default elementor-section-height-default\" data-id=\"2f61f93f\" data-element_type=\"section\" data-e-type=\"section\">\n\t\t\t\t\t\t<div class=\"elementor-container elementor-column-gap-default\">\n\t\t\t\t\t<div class=\"elementor-column elementor-col-66 elementor-top-column elementor-element elementor-element-58d71177\" data-id=\"58d71177\" data-element_type=\"column\" data-e-type=\"column\">\n\t\t\t<div class=\"elementor-widget-wrap elementor-element-populated\">\n\t\t\t\t\t\t<div class=\"elementor-element elementor-element-6d282660 elementor-widget elementor-widget-text-editor\" data-id=\"6d282660\" data-element_type=\"widget\" data-e-type=\"widget\" data-widget_type=\"text-editor.default\">\n\t\t\t\t<div class=\"elementor-widget-container\">\n\t\t\t\t\t\t\t\t\t<p><strong>Kombiseminar<\/strong><\/p>\t\t\t\t\t\t\t\t<\/div>\n\t\t\t\t<\/div>\n\t\t\t\t<div class=\"elementor-element elementor-element-6f681d56 elementor-widget__width-auto elementor-widget elementor-widget-heading\" data-id=\"6f681d56\" data-element_type=\"widget\" data-e-type=\"widget\" data-widget_type=\"heading.default\">\n\t\t\t\t<div class=\"elementor-widget-container\">\n\t\t\t\t\t<h3 class=\"elementor-heading-title elementor-size-default\">ESD-Fachkraft\/Grundlagen &amp; ESD-Koordinator<\/h3>\t\t\t\t<\/div>\n\t\t\t\t<\/div>\n\t\t\t\t<div class=\"elementor-element elementor-element-32dfa443 elementor-widget__width-auto elementor-widget elementor-widget-heading\" data-id=\"32dfa443\" data-element_type=\"widget\" data-e-type=\"widget\" data-widget_type=\"heading.default\">\n\t\t\t\t<div class=\"elementor-widget-container\">\n\t\t\t\t\t<h4 class=\"elementor-heading-title elementor-size-default\"><div data-id=\"44744eb7\" data-element_type=\"widget\" data-widget_type=\"heading.default\" style=\"--flex-direction: initial;--flex-wrap: initial;--justify-content: initial;--align-items: initial;--align-content: initial;--gap: initial;--flex-basis: initial;--flex-grow: initial;--flex-shrink: initial;--order: initial;--align-self: initial;gap: var(--gap);--swiper-theme-color: #000;--swiper-navigation-size: 44px;--swiper-pagination-bullet-size: 6px;--swiper-pagination-bullet-horizontal-gap: 6px;--widgets-spacing: 20px 20px;width: auto\"><div style=\"margin: 0em;padding: 0em 1em\"><span>Seminar zur Qualifikation als ESD-Koordinator gem. IEC 61340-5<\/span><span style=\"font-size: 1.2rem\"><\/span><\/div><\/div><\/h4>\t\t\t\t<\/div>\n\t\t\t\t<\/div>\n\t\t\t\t<div class=\"elementor-element elementor-element-471657d3 elementor-widget-divider--view-line elementor-widget elementor-widget-divider\" data-id=\"471657d3\" data-element_type=\"widget\" data-e-type=\"widget\" data-widget_type=\"divider.default\">\n\t\t\t\t<div class=\"elementor-widget-container\">\n\t\t\t\t\t\t\t<div class=\"elementor-divider\">\n\t\t\t<span class=\"elementor-divider-separator\">\n\t\t\t\t\t\t<\/span>\n\t\t<\/div>\n\t\t\t\t\t\t<\/div>\n\t\t\t\t<\/div>\n\t\t\t\t<div class=\"elementor-element elementor-element-c516f5c elementor-widget elementor-widget-button\" data-id=\"c516f5c\" data-element_type=\"widget\" data-e-type=\"widget\" data-widget_type=\"button.default\">\n\t\t\t\t<div class=\"elementor-widget-container\">\n\t\t\t\t\t\t\t\t\t<div class=\"elementor-button-wrapper\">\n\t\t\t\t\t<a class=\"elementor-button elementor-button-link elementor-size-sm\" href=\"#termine03\">\n\t\t\t\t\t\t<span class=\"elementor-button-content-wrapper\">\n\t\t\t\t\t\t\t\t\t<span class=\"elementor-button-text\">Direkt zu den Terminen<\/span>\n\t\t\t\t\t<\/span>\n\t\t\t\t\t<\/a>\n\t\t\t\t<\/div>\n\t\t\t\t\t\t\t\t<\/div>\n\t\t\t\t<\/div>\n\t\t\t\t<div class=\"elementor-element elementor-element-f832f57 elementor-widget elementor-widget-text-editor\" data-id=\"f832f57\" data-element_type=\"widget\" data-e-type=\"widget\" data-widget_type=\"text-editor.default\">\n\t\t\t\t<div class=\"elementor-widget-container\">\n\t\t\t\t\t\t\t\t\t<p><strong>Grundlage ESD-Norm:<\/strong><br \/>IEC \/ DIN EN 61340-5-1<br \/><br \/><strong>Zielgruppe:<\/strong><br \/>Verantwortliche f\u00fcr den ESD-Schutz, Qualit\u00e4tsverantwortliche, ESD-Helfer, Abteilungsleiter, Produktionsleiter, Facharbeiter, Techniker, Ingenieure, Entwickler<br \/><br \/><strong>Erforderliche Vorkenntnisse:<\/strong><br \/>Nicht zwingend, Verst\u00e4ndnis f\u00fcr Prozess- und Fertigungsabl\u00e4ufe sind von Vorteil.<br \/><br \/><strong>Agenda ESD-Fachkraft\/Grundlagen:<\/strong><\/p><ul><li>Was ist ESD und was macht ESD so gef\u00e4hrlich f\u00fcr elektronische Komponenten?<\/li><li>Argumente f\u00fcr einen normgerechten ESD-Schutz\/Risiken bei Nichtbeachtung<\/li><li>Wie entsteht ESD und von welchen Faktoren ist ESD abh\u00e4ngig?<\/li><li>Elektrisch leitf\u00e4hige, ableitf\u00e4hige und isolierende Materialien<\/li><li>Elektrostatische Induktion<\/li><li>Unterschiedliche Sch\u00e4digungsarten sensitiver Bauteile durch EOS und ESD<\/li><li>Empfindlichkeit der Bauteile (HBM, CDM, MM)<\/li><li>Prozesskettenbetrachtung u. Risikoermittlung<\/li><li>Praktische Versuche und Vorf\u00fchrungen<\/li><li>Mindestanforderungen an normgerechten ESD-Schutz<\/li><li>Wichtige Regeln zum ESD-Schutz<\/li><li>ESD-Schutzzonen (EPA): Definition, Einrichtung und Konfiguration<\/li><li>ESD-gerechte Bodenfl\u00e4chen: Arten, Aufbau, Betrieb und Pflege ESD-gerechte Arbeitspl\u00e4tze<\/li><li>Pers\u00f6nliche ESD-Schutzausr\u00fcstung: M\u00f6glichkeiten, t\u00e4gliche Anwendung und \u00dcberpr\u00fcfung<\/li><li>ESD-gerechte Verpackung, Lagerung u. Transport el. Komponenten<\/li><li>Normgerechte Kennzeichen\/Symbole<\/li><li>Ionisation und praktische Anwendung von Ionisatoren<\/li><li>Aspekte f\u00fcr den Personenschutz<\/li><li>Kurzer \u00dcberblick wichtiger Regeln und ESD-Normen<\/li><li>Praktische Versuche\/Vorf\u00fchrungen<\/li><\/ul><p><strong>Agenda ESD-Koordinator:<\/strong><\/p><ul><li><strong>Normen &amp; Regularien<\/strong><\/li><li>Aufbau und Geltungsbereiche der IEC 61340, Teil 5-1 und Teil 5-2<\/li><li>\u00dcbersicht und Erl\u00e4uterung wichtiger ESD-Normen<\/li><li>Beschaffung und Revisionspflege von Normen (Normenkataster)<\/li><li>Zusammenh\u00e4nge zwischen Qualit\u00e4tsmanagement und ESD-Schutz<\/li><li>ESD-Koordinator: Voraussetzungen, Anforderungen, Befugnisse, Positionierung<\/li><li>Anpassungsklausel: Hintergrund, Anwendungsf\u00e4lle<\/li><li>ESD-Kontrollprogramm: Administrative und technische Anforderungen<\/li><li>Aspekte f\u00fcr den Personenschutz<\/li><li>Grenzwerte f\u00fcr Personenerdung und ESD-Kontrollelemente nach Norm<\/li><li>Kennzeichnungen und Symbole<\/li><li>Integration eines ESD-Kontrollprogramms in ein bestehendes QM-System<\/li><li>Vorgehensweise beim Aufbau und Implementierung eines ESD-Managementsystems<\/li><li><strong>ESD-Messtechnik-Grundlagen &amp; Ger\u00e4te<\/strong><\/li><li>Messger\u00e4te zur Widerstandsmessung<\/li><li>Arten und Prinzipien von ESD-Widerstandsmessungen<\/li><li>Messelektroden, Messger\u00e4te zur Messung von elektrostatischen Aufladungen und Feldern<\/li><li>Arten und Prinzipien zur Messung elektrostatischer Aufladungen und Felder<\/li><li>Aufzeichnung von EFM-Messungen; Walking-Test<\/li><li>Aspekte zur Messmittelverwaltung u. Kalibrierung<\/li><li>Praktische Versuche und Vorf\u00fchrungen<\/li><li><strong>ESD-Messtechnik \u2013 Durchf\u00fchrung normgerechter Messungen von ESD-Kontrollelementen<\/strong><\/li><li>Gebr\u00e4uchliche Widerstandswerte und Abk\u00fcrzungen<\/li><li>Kennzeichnung \u00fcberpr\u00fcfter ESD-Kontrollelemente<\/li><li>Praktische Durchf\u00fchrung normgerechter Messung von ESD-Kontrollelementen.<\/li><li><strong>Verifizierung der Einhaltung: Kurze Einf\u00fchrung in das Thema ESD-Audit<\/strong><\/li><li>Grunds\u00e4tzliche Verhaltensvorgaben f\u00fcr Auditoren<\/li><li>Planung, Durchf\u00fchrung, Dokumentation<\/li><li>Umgang mit Ma\u00dfnahmen und Potentialen<\/li><li>Nachaudit<\/li><li>Audit-Checkliste f\u00fcr ESD-Audits<\/li><\/ul>\t\t\t\t\t\t\t\t<\/div>\n\t\t\t\t<\/div>\n\t\t\t\t<div class=\"elementor-element elementor-element-4f9164a0 elementor-widget-divider--view-line elementor-widget elementor-widget-divider\" data-id=\"4f9164a0\" data-element_type=\"widget\" data-e-type=\"widget\" data-widget_type=\"divider.default\">\n\t\t\t\t<div class=\"elementor-widget-container\">\n\t\t\t\t\t\t\t<div class=\"elementor-divider\">\n\t\t\t<span class=\"elementor-divider-separator\">\n\t\t\t\t\t\t<\/span>\n\t\t<\/div>\n\t\t\t\t\t\t<\/div>\n\t\t\t\t<\/div>\n\t\t\t\t<div class=\"elementor-element elementor-element-630af4bc elementor-widget__width-auto elementor-widget elementor-widget-heading\" data-id=\"630af4bc\" data-element_type=\"widget\" data-e-type=\"widget\" data-widget_type=\"heading.default\">\n\t\t\t\t<div class=\"elementor-widget-container\">\n\t\t\t\t\t<h3 class=\"elementor-heading-title elementor-size-default\">Nur f\u00fcr Sie:<\/h3>\t\t\t\t<\/div>\n\t\t\t\t<\/div>\n\t\t\t\t<div class=\"elementor-element elementor-element-6bbb065e elementor-widget elementor-widget-text-editor\" data-id=\"6bbb065e\" data-element_type=\"widget\" data-e-type=\"widget\" data-widget_type=\"text-editor.default\">\n\t\t\t\t<div class=\"elementor-widget-container\">\n\t\t\t\t\t\t\t\t\t<ul><li>digitale Zertifikatsverwaltung in unserem Kundencenter<\/li><li>Erinnerungsservice bei Auslaufen des Zertifikats (nach 3 Jahren)<\/li><li>pers\u00f6nlicher Informationsservice<\/li><li>ausf\u00fchrliche Schulungsunterlagen<\/li><\/ul>\t\t\t\t\t\t\t\t<\/div>\n\t\t\t\t<\/div>\n\t\t\t\t<div class=\"elementor-element elementor-element-57f93ac6 elementor-widget elementor-widget-image\" data-id=\"57f93ac6\" data-element_type=\"widget\" data-e-type=\"widget\" data-widget_type=\"image.default\">\n\t\t\t\t<div class=\"elementor-widget-container\">\n\t\t\t\t\t\t\t\t\t\t\t\t\t\t\t<img decoding=\"async\" width=\"192\" height=\"250\" src=\"https:\/\/www.esd-akademie.de\/wp-content\/uploads\/2023\/07\/Ordner-Akademie-frei.jpg\" class=\"attachment-large size-large wp-image-2599\" alt=\"\" \/>\t\t\t\t\t\t\t\t\t\t\t\t\t\t\t<\/div>\n\t\t\t\t<\/div>\n\t\t\t\t\t<\/div>\n\t\t<\/div>\n\t\t\t\t<div class=\"elementor-column elementor-col-33 elementor-top-column elementor-element elementor-element-9255111\" data-id=\"9255111\" data-element_type=\"column\" data-e-type=\"column\" data-settings=\"{&quot;background_background&quot;:&quot;classic&quot;}\">\n\t\t\t<div class=\"elementor-widget-wrap elementor-element-populated\">\n\t\t\t\t\t\t<section class=\"elementor-section elementor-inner-section elementor-element elementor-element-57926bb6 elementor-section-full_width elementor-section-height-default elementor-section-height-default\" data-id=\"57926bb6\" data-element_type=\"section\" data-e-type=\"section\">\n\t\t\t\t\t\t<div class=\"elementor-container elementor-column-gap-no\">\n\t\t\t\t\t<div class=\"elementor-column elementor-col-100 elementor-inner-column elementor-element elementor-element-3d064823\" data-id=\"3d064823\" data-element_type=\"column\" data-e-type=\"column\">\n\t\t\t<div class=\"elementor-widget-wrap elementor-element-populated\">\n\t\t\t\t\t\t<div class=\"elementor-element elementor-element-673c13c7 elementor-widget__width-auto elementor-widget elementor-widget-heading\" data-id=\"673c13c7\" data-element_type=\"widget\" data-e-type=\"widget\" data-widget_type=\"heading.default\">\n\t\t\t\t<div class=\"elementor-widget-container\">\n\t\t\t\t\t<h3 class=\"elementor-heading-title elementor-size-default\">Seminar-Nr.<\/h3>\t\t\t\t<\/div>\n\t\t\t\t<\/div>\n\t\t\t\t<div class=\"elementor-element elementor-element-7a88fe92 elementor-widget elementor-widget-text-editor\" data-id=\"7a88fe92\" data-element_type=\"widget\" data-e-type=\"widget\" data-widget_type=\"text-editor.default\">\n\t\t\t\t<div class=\"elementor-widget-container\">\n\t\t\t\t\t\t\t\t\t<p>03-KB<\/p>\t\t\t\t\t\t\t\t<\/div>\n\t\t\t\t<\/div>\n\t\t\t\t<div class=\"elementor-element elementor-element-69645f60 elementor-widget__width-auto elementor-widget elementor-widget-heading\" data-id=\"69645f60\" data-element_type=\"widget\" data-e-type=\"widget\" data-widget_type=\"heading.default\">\n\t\t\t\t<div class=\"elementor-widget-container\">\n\t\t\t\t\t<h3 class=\"elementor-heading-title elementor-size-default\">Preis<\/h3>\t\t\t\t<\/div>\n\t\t\t\t<\/div>\n\t\t\t\t<div class=\"elementor-element elementor-element-4cc376ac elementor-widget elementor-widget-text-editor\" data-id=\"4cc376ac\" data-element_type=\"widget\" data-e-type=\"widget\" data-widget_type=\"text-editor.default\">\n\t\t\t\t<div class=\"elementor-widget-container\">\n\t\t\t\t\t\t\t\t\t<div id=\"c5222\" class=\"frame frame-type-text frame-layout-0\"><p>1.890,00 \u20ac zzgl. MwSt.<\/p><ul><li>inkl.\u00a0Seminarunterlagen<\/li><li>Mittagessen<\/li><li>Pausenverpflegung<\/li><\/ul><\/div>\t\t\t\t\t\t\t\t<\/div>\n\t\t\t\t<\/div>\n\t\t\t\t<div class=\"elementor-element elementor-element-727d9248 elementor-widget__width-auto elementor-widget elementor-widget-heading\" data-id=\"727d9248\" data-element_type=\"widget\" data-e-type=\"widget\" data-widget_type=\"heading.default\">\n\t\t\t\t<div class=\"elementor-widget-container\">\n\t\t\t\t\t<h3 class=\"elementor-heading-title elementor-size-default\">Dauer<\/h3>\t\t\t\t<\/div>\n\t\t\t\t<\/div>\n\t\t\t\t<div class=\"elementor-element elementor-element-1284fcca elementor-widget elementor-widget-text-editor\" data-id=\"1284fcca\" data-element_type=\"widget\" data-e-type=\"widget\" data-widget_type=\"text-editor.default\">\n\t\t\t\t<div class=\"elementor-widget-container\">\n\t\t\t\t\t\t\t\t\t<div id=\"c5222\" class=\"frame frame-type-text frame-layout-0\"><p>4 Tage, Dienstag bis Freitag<\/p><\/div>\t\t\t\t\t\t\t\t<\/div>\n\t\t\t\t<\/div>\n\t\t\t\t<div class=\"elementor-element elementor-element-6f5b429c elementor-widget__width-auto elementor-widget elementor-widget-heading\" data-id=\"6f5b429c\" data-element_type=\"widget\" data-e-type=\"widget\" data-widget_type=\"heading.default\">\n\t\t\t\t<div class=\"elementor-widget-container\">\n\t\t\t\t\t<h3 class=\"elementor-heading-title elementor-size-default\">Nachweis<\/h3>\t\t\t\t<\/div>\n\t\t\t\t<\/div>\n\t\t\t\t<div class=\"elementor-element elementor-element-8bd9996 elementor-widget elementor-widget-text-editor\" data-id=\"8bd9996\" data-element_type=\"widget\" data-e-type=\"widget\" data-widget_type=\"text-editor.default\">\n\t\t\t\t<div class=\"elementor-widget-container\">\n\t\t\t\t\t\t\t\t\t<div id=\"c5222\" class=\"frame frame-type-text frame-layout-0\"><p>Zertifikat nach bestandener Pr\u00fcfung, (3 Jahre g\u00fcltig), ansonsten TNB (Teilnahmebescheinigung)<\/p><\/div>\t\t\t\t\t\t\t\t<\/div>\n\t\t\t\t<\/div>\n\t\t\t\t<div class=\"elementor-element elementor-element-45f28254 elementor-widget__width-auto elementor-widget elementor-widget-heading\" data-id=\"45f28254\" data-element_type=\"widget\" data-e-type=\"widget\" data-widget_type=\"heading.default\">\n\t\t\t\t<div class=\"elementor-widget-container\">\n\t\t\t\t\t<h3 class=\"elementor-heading-title elementor-size-default\">Veranstaltungsort<\/h3>\t\t\t\t<\/div>\n\t\t\t\t<\/div>\n\t\t\t\t<div class=\"elementor-element elementor-element-355e0b50 elementor-widget elementor-widget-text-editor\" data-id=\"355e0b50\" data-element_type=\"widget\" data-e-type=\"widget\" data-widget_type=\"text-editor.default\">\n\t\t\t\t<div class=\"elementor-widget-container\">\n\t\t\t\t\t\t\t\t\t<p>ESD-Akademie GmbH<br>Industriestra\u00dfe 27<br>56276 Gro\u00dfmaischeid<\/p>\t\t\t\t\t\t\t\t<\/div>\n\t\t\t\t<\/div>\n\t\t\t\t<div class=\"elementor-element elementor-element-79dde7a7 elementor-widget__width-auto elementor-widget elementor-widget-heading\" data-id=\"79dde7a7\" data-element_type=\"widget\" data-e-type=\"widget\" data-widget_type=\"heading.default\">\n\t\t\t\t<div class=\"elementor-widget-container\">\n\t\t\t\t\t<h3 class=\"elementor-heading-title elementor-size-default\">Seminarbeschreibung<\/h3>\t\t\t\t<\/div>\n\t\t\t\t<\/div>\n\t\t\t\t<div class=\"elementor-element elementor-element-8e5212f elementor-widget elementor-widget-text-editor\" data-id=\"8e5212f\" data-element_type=\"widget\" data-e-type=\"widget\" data-widget_type=\"text-editor.default\">\n\t\t\t\t<div class=\"elementor-widget-container\">\n\t\t\t\t\t\t\t\t\t<p><a href=\"https:\/\/www.esd-akademie.de\/wp-content\/uploads\/2024\/04\/03_Kombi_DE-ESD-Fachkrfat_Koordinator_Agenda-2024.pdf\">PDF-Download<\/a>\u00a0<\/p>\t\t\t\t\t\t\t\t<\/div>\n\t\t\t\t<\/div>\n\t\t\t\t\t<\/div>\n\t\t<\/div>\n\t\t\t\t\t<\/div>\n\t\t<\/section>\n\t\t\t\t<div class=\"elementor-element elementor-element-720c170f elementor-widget-divider--view-line elementor-widget elementor-widget-divider\" data-id=\"720c170f\" data-element_type=\"widget\" data-e-type=\"widget\" data-widget_type=\"divider.default\">\n\t\t\t\t<div class=\"elementor-widget-container\">\n\t\t\t\t\t\t\t<div class=\"elementor-divider\">\n\t\t\t<span class=\"elementor-divider-separator\">\n\t\t\t\t\t\t<\/span>\n\t\t<\/div>\n\t\t\t\t\t\t<\/div>\n\t\t\t\t<\/div>\n\t\t\t\t<div class=\"elementor-element elementor-element-3730bb79 elementor-widget elementor-widget-text-editor\" data-id=\"3730bb79\" data-element_type=\"widget\" data-e-type=\"widget\" data-widget_type=\"text-editor.default\">\n\t\t\t\t<div class=\"elementor-widget-container\">\n\t\t\t\t\t\t\t\t\t<div id=\"c5222\" class=\"frame frame-type-text frame-layout-0\"><p><strong>Routenplaner:<\/strong><\/p><\/div>\t\t\t\t\t\t\t\t<\/div>\n\t\t\t\t<\/div>\n\t\t\t\t<div class=\"elementor-element elementor-element-164bfad6 elementor-widget elementor-widget-google_maps\" data-id=\"164bfad6\" data-element_type=\"widget\" data-e-type=\"widget\" data-widget_type=\"google_maps.default\">\n\t\t\t\t<div class=\"elementor-widget-container\">\n\t\t\t\t\t\t\t<div class=\"elementor-custom-embed\">\n\t\t\t<iframe loading=\"lazy\"\n\t\t\t\t\tsrc=\"https:\/\/maps.google.com\/maps?q=ESD-Akademie%20GmbH%20Industriestra%C3%9Fe%2027%2056276%20Gro%C3%9Fmaischeid&#038;t=m&#038;z=10&#038;output=embed&#038;iwloc=near\"\n\t\t\t\t\ttitle=\"ESD-Akademie GmbH Industriestra\u00dfe 27 56276 Gro\u00dfmaischeid\"\n\t\t\t\t\taria-label=\"ESD-Akademie GmbH Industriestra\u00dfe 27 56276 Gro\u00dfmaischeid\"\n\t\t\t><\/iframe>\n\t\t<\/div>\n\t\t\t\t\t\t<\/div>\n\t\t\t\t<\/div>\n\t\t\t\t<div class=\"elementor-element elementor-element-41e42a6f elementor-widget elementor-widget-text-editor\" data-id=\"41e42a6f\" data-element_type=\"widget\" data-e-type=\"widget\" data-widget_type=\"text-editor.default\">\n\t\t\t\t<div class=\"elementor-widget-container\">\n\t\t\t\t\t\t\t\t\t<div id=\"c5222\" class=\"frame frame-type-text frame-layout-0\"><p><strong>Wegbeschreibung<\/strong><br \/><br \/>&gt;\u00a0<a class=\"link-4\" title=\"Gro\u00dfmaischeid\" href=\"https:\/\/maps.google.com\/maps?daddr=ESD-Akademie\" target=\"_blank\" rel=\"noopener\">Google Maps<\/a><br \/>&gt;\u00a0<a class=\"link-4\" href=\"https:\/\/www.esd-akademie.de\/wp-content\/uploads\/2023\/01\/Anfahrtsskizze_Akademie_Grossmaischeid.pdf\">PDF-Download<\/a><\/p><\/div>\t\t\t\t\t\t\t\t<\/div>\n\t\t\t\t<\/div>\n\t\t\t\t<div class=\"elementor-element elementor-element-725b1fac elementor-widget-divider--view-line elementor-widget elementor-widget-divider\" data-id=\"725b1fac\" data-element_type=\"widget\" data-e-type=\"widget\" data-widget_type=\"divider.default\">\n\t\t\t\t<div class=\"elementor-widget-container\">\n\t\t\t\t\t\t\t<div class=\"elementor-divider\">\n\t\t\t<span class=\"elementor-divider-separator\">\n\t\t\t\t\t\t<\/span>\n\t\t<\/div>\n\t\t\t\t\t\t<\/div>\n\t\t\t\t<\/div>\n\t\t\t\t<div class=\"elementor-element elementor-element-13525337 elementor-widget elementor-widget-text-editor\" data-id=\"13525337\" data-element_type=\"widget\" data-e-type=\"widget\" data-widget_type=\"text-editor.default\">\n\t\t\t\t<div class=\"elementor-widget-container\">\n\t\t\t\t\t\t\t\t\t<div id=\"c5222\" class=\"frame frame-type-text frame-layout-0\"><p>Nutzen Sie den Tarif unserer<\/p><\/div>\t\t\t\t\t\t\t\t<\/div>\n\t\t\t\t<\/div>\n\t\t\t\t<div class=\"elementor-element elementor-element-23578555 elementor-widget__width-auto elementor-widget elementor-widget-heading\" data-id=\"23578555\" data-element_type=\"widget\" data-e-type=\"widget\" data-widget_type=\"heading.default\">\n\t\t\t\t<div class=\"elementor-widget-container\">\n\t\t\t\t\t<h3 class=\"elementor-heading-title elementor-size-default\">Partnerhotels<\/h3>\t\t\t\t<\/div>\n\t\t\t\t<\/div>\n\t\t\t\t<div class=\"elementor-element elementor-element-78b3c5f1 elementor-align-center elementor-widget elementor-widget-button\" data-id=\"78b3c5f1\" data-element_type=\"widget\" data-e-type=\"widget\" data-widget_type=\"button.default\">\n\t\t\t\t<div class=\"elementor-widget-container\">\n\t\t\t\t\t\t\t\t\t<div class=\"elementor-button-wrapper\">\n\t\t\t\t\t<a class=\"elementor-button elementor-button-link elementor-size-lg\" href=\"https:\/\/www.naturresort-tannenhof.de\/\">\n\t\t\t\t\t\t<span class=\"elementor-button-content-wrapper\">\n\t\t\t\t\t\t\t\t\t<span class=\"elementor-button-text\">Tannenhof<\/span>\n\t\t\t\t\t<\/span>\n\t\t\t\t\t<\/a>\n\t\t\t\t<\/div>\n\t\t\t\t\t\t\t\t<\/div>\n\t\t\t\t<\/div>\n\t\t\t\t<div class=\"elementor-element elementor-element-2245eb1d elementor-align-center elementor-widget elementor-widget-button\" data-id=\"2245eb1d\" data-element_type=\"widget\" data-e-type=\"widget\" data-widget_type=\"button.default\">\n\t\t\t\t<div class=\"elementor-widget-container\">\n\t\t\t\t\t\t\t\t\t<div class=\"elementor-button-wrapper\">\n\t\t\t\t\t<a class=\"elementor-button elementor-button-link elementor-size-lg\" href=\"https:\/\/www.thalhauser-muehle.de\/\">\n\t\t\t\t\t\t<span class=\"elementor-button-content-wrapper\">\n\t\t\t\t\t\t\t\t\t<span class=\"elementor-button-text\">Thalhauser M\u00fchle<\/span>\n\t\t\t\t\t<\/span>\n\t\t\t\t\t<\/a>\n\t\t\t\t<\/div>\n\t\t\t\t\t\t\t\t<\/div>\n\t\t\t\t<\/div>\n\t\t\t\t<div class=\"elementor-element elementor-element-5a4298d0 elementor-widget-divider--view-line elementor-widget elementor-widget-divider\" data-id=\"5a4298d0\" data-element_type=\"widget\" data-e-type=\"widget\" data-widget_type=\"divider.default\">\n\t\t\t\t<div class=\"elementor-widget-container\">\n\t\t\t\t\t\t\t<div class=\"elementor-divider\">\n\t\t\t<span class=\"elementor-divider-separator\">\n\t\t\t\t\t\t<\/span>\n\t\t<\/div>\n\t\t\t\t\t\t<\/div>\n\t\t\t\t<\/div>\n\t\t\t\t<div class=\"elementor-element elementor-element-15723c18 elementor-widget elementor-widget-text-editor\" data-id=\"15723c18\" data-element_type=\"widget\" data-e-type=\"widget\" data-widget_type=\"text-editor.default\">\n\t\t\t\t<div class=\"elementor-widget-container\">\n\t\t\t\t\t\t\t\t\t<div id=\"c5222\" class=\"frame frame-type-text frame-layout-0\"><p><strong>Weitere Seminare:<\/strong><\/p><\/div>\t\t\t\t\t\t\t\t<\/div>\n\t\t\t\t<\/div>\n\t\t\t\t<div class=\"elementor-element elementor-element-1da8727d elementor-align-center elementor-widget elementor-widget-button\" data-id=\"1da8727d\" data-element_type=\"widget\" data-e-type=\"widget\" data-widget_type=\"button.default\">\n\t\t\t\t<div class=\"elementor-widget-container\">\n\t\t\t\t\t\t\t\t\t<div class=\"elementor-button-wrapper\">\n\t\t\t\t\t<a class=\"elementor-button elementor-button-link elementor-size-lg\" href=\"https:\/\/www.thalhauser-muehle.de\/\">\n\t\t\t\t\t\t<span class=\"elementor-button-content-wrapper\">\n\t\t\t\t\t\t\t\t\t<span class=\"elementor-button-text\">Seminar\u00fcbersicht<\/span>\n\t\t\t\t\t<\/span>\n\t\t\t\t\t<\/a>\n\t\t\t\t<\/div>\n\t\t\t\t\t\t\t\t<\/div>\n\t\t\t\t<\/div>\n\t\t\t\t\t<\/div>\n\t\t<\/div>\n\t\t\t\t\t<\/div>\n\t\t<\/section>\n\t\t\t\t<section class=\"elementor-section elementor-top-section elementor-element elementor-element-4639f0d elementor-section-boxed elementor-section-height-default elementor-section-height-default\" data-id=\"4639f0d\" data-element_type=\"section\" data-e-type=\"section\">\n\t\t\t\t\t\t<div class=\"elementor-container elementor-column-gap-default\">\n\t\t\t\t\t<div class=\"elementor-column elementor-col-100 elementor-top-column elementor-element elementor-element-ce0737c\" data-id=\"ce0737c\" data-element_type=\"column\" data-e-type=\"column\">\n\t\t\t<div class=\"elementor-widget-wrap elementor-element-populated\">\n\t\t\t\t\t\t<section class=\"elementor-section elementor-inner-section elementor-element elementor-element-1658611 elementor-section-boxed elementor-section-height-default elementor-section-height-default\" data-id=\"1658611\" data-element_type=\"section\" data-e-type=\"section\">\n\t\t\t\t\t\t<div class=\"elementor-container elementor-column-gap-default\">\n\t\t\t\t\t<div class=\"elementor-column elementor-col-50 elementor-inner-column elementor-element elementor-element-2cfaa66\" data-id=\"2cfaa66\" data-element_type=\"column\" data-e-type=\"column\">\n\t\t\t<div class=\"elementor-widget-wrap elementor-element-populated\">\n\t\t\t\t\t\t<div class=\"elementor-element elementor-element-a4773e3 elementor-widget__width-auto elementor-widget elementor-widget-heading\" data-id=\"a4773e3\" data-element_type=\"widget\" data-e-type=\"widget\" data-widget_type=\"heading.default\">\n\t\t\t\t<div class=\"elementor-widget-container\">\n\t\t\t\t\t<h3 class=\"elementor-heading-title elementor-size-default\">Termine und Buchung<\/h3>\t\t\t\t<\/div>\n\t\t\t\t<\/div>\n\t\t\t\t\t<\/div>\n\t\t<\/div>\n\t\t\t\t<div class=\"elementor-column elementor-col-50 elementor-inner-column elementor-element elementor-element-8b90143\" data-id=\"8b90143\" data-element_type=\"column\" data-e-type=\"column\">\n\t\t\t<div class=\"elementor-widget-wrap elementor-element-populated\">\n\t\t\t\t\t\t<div class=\"elementor-element elementor-element-dd0a4a3 elementor-widget elementor-widget-menu-anchor\" data-id=\"dd0a4a3\" data-element_type=\"widget\" data-e-type=\"widget\" data-widget_type=\"menu-anchor.default\">\n\t\t\t\t<div class=\"elementor-widget-container\">\n\t\t\t\t\t\t\t<div class=\"elementor-menu-anchor\" id=\"termine03\"><\/div>\n\t\t\t\t\t\t<\/div>\n\t\t\t\t<\/div>\n\t\t\t\t\t<\/div>\n\t\t<\/div>\n\t\t\t\t\t<\/div>\n\t\t<\/section>\n\t\t\t\t<section class=\"elementor-section elementor-inner-section elementor-element elementor-element-c12fb55 elementor-section-boxed elementor-section-height-default elementor-section-height-default\" data-id=\"c12fb55\" data-element_type=\"section\" data-e-type=\"section\">\n\t\t\t\t\t\t<div class=\"elementor-container elementor-column-gap-default\">\n\t\t\t\t\t<div class=\"elementor-column elementor-col-100 elementor-inner-column elementor-element elementor-element-1b4218f\" data-id=\"1b4218f\" data-element_type=\"column\" data-e-type=\"column\">\n\t\t\t<div class=\"elementor-widget-wrap elementor-element-populated\">\n\t\t\t\t\t\t<div class=\"elementor-element elementor-element-eb22588 elementor-widget elementor-widget-shortcode\" data-id=\"eb22588\" data-element_type=\"widget\" data-e-type=\"widget\" data-widget_type=\"shortcode.default\">\n\t\t\t\t<div class=\"elementor-widget-container\">\n\t\t\t\t\t\t\t<div class=\"elementor-shortcode\"><div class=\"mec-wrap mec-skin-list-container  \" id=\"mec_skin_1883\">\n\n    \n            <div class=\"mec-skin-list-events-container\" id=\"mec_skin_events_1883\">\n        <div class=\"mec-wrap colorskin-custom\">\n\t<div class=\"mec-event-list-accordion\">\n\t\t\n            \n            \t\t\t \n\t\t\t <article class=\"mec-past-event mec-event-article  mec-clear  mec-divider-toggle mec-toggle-202606-1883\" itemscope>\n\t\t\t \n\t\t\t \t\t\t\t                    <!-- toggles wrap start -->\n                    <div class=\"mec-events-toggle\">\n                        <!-- toggle item start -->\n                        <div class=\"mec-toggle-item\">\n                            <div class=\"mec-toggle-item-inner\" tabindex=\"0\">\n                                                                <div class=\"mec-toggle-item-col\">\n                                                                            <div class=\"mec-event-month\"><span class=\"mec-start-date-label\">09 - 12 Juni 2026<\/span><\/div>\n                                                                                                        <\/div>\n                                <h3 class=\"mec-toggle-title\">\n                                    Kombiseminar: ESD-Fachkraft und ESD-Koordinator (03-KB)<span class=\"event-color\" style=\"background: #afafaf\"><\/span>\t\t\t\t\t\t\t\t\t\t\t\t\t\t\t\t\t\t<span class=\"labellist-inhalt\">\n\t\t\t\t\t\t\t\t\t\t        <div>\n            <div>\n                <div>\n                    <ul class=\"mec-event-data-field-items\">\n                                                                        <li class=\"mec-event-data-field-item mec-field-item-checkbox\">\n                            \n                                                            <span class=\"mec-event-data-field-value sonderfelder\"><i class=\"fas fa-check greencheck\"><\/i>Pr\u00fcfung <i class=\"fas fa-check greencheck\"><\/i>Zertifikat<\/span>\n                                                    <\/li>\n                                            <\/ul>\n                <\/div>\n            <\/div>\n        <\/div>\n         \n\t\t\t\t\t\t\t\t\t\t<span class=\"daysinlist\">Tage: 4<\/span>\n\t\t\t\t\t\t\t\t\t\t<span class=\"pricetitle\"> Preis: 1.890,00\u20ac **<\/span>\n\t\t\t\t\t\t\t\t\t<\/span>\n\t\t\t\t\t\t\t\t\t<\/h3>\n\t\t\t\t\t\t\t\t\t\n                                                                <i class=\"mec-sl-arrow-down\"><\/i>\n                            <\/div>\n                            <div class=\"mec-content-toggle\" aria-hidden=\"true\" style=\"display: none;\">\n                                <div class=\"mec-toggle-content\">\n                                    <div class=\"mec-wrap colorskin-custom clearfix  mec-modal-wrap\" id=\"mec_skin_1338\" data-unique-id=\"1338\">\n    <article class=\"mec-single-event mec-single-modern mec-single-modal\">\n        <div class=\"mec-events-event-image\">\n                    <\/div>\n        \n        <div class=\"col-md-4\">\n\n            <div class=\"mec-event-meta mec-color-before mec-frontbox \">\n                                    <div class=\"mec-single-event-organizer\">\n                                                <h3 class=\"mec-events-single-section-title\">Veranstalter<\/h3>\n                        <dl>\n                                                <dd class=\"mec-organizer\">\n                            <i class=\"mec-sl-home\"><\/i>\n                            <h6>ESD-Akademie GmbH<\/h6>\n                        <\/dd>\n                                                <dd class=\"mec-organizer-tel\">\n                            <i class=\"mec-sl-phone\"><\/i>\n                            <h6>Telefon<\/h6>\n                            <a href=\"tel:+49 (0) 26 89 92 870-20\">+49 (0) 26 89 92 870-20<\/a>\n                        <\/dd>\n                                                <dd class=\"mec-organizer-email\">\n                            <i class=\"mec-sl-envelope\"><\/i>\n                            <h6>E-Mail<\/h6>\n                            <a href=\"mailto:info@esd-akademie.de\">info@esd-akademie.de<\/a>\n                        <\/dd>\n                                                <dd class=\"mec-organizer-url\">\n                            <i class=\"mec-sl-sitemap\"><\/i>\n                            <h6>Webseite<\/h6>\n                            <span><a href=\"https:\/\/www.esd-akademie.de\/\" class=\"mec-color-hover\" target=\"_blank\">https:\/\/www.esd-akademie.de\/<\/a><\/span>\n                        <\/dd>\n                                                <\/dl>\n                                            <\/div>\n                    \n                <!-- Sponsors Module -->\n                \n                <!-- Register Booking Button -->\n                                    <a class=\"mec-booking-button mec-bg-color\" href=\"#mec-events-meta-group-booking-1338\">Termine\/Anmeldung<\/a>\n                            <\/div>\n\n            <!-- Weather Module -->\n            \n            \n\n            <!-- Public Download Module -->\n            \n            <!-- Local Time Module -->\n            <div class=\"mec-local-time-details mec-frontbox\" id=\"mec_local_time_details\">\r\n    <i class=\"mec-sl-clock\"><\/i><h3 class=\"mec-local-time mec-frontbox-title\">Ortszeit<\/h3>\r\n    <ul>\r\n        <li>Zeitzone: <span>America\/New_York<\/span><\/li>\r\n        <li>Datum: <span class=\"mec-start-date-label\">09 - 12 Juni 2026<\/span><\/li>\r\n            <\/ul>\r\n<\/div>\t\t\t\n\t\t\t\n            <div class=\"mec-event-meta mec-color-before mec-frontbox\">\n\n                                                \n                                    <div class=\"mec-single-event-location\">\n                                                <i class=\"mec-sl-location-pin\"><\/i>\n                        <h3 class=\"mec-events-single-section-title mec-location\">Standort<\/h3>\n                        <dl>\n                        <dd class=\"author fn org\">ESD-Akademie GmbH<\/dd>\n                        <dd class=\"location\"><address class=\"mec-events-address\"><span class=\"mec-address\">Industriestra\u00dfe 27, 56276 Gro\u00dfmaischeid<\/span><\/address><\/dd>\n\n                                                <dd class=\"mec-location-url\">\n                            <i class=\"mec-sl-sitemap\"><\/i>\n                            <h6>Webseite<\/h6>\n                            <span><a href=\"https:\/\/www.esd-akademie.de\/\" class=\"mec-color-hover\" target=\"_blank\">https:\/\/www.esd-akademie.de\/<\/a><\/span>\n                        <\/dd>\n                                                <\/dl>\n                    <\/div>\n                    \n                                    <div class=\"mec-single-event-category\">\n                        <i class=\"mec-sl-folder\"><\/i>\n                        <dt>Kategorie<\/dt>\n                        <dl>\n                        <dd class=\"mec-events-event-categories\"><a href=\"https:\/\/www.esd-akademie.de\/de\/mec-category\/kombiseminar-esd-fachkraft-und-esd-koordinator-03-kb\/\" class=\"mec-color-hover\" rel=\"tag\"><i class=\"mec-fa-angle-right\"><\/i>Kombiseminar: ESD-Fachkraft und ESD-Koordinator (03-KB)<\/a><\/dd>                        <\/dl>\n                    <\/div>\n                    \n                                        <div class=\"mec-event-more-info\">\n                            <i class=\"mec-sl-info\"><\/i>\n                            <h3 class=\"mec-cost\">Weitere Informationen<\/h3>\n\t\t\t\t\t\t\t\t\t\t\t\t\t\t<dd class=\"mec-events-event-more-info\"><a class=\"mec-more-info-button mec-color-hover\" target=\"_blank\" href=\"https:\/\/www.esd-akademie.de\/wp-content\/uploads\/2023\/06\/03_Kombi_DE-ESD-Fachkrfat_Koordinator_22.pdf\"><span class=\"pdficoninevent\"><i class=\"far fa-file-pdf\"><\/i> Infos<\/span><\/a><\/dd>\n\t\t\t\t\t\t\t\t\t\t\t\t\t<\/div>\n                        \n            <\/div>\n\n\t\t\t<!-- QRCode Module -->\n            <div class=\"mec-qrcode-details mec-frontbox\">\r\n    <img decoding=\"async\" src=\"https:\/\/www.esd-akademie.de\/wp-content\/uploads\/mec\/qr_e7e72d6d520d701b9f64b3118e174d89.png\" width=\"120\" height=\"120\" alt=\"QR Code\" \/>\r\n<\/div>\t\t\t\n            <!-- Speaker List Module -->\n            \t\t\t\n\t\t\t<!-- Export Module -->\n            <div class=\"mec-event-export-module mec-frontbox\">\r\n     <div class=\"mec-event-exporting\">\r\n        <div class=\"mec-export-details\">\r\n            <ul>\r\n                <li><a class=\"mec-events-gcal mec-events-button mec-color mec-bg-color-hover mec-border-color\" href=\"https:\/\/calendar.google.com\/calendar\/render?action=TEMPLATE&text=Kombiseminar%3A+ESD-Fachkraft+und+ESD-Koordinator+%2803-KB%29&dates=20260609T070000Z\/20260612T143000Z&details=Kombiseminar%3A+ESD-Fachkraft+und+ESD-Koordinator+%2803-KB%29&amp;location=Industriestra%C3%9Fe+27%2C+56276+Gro%C3%9Fmaischeid\" target=\"_blank\">+ Zu Google Kalender hinzuf\u00fcgen<\/a><\/li>                <li><a class=\"mec-events-gcal mec-events-button mec-color mec-bg-color-hover mec-border-color\" href=\"https:\/\/www.esd-akademie.de\/de\/\/?method=ical&#038;id=1824\">+ iCal \/ Outlook exportieren<\/a><\/li>            <\/ul>\r\n        <\/div>\r\n    <\/div>\r\n<\/div>\t\t\t\n            <!-- Attendees List Module -->\n            \n            <!-- Next Previous Module -->\n                    <\/div>\n\n        <div class=\"col-md-8\">\n\n            <div class=\"mec-event-content\">\n                <div class=\"mec-single-event-description mec-events-content\">\n                                                                                                <\/div>\n            <\/div>\n\n            \n            <!-- Custom Data Fields -->\n                    <div class=\"mec-event-data-fields mec-frontbox  \">\r\n            <div class=\"mec-data-fields-tooltip\">\r\n                <div class=\"mec-data-fields-tooltip-box\">\r\n                    <ul class=\"mec-event-data-field-items\">\r\n                                                                        <li class=\"mec-event-data-field-item mec-field-item-checkbox\">\r\n                            \r\n                                                        <span class=\"mec-event-data-field-name\">Inhalt<\/span>\r\n                            \r\n                                                            <span class=\"mec-event-data-field-value\">Pr\u00fcfung, Zertifikat<\/span>\r\n                                                    <\/li>\r\n                                            <\/ul>\r\n                <\/div>\r\n            <\/div>\r\n        <\/div>\r\n        \n            <!-- FAQ -->\n            \n            <!-- Links Module -->\n            \n\n\t\t\t<!-- Hourly Schedule -->\n                    <div class=\"mec-event-schedule mec-frontbox\">\r\n            <h3 class=\"mec-schedule-head mec-frontbox-title\">St\u00fcndlicher Zeitplan<\/h3>\r\n                                                <h4 class=\"mec-schedule-part\">Tag 1<\/h4>\r\n                                <div class=\"mec-event-schedule-content\">\r\n                                        <dl>\r\n                        <dt class=\"mec-schedule-time\"><span class=\"mec-schedule-start-time mec-color\">9:00 Uhr<\/span> - <span class=\"mec-schedule-end-time mec-color\">16:30 Uhr<\/span> <\/dt>\r\n                        <dt class=\"mec-schedule-title\"> ESD-Fachkraft\/Grundlagen (Tag 1)<\/dt>\r\n                        <dt class=\"mec-schedule-description\"><\/dt>\r\n\r\n                                            <\/dl>\r\n                                    <\/div>\r\n                                                <h4 class=\"mec-schedule-part\">Tag 2<\/h4>\r\n                                <div class=\"mec-event-schedule-content\">\r\n                                        <dl>\r\n                        <dt class=\"mec-schedule-time\"><span class=\"mec-schedule-start-time mec-color\">9:00 Uhr<\/span> - <span class=\"mec-schedule-end-time mec-color\">16:30 Uhr<\/span> <\/dt>\r\n                        <dt class=\"mec-schedule-title\"> ESD-Fachkraft\/Grundlagen (Tag 2)<\/dt>\r\n                        <dt class=\"mec-schedule-description\"><\/dt>\r\n\r\n                                            <\/dl>\r\n                                    <\/div>\r\n                                                <h4 class=\"mec-schedule-part\">Tag 3<\/h4>\r\n                                <div class=\"mec-event-schedule-content\">\r\n                                        <dl>\r\n                        <dt class=\"mec-schedule-time\"><span class=\"mec-schedule-start-time mec-color\"> 09:00 Uhr<\/span> - <span class=\"mec-schedule-end-time mec-color\"> 16:30 Uhr<\/span> <\/dt>\r\n                        <dt class=\"mec-schedule-title\">ESD-Koordinator (Tag 1)<\/dt>\r\n                        <dt class=\"mec-schedule-description\"><\/dt>\r\n\r\n                                            <\/dl>\r\n                                    <\/div>\r\n                                                <h4 class=\"mec-schedule-part\">Tag 4<\/h4>\r\n                                <div class=\"mec-event-schedule-content\">\r\n                                        <dl>\r\n                        <dt class=\"mec-schedule-time\"><span class=\"mec-schedule-start-time mec-color\">08:30 Uhr<\/span> - <span class=\"mec-schedule-end-time mec-color\">13:30 Uhr<\/span> <\/dt>\r\n                        <dt class=\"mec-schedule-title\">ESD-Koordinator (Tag 2)<\/dt>\r\n                        <dt class=\"mec-schedule-description\"><\/dt>\r\n\r\n                                            <\/dl>\r\n                                    <\/div>\r\n            \r\n                    <\/div>\r\n        \t\t\t\n            <!-- Google Maps Module \n            <div class=\"mec-events-meta-group mec-events-meta-group-gmap\">\n                            <\/div>\n\t\t\t-->\n            \n\n            \n\n            \t\t\t<!-- Booking Module -->\n                        <div id=\"mec-events-meta-group-booking-1338\" class=\"mec-events-meta-group mec-events-meta-group-booking\">\n                <div class=\"mec-booking  \" id=\"mec_booking1338\" data-skip=\"0\">\r\n    <form id=\"mec_book_form1338\" onsubmit=\"mec_book_form_submit(event, 1338);\">\r\n\r\n            <h4>Veranstaltung buchen<\/h4>\r\n    \r\n        <div class=\"mec-book-first\">\r\n                <div class=\"mec-booking-calendar-wrapper\" id=\"mec_booking_calendar_wrapper1338\">\r\n            <label for=\"mec_book_form_date1338\" class=\"mec-select-date-label\">Datum ausw\u00e4hlen <span class=\"mec-required\">*<\/span> <\/label>\r\n            <div class=\"mec-select-date-dropdown-wrapper\">\r\n                <div class=\"mec-select-date-dropdown\">\r\n                    <span class=\"mec-select-date-calendar-icon\"><img decoding=\"async\" class=\"mec-svg-icon\" src=\"https:\/\/www.esd-akademie.de\/wp-content\/plugins\/modern-events-calendar\/assets\/img\/svg\/form\/calendar-icon.svg\" alt=\"Form\/calendar icon Symbol\" title=\"Form\/calendar icon Symbol\"><\/span>\r\n                    <select class=\"mec-custom-nice-select\" name=\"book[date]\" id=\"mec_book_form_date1338\" onchange=\"mec_get_tickets_availability1338(1824, this.value);\">\r\n                                                <option value=\"1780995600:1781281800\">\r\n                            2026-06-09 09:00 - 2026-06-12 16:30                        <\/option>\r\n                                                <option value=\"1784019600:1784305800\">\r\n                            2026-07-14 09:00 - 2026-07-17 16:30                        <\/option>\r\n                                                <option value=\"1788858000:1789144200\">\r\n                            2026-09-08 09:00 - 2026-09-11 16:30                        <\/option>\r\n                                                <option value=\"1791277200:1791563400\">\r\n                            2026-10-06 09:00 - 2026-10-09 16:30                        <\/option>\r\n                                                <option value=\"1794301200:1794587400\">\r\n                            2026-11-10 09:00 - 2026-11-13 16:30                        <\/option>\r\n                                                <option value=\"1796720400:1797006600\">\r\n                            2026-12-08 09:00 - 2026-12-11 16:30                        <\/option>\r\n                                            <\/select>\r\n                <\/div>\r\n            <\/div>\r\n        <\/div>\r\n            <\/div>\r\n    \r\n    <div class=\"mec-event-tickets-list \" id=\"mec_book_form_tickets_container1338\" data-total-booking-limit=\"11\">\r\n                        <div class=\"mec-event-ticket mec-event-ticket11 \" id=\"mec_event_ticket1\">\r\n\r\n            <div class=\"mec-ticket-style-row mec-ticket-available-spots \">\r\n                <div class=\"mec-ticket-style-row-section-1\">\r\n                    <div class=\"mec-ticket-icon-wrapper\"><img decoding=\"async\" class=\"mec-svg-icon\" src=\"https:\/\/www.esd-akademie.de\/wp-content\/plugins\/modern-events-calendar\/assets\/img\/svg\/form\/ticket-icon.svg\" alt=\"Form\/ticket icon Symbol\" title=\"Form\/ticket icon Symbol\"><\/div>\r\n                <\/div>\r\n                <div class=\"mec-ticket-style-row-section-2\">\r\n                    <div class=\"mec-ticket-name-description-wrapper\">\r\n                        <span class=\"mec-event-ticket-name\">Kombiseminar: ESD-Fachkraft und ESD-Koordinator (03-KB)<\/span>\r\n                                                <div class=\"mec-event-ticket-price\">1.890,00 \u20ac<\/div>\r\n                    <\/div>\r\n                <\/div>\r\n                <div class=\"mec-ticket-style-row-section-3\">\r\n                                        <div class=\"mec-event-ticket-input-wrapper\">\r\n                        <a href=\"#\" class=\"plus\"><img decoding=\"async\" class=\"mec-svg-icon\" src=\"https:\/\/www.esd-akademie.de\/wp-content\/plugins\/modern-events-calendar\/assets\/img\/svg\/form\/up-small-icon.svg\" alt=\"Form\/up small icon Symbol\" title=\"Form\/up small icon Symbol\"><\/a>\r\n                        <input onkeydown=\"return event.keyCode !== 69\" type=\"number\" class=\"mec-book-ticket-limit in-num\" name=\"book[tickets][1]\" title=\"Z\u00e4hler\" placeholder=\"Z\u00e4hler\" value=\"1\" min=\"0\" max=\"11\" data-maximum-purchase=\"\" data-seats=\"1\" onchange=\"mec_check_tickets_availability1338(1, this.value);\" \/>\r\n                        <a href=\"#\" class=\"minus dis\"><img decoding=\"async\" class=\"mec-svg-icon\" src=\"https:\/\/www.esd-akademie.de\/wp-content\/plugins\/modern-events-calendar\/assets\/img\/svg\/form\/down-small-icon.svg\" alt=\"Form\/down small icon Symbol\" title=\"Form\/down small icon Symbol\"><\/a>\r\n                    <\/div>\r\n                    <div class=\"mec-event-ticket-available\">Verf\u00fcgbare Tickets: <span>11<\/span><\/div>\r\n                                    <\/div>\r\n            <\/div>\r\n            \r\n                                    <div id=\"mec-ticket-message-1\" class=\"mec-ticket-unavailable-spots info-msg mec-util-hidden\">\r\n                <div>\r\n                    Das <strong>\"Kombiseminar: ESD-Fachkraft und ESD-Koordinator (03-KB)\"<\/strong>-Ticket ist ausverkauft. Sie k\u00f6nnen ein anderes Ticket oder ein anderes Datum versuchen.                <\/div>\r\n                                <input type=\"hidden\" id=\"mec-ticket-message-sales-1\" value=\"Der &lt;strong&gt;&quot;Kombiseminar: ESD-Fachkraft und ESD-Koordinator (03-KB)&quot;&lt;\/strong&gt;-Ticketverkauf ist beendet!\" \/>\r\n                <input type=\"hidden\" id=\"mec-ticket-message-sold-out-1\" value=\"Das &lt;strong&gt;&quot;Kombiseminar: ESD-Fachkraft und ESD-Koordinator (03-KB)&quot;&lt;\/strong&gt;-Ticket ist ausverkauft. Sie k\u00f6nnen ein anderes Ticket oder ein anderes Datum versuchen.\" \/>\r\n            <\/div>\r\n                    <\/div>\r\n            <\/div>\r\n\r\n    \r\n    <input type=\"hidden\" name=\"lang\" value=\"de_DE\" \/>\r\n    <input type=\"hidden\" name=\"action\" value=\"mec_book_form\" \/>\r\n    <input type=\"hidden\" name=\"event_id\" value=\"1824\" \/>\r\n    <input type=\"hidden\" name=\"translated_event_id\" value=\"1824\" \/>\r\n    <input type=\"hidden\" name=\"uniqueid\" value=\"1338\" \/>\r\n    <input type=\"hidden\" name=\"step\" value=\"1\" \/>\r\n    <input type=\"hidden\" name=\"do_skip\" value=\"0\" \/>\r\n    <input type=\"hidden\" id=\"_wpnonce\" name=\"_wpnonce\" value=\"5630e42ae2\" \/><input type=\"hidden\" name=\"_wp_http_referer\" value=\"\/de\/wp-json\/wp\/v2\/pages\/403\" \/>\r\n        <span id=\"mec_booking_quantity_wrapper_1338\">Gesamt: <span class=\"mec-booking-quantity-holder\">0<\/span><\/span>\r\n        <div class=\"mec-book-form-btn-wrap\">\r\n        <button id=\"mec-book-form-btn-step-1\" class=\"mec-book-form-next-button \" style=\"\" type=\"submit\" onclick=\"mec_book_form_back_btn_cache(this, 1338);\" >\r\n            Weiter <svg xmlns=\"http:\/\/www.w3.org\/2000\/svg\" width=\"13\" height=\"10\" viewBox=\"0 0 13 10\"><path id=\"next-icon\" d=\"M92.034,76.719l-.657.675,3.832,3.857H84v.937H95.208l-3.832,3.857.657.675,4.967-5Z\" transform=\"translate(-84.001 -76.719)\" fill=\"#07bbe9\"\/><\/svg>        <\/button>\r\n    <\/div>\r\n<\/form>\r\n<\/div>\r\n<div id=\"mec_booking_message1338\" class=\"mec-util-hidden\"><\/div>\r\n            <\/div>\n            \n            <!-- Tags -->\n            <div class=\"mec-events-meta-group mec-events-meta-group-tags\">\n                            <\/div>\n\n        <\/div>\n    <\/article>\n<\/div>\n<script>\n\/\/ Fix modal speaker in some themes\njQuery(\"#mec_skin_1338 .mec-speaker-avatar a\").on('click', function(e)\n{\n    e.preventDefault();\n\n    var id = jQuery(this).attr('href');\n    lity(id);\n\n    return false;\n});\n<\/script>                                <\/div>\n                            <\/div>\n                        <\/div><!-- toggle item end -->\n                    <\/div><!-- toggles wrap end -->\n                            <\/article>\n\t\t\t\t\t\t\t\n            \n            \t\t\t \n\t\t\t <article class=\"mec-past-event mec-event-article  mec-clear  mec-divider-toggle mec-toggle-202607-1883\" itemscope>\n\t\t\t \n\t\t\t \t\t\t\t                    <!-- toggles wrap start -->\n                    <div class=\"mec-events-toggle\">\n                        <!-- toggle item start -->\n                        <div class=\"mec-toggle-item\">\n                            <div class=\"mec-toggle-item-inner\" tabindex=\"0\">\n                                                                <div class=\"mec-toggle-item-col\">\n                                                                            <div class=\"mec-event-month\"><span class=\"mec-start-date-label\">14 - 17 Juli 2026<\/span><\/div>\n                                                                                                        <\/div>\n                                <h3 class=\"mec-toggle-title\">\n                                    Kombiseminar: ESD-Fachkraft und ESD-Koordinator (03-KB)<span class=\"event-color\" style=\"background: #afafaf\"><\/span>\t\t\t\t\t\t\t\t\t\t\t\t\t\t\t\t\t\t<span class=\"labellist-inhalt\">\n\t\t\t\t\t\t\t\t\t\t        <div>\n            <div>\n                <div>\n                    <ul class=\"mec-event-data-field-items\">\n                                                                        <li class=\"mec-event-data-field-item mec-field-item-checkbox\">\n                            \n                                                            <span class=\"mec-event-data-field-value sonderfelder\"><i class=\"fas fa-check greencheck\"><\/i>Pr\u00fcfung <i class=\"fas fa-check greencheck\"><\/i>Zertifikat<\/span>\n                                                    <\/li>\n                                            <\/ul>\n                <\/div>\n            <\/div>\n        <\/div>\n         \n\t\t\t\t\t\t\t\t\t\t<span class=\"daysinlist\">Tage: 4<\/span>\n\t\t\t\t\t\t\t\t\t\t<span class=\"pricetitle\"> Preis: 1.890,00\u20ac **<\/span>\n\t\t\t\t\t\t\t\t\t<\/span>\n\t\t\t\t\t\t\t\t\t<\/h3>\n\t\t\t\t\t\t\t\t\t\n                                                                <i class=\"mec-sl-arrow-down\"><\/i>\n                            <\/div>\n                            <div class=\"mec-content-toggle\" aria-hidden=\"true\" style=\"display: none;\">\n                                <div class=\"mec-toggle-content\">\n                                    <div class=\"mec-wrap colorskin-custom clearfix  mec-modal-wrap\" id=\"mec_skin_9789\" data-unique-id=\"9789\">\n    <article class=\"mec-single-event mec-single-modern mec-single-modal\">\n        <div class=\"mec-events-event-image\">\n                    <\/div>\n        \n        <div class=\"col-md-4\">\n\n            <div class=\"mec-event-meta mec-color-before mec-frontbox \">\n                                    <div class=\"mec-single-event-organizer\">\n                                                <h3 class=\"mec-events-single-section-title\">Veranstalter<\/h3>\n                        <dl>\n                                                <dd class=\"mec-organizer\">\n                            <i class=\"mec-sl-home\"><\/i>\n                            <h6>ESD-Akademie GmbH<\/h6>\n                        <\/dd>\n                                                <dd class=\"mec-organizer-tel\">\n                            <i class=\"mec-sl-phone\"><\/i>\n                            <h6>Telefon<\/h6>\n                            <a href=\"tel:+49 (0) 26 89 92 870-20\">+49 (0) 26 89 92 870-20<\/a>\n                        <\/dd>\n                                                <dd class=\"mec-organizer-email\">\n                            <i class=\"mec-sl-envelope\"><\/i>\n                            <h6>E-Mail<\/h6>\n                            <a href=\"mailto:info@esd-akademie.de\">info@esd-akademie.de<\/a>\n                        <\/dd>\n                                                <dd class=\"mec-organizer-url\">\n                            <i class=\"mec-sl-sitemap\"><\/i>\n                            <h6>Webseite<\/h6>\n                            <span><a href=\"https:\/\/www.esd-akademie.de\/\" class=\"mec-color-hover\" target=\"_blank\">https:\/\/www.esd-akademie.de\/<\/a><\/span>\n                        <\/dd>\n                                                <\/dl>\n                                            <\/div>\n                    \n                <!-- Sponsors Module -->\n                \n                <!-- Register Booking Button -->\n                                    <a class=\"mec-booking-button mec-bg-color\" href=\"#mec-events-meta-group-booking-9789\">Termine\/Anmeldung<\/a>\n                            <\/div>\n\n            <!-- Weather Module -->\n            \n            \n\n            <!-- Public Download Module -->\n            \n            <!-- Local Time Module -->\n            <div class=\"mec-local-time-details mec-frontbox\" id=\"mec_local_time_details\">\r\n    <i class=\"mec-sl-clock\"><\/i><h3 class=\"mec-local-time mec-frontbox-title\">Ortszeit<\/h3>\r\n    <ul>\r\n        <li>Zeitzone: <span>America\/New_York<\/span><\/li>\r\n        <li>Datum: <span class=\"mec-start-date-label\">14 - 17 Juli 2026<\/span><\/li>\r\n            <\/ul>\r\n<\/div>\t\t\t\n\t\t\t\n            <div class=\"mec-event-meta mec-color-before mec-frontbox\">\n\n                                                \n                                    <div class=\"mec-single-event-location\">\n                                                <i class=\"mec-sl-location-pin\"><\/i>\n                        <h3 class=\"mec-events-single-section-title mec-location\">Standort<\/h3>\n                        <dl>\n                        <dd class=\"author fn org\">ESD-Akademie GmbH<\/dd>\n                        <dd class=\"location\"><address class=\"mec-events-address\"><span class=\"mec-address\">Industriestra\u00dfe 27, 56276 Gro\u00dfmaischeid<\/span><\/address><\/dd>\n\n                                                <dd class=\"mec-location-url\">\n                            <i class=\"mec-sl-sitemap\"><\/i>\n                            <h6>Webseite<\/h6>\n                            <span><a href=\"https:\/\/www.esd-akademie.de\/\" class=\"mec-color-hover\" target=\"_blank\">https:\/\/www.esd-akademie.de\/<\/a><\/span>\n                        <\/dd>\n                                                <\/dl>\n                    <\/div>\n                    \n                                    <div class=\"mec-single-event-category\">\n                        <i class=\"mec-sl-folder\"><\/i>\n                        <dt>Kategorie<\/dt>\n                        <dl>\n                        <dd class=\"mec-events-event-categories\"><a href=\"https:\/\/www.esd-akademie.de\/de\/mec-category\/kombiseminar-esd-fachkraft-und-esd-koordinator-03-kb\/\" class=\"mec-color-hover\" rel=\"tag\"><i class=\"mec-fa-angle-right\"><\/i>Kombiseminar: ESD-Fachkraft und ESD-Koordinator (03-KB)<\/a><\/dd>                        <\/dl>\n                    <\/div>\n                    \n                                        <div class=\"mec-event-more-info\">\n                            <i class=\"mec-sl-info\"><\/i>\n                            <h3 class=\"mec-cost\">Weitere Informationen<\/h3>\n\t\t\t\t\t\t\t\t\t\t\t\t\t\t<dd class=\"mec-events-event-more-info\"><a class=\"mec-more-info-button mec-color-hover\" target=\"_blank\" href=\"https:\/\/www.esd-akademie.de\/wp-content\/uploads\/2023\/06\/03_Kombi_DE-ESD-Fachkrfat_Koordinator_22.pdf\"><span class=\"pdficoninevent\"><i class=\"far fa-file-pdf\"><\/i> Infos<\/span><\/a><\/dd>\n\t\t\t\t\t\t\t\t\t\t\t\t\t<\/div>\n                        \n            <\/div>\n\n\t\t\t<!-- QRCode Module -->\n            <div class=\"mec-qrcode-details mec-frontbox\">\r\n    <img decoding=\"async\" src=\"https:\/\/www.esd-akademie.de\/wp-content\/uploads\/mec\/qr_e7e72d6d520d701b9f64b3118e174d89.png\" width=\"120\" height=\"120\" alt=\"QR Code\" \/>\r\n<\/div>\t\t\t\n            <!-- Speaker List Module -->\n            \t\t\t\n\t\t\t<!-- Export Module -->\n            <div class=\"mec-event-export-module mec-frontbox\">\r\n     <div class=\"mec-event-exporting\">\r\n        <div class=\"mec-export-details\">\r\n            <ul>\r\n                <li><a class=\"mec-events-gcal mec-events-button mec-color mec-bg-color-hover mec-border-color\" href=\"https:\/\/calendar.google.com\/calendar\/render?action=TEMPLATE&text=Kombiseminar%3A+ESD-Fachkraft+und+ESD-Koordinator+%2803-KB%29&dates=20260714T070000Z\/20260717T143000Z&details=Kombiseminar%3A+ESD-Fachkraft+und+ESD-Koordinator+%2803-KB%29&amp;location=Industriestra%C3%9Fe+27%2C+56276+Gro%C3%9Fmaischeid\" target=\"_blank\">+ Zu Google Kalender hinzuf\u00fcgen<\/a><\/li>                <li><a class=\"mec-events-gcal mec-events-button mec-color mec-bg-color-hover mec-border-color\" href=\"https:\/\/www.esd-akademie.de\/de\/\/?method=ical&#038;id=1824\">+ iCal \/ Outlook exportieren<\/a><\/li>            <\/ul>\r\n        <\/div>\r\n    <\/div>\r\n<\/div>\t\t\t\n            <!-- Attendees List Module -->\n            \n            <!-- Next Previous Module -->\n                    <\/div>\n\n        <div class=\"col-md-8\">\n\n            <div class=\"mec-event-content\">\n                <div class=\"mec-single-event-description mec-events-content\">\n                                                                                                <\/div>\n            <\/div>\n\n            \n            <!-- Custom Data Fields -->\n                    <div class=\"mec-event-data-fields mec-frontbox  \">\r\n            <div class=\"mec-data-fields-tooltip\">\r\n                <div class=\"mec-data-fields-tooltip-box\">\r\n                    <ul class=\"mec-event-data-field-items\">\r\n                                                                        <li class=\"mec-event-data-field-item mec-field-item-checkbox\">\r\n                            \r\n                                                        <span class=\"mec-event-data-field-name\">Inhalt<\/span>\r\n                            \r\n                                                            <span class=\"mec-event-data-field-value\">Pr\u00fcfung, Zertifikat<\/span>\r\n                                                    <\/li>\r\n                                            <\/ul>\r\n                <\/div>\r\n            <\/div>\r\n        <\/div>\r\n        \n            <!-- FAQ -->\n            \n            <!-- Links Module -->\n            \n\n\t\t\t<!-- Hourly Schedule -->\n                    <div class=\"mec-event-schedule mec-frontbox\">\r\n            <h3 class=\"mec-schedule-head mec-frontbox-title\">St\u00fcndlicher Zeitplan<\/h3>\r\n                                                <h4 class=\"mec-schedule-part\">Tag 1<\/h4>\r\n                                <div class=\"mec-event-schedule-content\">\r\n                                        <dl>\r\n                        <dt class=\"mec-schedule-time\"><span class=\"mec-schedule-start-time mec-color\">9:00 Uhr<\/span> - <span class=\"mec-schedule-end-time mec-color\">16:30 Uhr<\/span> <\/dt>\r\n                        <dt class=\"mec-schedule-title\"> ESD-Fachkraft\/Grundlagen (Tag 1)<\/dt>\r\n                        <dt class=\"mec-schedule-description\"><\/dt>\r\n\r\n                                            <\/dl>\r\n                                    <\/div>\r\n                                                <h4 class=\"mec-schedule-part\">Tag 2<\/h4>\r\n                                <div class=\"mec-event-schedule-content\">\r\n                                        <dl>\r\n                        <dt class=\"mec-schedule-time\"><span class=\"mec-schedule-start-time mec-color\">9:00 Uhr<\/span> - <span class=\"mec-schedule-end-time mec-color\">16:30 Uhr<\/span> <\/dt>\r\n                        <dt class=\"mec-schedule-title\"> ESD-Fachkraft\/Grundlagen (Tag 2)<\/dt>\r\n                        <dt class=\"mec-schedule-description\"><\/dt>\r\n\r\n                                            <\/dl>\r\n                                    <\/div>\r\n                                                <h4 class=\"mec-schedule-part\">Tag 3<\/h4>\r\n                                <div class=\"mec-event-schedule-content\">\r\n                                        <dl>\r\n                        <dt class=\"mec-schedule-time\"><span class=\"mec-schedule-start-time mec-color\"> 09:00 Uhr<\/span> - <span class=\"mec-schedule-end-time mec-color\"> 16:30 Uhr<\/span> <\/dt>\r\n                        <dt class=\"mec-schedule-title\">ESD-Koordinator (Tag 1)<\/dt>\r\n                        <dt class=\"mec-schedule-description\"><\/dt>\r\n\r\n                                            <\/dl>\r\n                                    <\/div>\r\n                                                <h4 class=\"mec-schedule-part\">Tag 4<\/h4>\r\n                                <div class=\"mec-event-schedule-content\">\r\n                                        <dl>\r\n                        <dt class=\"mec-schedule-time\"><span class=\"mec-schedule-start-time mec-color\">08:30 Uhr<\/span> - <span class=\"mec-schedule-end-time mec-color\">13:30 Uhr<\/span> <\/dt>\r\n                        <dt class=\"mec-schedule-title\">ESD-Koordinator (Tag 2)<\/dt>\r\n                        <dt class=\"mec-schedule-description\"><\/dt>\r\n\r\n                                            <\/dl>\r\n                                    <\/div>\r\n            \r\n                    <\/div>\r\n        \t\t\t\n            <!-- Google Maps Module \n            <div class=\"mec-events-meta-group mec-events-meta-group-gmap\">\n                            <\/div>\n\t\t\t-->\n            \n\n            \n\n            \t\t\t<!-- Booking Module -->\n                        <div id=\"mec-events-meta-group-booking-9789\" class=\"mec-events-meta-group mec-events-meta-group-booking\">\n                <div class=\"mec-booking  \" id=\"mec_booking9789\" data-skip=\"0\">\r\n    <form id=\"mec_book_form9789\" onsubmit=\"mec_book_form_submit(event, 9789);\">\r\n\r\n            <h4>Veranstaltung buchen<\/h4>\r\n    \r\n        <div class=\"mec-book-first\">\r\n                <div class=\"mec-booking-calendar-wrapper\" id=\"mec_booking_calendar_wrapper9789\">\r\n            <label for=\"mec_book_form_date9789\" class=\"mec-select-date-label\">Datum ausw\u00e4hlen <span class=\"mec-required\">*<\/span> <\/label>\r\n            <div class=\"mec-select-date-dropdown-wrapper\">\r\n                <div class=\"mec-select-date-dropdown\">\r\n                    <span class=\"mec-select-date-calendar-icon\"><img decoding=\"async\" class=\"mec-svg-icon\" src=\"https:\/\/www.esd-akademie.de\/wp-content\/plugins\/modern-events-calendar\/assets\/img\/svg\/form\/calendar-icon.svg\" alt=\"Form\/calendar icon Symbol\" title=\"Form\/calendar icon Symbol\"><\/span>\r\n                    <select class=\"mec-custom-nice-select\" name=\"book[date]\" id=\"mec_book_form_date9789\" onchange=\"mec_get_tickets_availability9789(1824, this.value);\">\r\n                                                <option value=\"1784019600:1784305800\">\r\n                            2026-07-14 09:00 - 2026-07-17 16:30                        <\/option>\r\n                                                <option value=\"1788858000:1789144200\">\r\n                            2026-09-08 09:00 - 2026-09-11 16:30                        <\/option>\r\n                                                <option value=\"1791277200:1791563400\">\r\n                            2026-10-06 09:00 - 2026-10-09 16:30                        <\/option>\r\n                                                <option value=\"1794301200:1794587400\">\r\n                            2026-11-10 09:00 - 2026-11-13 16:30                        <\/option>\r\n                                                <option value=\"1796720400:1797006600\">\r\n                            2026-12-08 09:00 - 2026-12-11 16:30                        <\/option>\r\n                                            <\/select>\r\n                <\/div>\r\n            <\/div>\r\n        <\/div>\r\n            <\/div>\r\n    \r\n    <div class=\"mec-event-tickets-list \" id=\"mec_book_form_tickets_container9789\" data-total-booking-limit=\"14\">\r\n                        <div class=\"mec-event-ticket mec-event-ticket14 \" id=\"mec_event_ticket1\">\r\n\r\n            <div class=\"mec-ticket-style-row mec-ticket-available-spots \">\r\n                <div class=\"mec-ticket-style-row-section-1\">\r\n                    <div class=\"mec-ticket-icon-wrapper\"><img decoding=\"async\" class=\"mec-svg-icon\" src=\"https:\/\/www.esd-akademie.de\/wp-content\/plugins\/modern-events-calendar\/assets\/img\/svg\/form\/ticket-icon.svg\" alt=\"Form\/ticket icon Symbol\" title=\"Form\/ticket icon Symbol\"><\/div>\r\n                <\/div>\r\n                <div class=\"mec-ticket-style-row-section-2\">\r\n                    <div class=\"mec-ticket-name-description-wrapper\">\r\n                        <span class=\"mec-event-ticket-name\">Kombiseminar: ESD-Fachkraft und ESD-Koordinator (03-KB)<\/span>\r\n                                                <div class=\"mec-event-ticket-price\">1.890,00 \u20ac<\/div>\r\n                    <\/div>\r\n                <\/div>\r\n                <div class=\"mec-ticket-style-row-section-3\">\r\n                                        <div class=\"mec-event-ticket-input-wrapper\">\r\n                        <a href=\"#\" class=\"plus\"><img decoding=\"async\" class=\"mec-svg-icon\" src=\"https:\/\/www.esd-akademie.de\/wp-content\/plugins\/modern-events-calendar\/assets\/img\/svg\/form\/up-small-icon.svg\" alt=\"Form\/up small icon Symbol\" title=\"Form\/up small icon Symbol\"><\/a>\r\n                        <input onkeydown=\"return event.keyCode !== 69\" type=\"number\" class=\"mec-book-ticket-limit in-num\" name=\"book[tickets][1]\" title=\"Z\u00e4hler\" placeholder=\"Z\u00e4hler\" value=\"1\" min=\"0\" max=\"14\" data-maximum-purchase=\"\" data-seats=\"1\" onchange=\"mec_check_tickets_availability9789(1, this.value);\" \/>\r\n                        <a href=\"#\" class=\"minus dis\"><img decoding=\"async\" class=\"mec-svg-icon\" src=\"https:\/\/www.esd-akademie.de\/wp-content\/plugins\/modern-events-calendar\/assets\/img\/svg\/form\/down-small-icon.svg\" alt=\"Form\/down small icon Symbol\" title=\"Form\/down small icon Symbol\"><\/a>\r\n                    <\/div>\r\n                    <div class=\"mec-event-ticket-available\">Verf\u00fcgbare Tickets: <span>14<\/span><\/div>\r\n                                    <\/div>\r\n            <\/div>\r\n            \r\n                                    <div id=\"mec-ticket-message-1\" class=\"mec-ticket-unavailable-spots info-msg mec-util-hidden\">\r\n                <div>\r\n                    Das <strong>\"Kombiseminar: ESD-Fachkraft und ESD-Koordinator (03-KB)\"<\/strong>-Ticket ist ausverkauft. Sie k\u00f6nnen ein anderes Ticket oder ein anderes Datum versuchen.                <\/div>\r\n                                <input type=\"hidden\" id=\"mec-ticket-message-sales-1\" value=\"Der &lt;strong&gt;&quot;Kombiseminar: ESD-Fachkraft und ESD-Koordinator (03-KB)&quot;&lt;\/strong&gt;-Ticketverkauf ist beendet!\" \/>\r\n                <input type=\"hidden\" id=\"mec-ticket-message-sold-out-1\" value=\"Das &lt;strong&gt;&quot;Kombiseminar: ESD-Fachkraft und ESD-Koordinator (03-KB)&quot;&lt;\/strong&gt;-Ticket ist ausverkauft. Sie k\u00f6nnen ein anderes Ticket oder ein anderes Datum versuchen.\" \/>\r\n            <\/div>\r\n                    <\/div>\r\n            <\/div>\r\n\r\n    \r\n    <input type=\"hidden\" name=\"lang\" value=\"de_DE\" \/>\r\n    <input type=\"hidden\" name=\"action\" value=\"mec_book_form\" \/>\r\n    <input type=\"hidden\" name=\"event_id\" value=\"1824\" \/>\r\n    <input type=\"hidden\" name=\"translated_event_id\" value=\"1824\" \/>\r\n    <input type=\"hidden\" name=\"uniqueid\" value=\"9789\" \/>\r\n    <input type=\"hidden\" name=\"step\" value=\"1\" \/>\r\n    <input type=\"hidden\" name=\"do_skip\" value=\"0\" \/>\r\n    <input type=\"hidden\" id=\"_wpnonce\" name=\"_wpnonce\" value=\"5630e42ae2\" \/><input type=\"hidden\" name=\"_wp_http_referer\" value=\"\/de\/wp-json\/wp\/v2\/pages\/403\" \/>\r\n        <span id=\"mec_booking_quantity_wrapper_9789\">Gesamt: <span class=\"mec-booking-quantity-holder\">0<\/span><\/span>\r\n        <div class=\"mec-book-form-btn-wrap\">\r\n        <button id=\"mec-book-form-btn-step-1\" class=\"mec-book-form-next-button \" style=\"\" type=\"submit\" onclick=\"mec_book_form_back_btn_cache(this, 9789);\" >\r\n            Weiter <svg xmlns=\"http:\/\/www.w3.org\/2000\/svg\" width=\"13\" height=\"10\" viewBox=\"0 0 13 10\"><path id=\"next-icon\" d=\"M92.034,76.719l-.657.675,3.832,3.857H84v.937H95.208l-3.832,3.857.657.675,4.967-5Z\" transform=\"translate(-84.001 -76.719)\" fill=\"#07bbe9\"\/><\/svg>        <\/button>\r\n    <\/div>\r\n<\/form>\r\n<\/div>\r\n<div id=\"mec_booking_message9789\" class=\"mec-util-hidden\"><\/div>\r\n            <\/div>\n            \n            <!-- Tags -->\n            <div class=\"mec-events-meta-group mec-events-meta-group-tags\">\n                            <\/div>\n\n        <\/div>\n    <\/article>\n<\/div>\n<script>\n\/\/ Fix modal speaker in some themes\njQuery(\"#mec_skin_9789 .mec-speaker-avatar a\").on('click', function(e)\n{\n    e.preventDefault();\n\n    var id = jQuery(this).attr('href');\n    lity(id);\n\n    return false;\n});\n<\/script>                                <\/div>\n                            <\/div>\n                        <\/div><!-- toggle item end -->\n                    <\/div><!-- toggles wrap end -->\n                            <\/article>\n\t\t\t\t\t\t\t\n            \n            \t\t\t \n\t\t\t <article class=\"mec-past-event mec-event-article  mec-clear  mec-divider-toggle mec-toggle-202609-1883\" itemscope>\n\t\t\t \n\t\t\t \t\t\t\t                    <!-- toggles wrap start -->\n                    <div class=\"mec-events-toggle\">\n                        <!-- toggle item start -->\n                        <div class=\"mec-toggle-item\">\n                            <div class=\"mec-toggle-item-inner\" tabindex=\"0\">\n                                                                <div class=\"mec-toggle-item-col\">\n                                                                            <div class=\"mec-event-month\"><span class=\"mec-start-date-label\">08 - 11 Sep. 2026<\/span><\/div>\n                                                                                                        <\/div>\n                                <h3 class=\"mec-toggle-title\">\n                                    Kombiseminar: ESD-Fachkraft und ESD-Koordinator (03-KB) <span class=\"mec-event-title-soldout \"><span class=\"soldout\">Ausverkauft<\/span><\/span> <span class=\"event-color\" style=\"background: #afafaf\"><\/span>\t\t\t\t\t\t\t\t\t\t\t\t\t\t\t\t\t\t<span class=\"labellist-inhalt\">\n\t\t\t\t\t\t\t\t\t\t        <div>\n            <div>\n                <div>\n                    <ul class=\"mec-event-data-field-items\">\n                                                                        <li class=\"mec-event-data-field-item mec-field-item-checkbox\">\n                            \n                                                            <span class=\"mec-event-data-field-value sonderfelder\"><i class=\"fas fa-check greencheck\"><\/i>Pr\u00fcfung <i class=\"fas fa-check greencheck\"><\/i>Zertifikat<\/span>\n                                                    <\/li>\n                                            <\/ul>\n                <\/div>\n            <\/div>\n        <\/div>\n         \n\t\t\t\t\t\t\t\t\t\t<span class=\"daysinlist\">Tage: 4<\/span>\n\t\t\t\t\t\t\t\t\t\t<span class=\"pricetitle\"> Preis: 1.890,00\u20ac **<\/span>\n\t\t\t\t\t\t\t\t\t<\/span>\n\t\t\t\t\t\t\t\t\t<\/h3>\n\t\t\t\t\t\t\t\t\t\n                                                                <i class=\"mec-sl-arrow-down\"><\/i>\n                            <\/div>\n                            <div class=\"mec-content-toggle\" aria-hidden=\"true\" style=\"display: none;\">\n                                <div class=\"mec-toggle-content\">\n                                    <div class=\"mec-wrap colorskin-custom clearfix  mec-modal-wrap\" id=\"mec_skin_6681\" data-unique-id=\"6681\">\n    <article class=\"mec-single-event mec-single-modern mec-single-modal\">\n        <div class=\"mec-events-event-image\">\n                    <\/div>\n        \n        <div class=\"col-md-4\">\n\n            <div class=\"mec-event-meta mec-color-before mec-frontbox \">\n                                    <div class=\"mec-single-event-organizer\">\n                                                <h3 class=\"mec-events-single-section-title\">Veranstalter<\/h3>\n                        <dl>\n                                                <dd class=\"mec-organizer\">\n                            <i class=\"mec-sl-home\"><\/i>\n                            <h6>ESD-Akademie GmbH<\/h6>\n                        <\/dd>\n                                                <dd class=\"mec-organizer-tel\">\n                            <i class=\"mec-sl-phone\"><\/i>\n                            <h6>Telefon<\/h6>\n                            <a href=\"tel:+49 (0) 26 89 92 870-20\">+49 (0) 26 89 92 870-20<\/a>\n                        <\/dd>\n                                                <dd class=\"mec-organizer-email\">\n                            <i class=\"mec-sl-envelope\"><\/i>\n                            <h6>E-Mail<\/h6>\n                            <a href=\"mailto:info@esd-akademie.de\">info@esd-akademie.de<\/a>\n                        <\/dd>\n                                                <dd class=\"mec-organizer-url\">\n                            <i class=\"mec-sl-sitemap\"><\/i>\n                            <h6>Webseite<\/h6>\n                            <span><a href=\"https:\/\/www.esd-akademie.de\/\" class=\"mec-color-hover\" target=\"_blank\">https:\/\/www.esd-akademie.de\/<\/a><\/span>\n                        <\/dd>\n                                                <\/dl>\n                                            <\/div>\n                    \n                <!-- Sponsors Module -->\n                \n                <!-- Register Booking Button -->\n                                    <a class=\"mec-booking-button mec-bg-color\" href=\"#mec-events-meta-group-booking-6681\">Termine\/Anmeldung<\/a>\n                            <\/div>\n\n            <!-- Weather Module -->\n            \n            \n\n            <!-- Public Download Module -->\n            \n            <!-- Local Time Module -->\n            <div class=\"mec-local-time-details mec-frontbox\" id=\"mec_local_time_details\">\r\n    <i class=\"mec-sl-clock\"><\/i><h3 class=\"mec-local-time mec-frontbox-title\">Ortszeit<\/h3>\r\n    <ul>\r\n        <li>Zeitzone: <span>America\/New_York<\/span><\/li>\r\n        <li>Datum: <span class=\"mec-start-date-label\">08 - 11 Sep. 2026<\/span><\/li>\r\n            <\/ul>\r\n<\/div>\t\t\t\n\t\t\t\n            <div class=\"mec-event-meta mec-color-before mec-frontbox\">\n\n                                                \n                                    <div class=\"mec-single-event-location\">\n                                                <i class=\"mec-sl-location-pin\"><\/i>\n                        <h3 class=\"mec-events-single-section-title mec-location\">Standort<\/h3>\n                        <dl>\n                        <dd class=\"author fn org\">ESD-Akademie GmbH<\/dd>\n                        <dd class=\"location\"><address class=\"mec-events-address\"><span class=\"mec-address\">Industriestra\u00dfe 27, 56276 Gro\u00dfmaischeid<\/span><\/address><\/dd>\n\n                                                <dd class=\"mec-location-url\">\n                            <i class=\"mec-sl-sitemap\"><\/i>\n                            <h6>Webseite<\/h6>\n                            <span><a href=\"https:\/\/www.esd-akademie.de\/\" class=\"mec-color-hover\" target=\"_blank\">https:\/\/www.esd-akademie.de\/<\/a><\/span>\n                        <\/dd>\n                                                <\/dl>\n                    <\/div>\n                    \n                                    <div class=\"mec-single-event-category\">\n                        <i class=\"mec-sl-folder\"><\/i>\n                        <dt>Kategorie<\/dt>\n                        <dl>\n                        <dd class=\"mec-events-event-categories\"><a href=\"https:\/\/www.esd-akademie.de\/de\/mec-category\/kombiseminar-esd-fachkraft-und-esd-koordinator-03-kb\/\" class=\"mec-color-hover\" rel=\"tag\"><i class=\"mec-fa-angle-right\"><\/i>Kombiseminar: ESD-Fachkraft und ESD-Koordinator (03-KB)<\/a><\/dd>                        <\/dl>\n                    <\/div>\n                    \n                                        <div class=\"mec-event-more-info\">\n                            <i class=\"mec-sl-info\"><\/i>\n                            <h3 class=\"mec-cost\">Weitere Informationen<\/h3>\n\t\t\t\t\t\t\t\t\t\t\t\t\t\t<dd class=\"mec-events-event-more-info\"><a class=\"mec-more-info-button mec-color-hover\" target=\"_blank\" href=\"https:\/\/www.esd-akademie.de\/wp-content\/uploads\/2023\/06\/03_Kombi_DE-ESD-Fachkrfat_Koordinator_22.pdf\"><span class=\"pdficoninevent\"><i class=\"far fa-file-pdf\"><\/i> Infos<\/span><\/a><\/dd>\n\t\t\t\t\t\t\t\t\t\t\t\t\t<\/div>\n                        \n            <\/div>\n\n\t\t\t<!-- QRCode Module -->\n            <div class=\"mec-qrcode-details mec-frontbox\">\r\n    <img decoding=\"async\" src=\"https:\/\/www.esd-akademie.de\/wp-content\/uploads\/mec\/qr_e7e72d6d520d701b9f64b3118e174d89.png\" width=\"120\" height=\"120\" alt=\"QR Code\" \/>\r\n<\/div>\t\t\t\n            <!-- Speaker List Module -->\n            \t\t\t\n\t\t\t<!-- Export Module -->\n            <div class=\"mec-event-export-module mec-frontbox\">\r\n     <div class=\"mec-event-exporting\">\r\n        <div class=\"mec-export-details\">\r\n            <ul>\r\n                <li><a class=\"mec-events-gcal mec-events-button mec-color mec-bg-color-hover mec-border-color\" href=\"https:\/\/calendar.google.com\/calendar\/render?action=TEMPLATE&text=Kombiseminar%3A+ESD-Fachkraft+und+ESD-Koordinator+%2803-KB%29&dates=20260908T070000Z\/20260911T143000Z&details=Kombiseminar%3A+ESD-Fachkraft+und+ESD-Koordinator+%2803-KB%29&amp;location=Industriestra%C3%9Fe+27%2C+56276+Gro%C3%9Fmaischeid\" target=\"_blank\">+ Zu Google Kalender hinzuf\u00fcgen<\/a><\/li>                <li><a class=\"mec-events-gcal mec-events-button mec-color mec-bg-color-hover mec-border-color\" href=\"https:\/\/www.esd-akademie.de\/de\/\/?method=ical&#038;id=1824\">+ iCal \/ Outlook exportieren<\/a><\/li>            <\/ul>\r\n        <\/div>\r\n    <\/div>\r\n<\/div>\t\t\t\n            <!-- Attendees List Module -->\n            \n            <!-- Next Previous Module -->\n                    <\/div>\n\n        <div class=\"col-md-8\">\n\n            <div class=\"mec-event-content\">\n                <div class=\"mec-single-event-description mec-events-content\">\n                                                                                                <\/div>\n            <\/div>\n\n            \n            <!-- Custom Data Fields -->\n                    <div class=\"mec-event-data-fields mec-frontbox  \">\r\n            <div class=\"mec-data-fields-tooltip\">\r\n                <div class=\"mec-data-fields-tooltip-box\">\r\n                    <ul class=\"mec-event-data-field-items\">\r\n                                                                        <li class=\"mec-event-data-field-item mec-field-item-checkbox\">\r\n                            \r\n                                                        <span class=\"mec-event-data-field-name\">Inhalt<\/span>\r\n                            \r\n                                                            <span class=\"mec-event-data-field-value\">Pr\u00fcfung, Zertifikat<\/span>\r\n                                                    <\/li>\r\n                                            <\/ul>\r\n                <\/div>\r\n            <\/div>\r\n        <\/div>\r\n        \n            <!-- FAQ -->\n            \n            <!-- Links Module -->\n            \n\n\t\t\t<!-- Hourly Schedule -->\n                    <div class=\"mec-event-schedule mec-frontbox\">\r\n            <h3 class=\"mec-schedule-head mec-frontbox-title\">St\u00fcndlicher Zeitplan<\/h3>\r\n                                                <h4 class=\"mec-schedule-part\">Tag 1<\/h4>\r\n                                <div class=\"mec-event-schedule-content\">\r\n                                        <dl>\r\n                        <dt class=\"mec-schedule-time\"><span class=\"mec-schedule-start-time mec-color\">9:00 Uhr<\/span> - <span class=\"mec-schedule-end-time mec-color\">16:30 Uhr<\/span> <\/dt>\r\n                        <dt class=\"mec-schedule-title\"> ESD-Fachkraft\/Grundlagen (Tag 1)<\/dt>\r\n                        <dt class=\"mec-schedule-description\"><\/dt>\r\n\r\n                                            <\/dl>\r\n                                    <\/div>\r\n                                                <h4 class=\"mec-schedule-part\">Tag 2<\/h4>\r\n                                <div class=\"mec-event-schedule-content\">\r\n                                        <dl>\r\n                        <dt class=\"mec-schedule-time\"><span class=\"mec-schedule-start-time mec-color\">9:00 Uhr<\/span> - <span class=\"mec-schedule-end-time mec-color\">16:30 Uhr<\/span> <\/dt>\r\n                        <dt class=\"mec-schedule-title\"> ESD-Fachkraft\/Grundlagen (Tag 2)<\/dt>\r\n                        <dt class=\"mec-schedule-description\"><\/dt>\r\n\r\n                                            <\/dl>\r\n                                    <\/div>\r\n                                                <h4 class=\"mec-schedule-part\">Tag 3<\/h4>\r\n                                <div class=\"mec-event-schedule-content\">\r\n                                        <dl>\r\n                        <dt class=\"mec-schedule-time\"><span class=\"mec-schedule-start-time mec-color\"> 09:00 Uhr<\/span> - <span class=\"mec-schedule-end-time mec-color\"> 16:30 Uhr<\/span> <\/dt>\r\n                        <dt class=\"mec-schedule-title\">ESD-Koordinator (Tag 1)<\/dt>\r\n                        <dt class=\"mec-schedule-description\"><\/dt>\r\n\r\n                                            <\/dl>\r\n                                    <\/div>\r\n                                                <h4 class=\"mec-schedule-part\">Tag 4<\/h4>\r\n                                <div class=\"mec-event-schedule-content\">\r\n                                        <dl>\r\n                        <dt class=\"mec-schedule-time\"><span class=\"mec-schedule-start-time mec-color\">08:30 Uhr<\/span> - <span class=\"mec-schedule-end-time mec-color\">13:30 Uhr<\/span> <\/dt>\r\n                        <dt class=\"mec-schedule-title\">ESD-Koordinator (Tag 2)<\/dt>\r\n                        <dt class=\"mec-schedule-description\"><\/dt>\r\n\r\n                                            <\/dl>\r\n                                    <\/div>\r\n            \r\n                    <\/div>\r\n        \t\t\t\n            <!-- Google Maps Module \n            <div class=\"mec-events-meta-group mec-events-meta-group-gmap\">\n                            <\/div>\n\t\t\t-->\n            \n\n            \n\n            \t\t\t<!-- Booking Module -->\n                        <div id=\"mec-events-meta-group-booking-6681\" class=\"mec-events-meta-group mec-events-meta-group-booking\">\n                <div class=\"mec-booking  \" id=\"mec_booking6681\" data-skip=\"0\">\r\n    <form id=\"mec_book_form6681\" onsubmit=\"mec_book_form_submit(event, 6681);\">\r\n\r\n            <h4>Veranstaltung buchen<\/h4>\r\n    \r\n        <div class=\"mec-book-first\">\r\n                <div class=\"mec-booking-calendar-wrapper\" id=\"mec_booking_calendar_wrapper6681\">\r\n            <label for=\"mec_book_form_date6681\" class=\"mec-select-date-label\">Datum ausw\u00e4hlen <span class=\"mec-required\">*<\/span> <\/label>\r\n            <div class=\"mec-select-date-dropdown-wrapper\">\r\n                <div class=\"mec-select-date-dropdown\">\r\n                    <span class=\"mec-select-date-calendar-icon\"><img decoding=\"async\" class=\"mec-svg-icon\" src=\"https:\/\/www.esd-akademie.de\/wp-content\/plugins\/modern-events-calendar\/assets\/img\/svg\/form\/calendar-icon.svg\" alt=\"Form\/calendar icon Symbol\" title=\"Form\/calendar icon Symbol\"><\/span>\r\n                    <select class=\"mec-custom-nice-select\" name=\"book[date]\" id=\"mec_book_form_date6681\" onchange=\"mec_get_tickets_availability6681(1824, this.value);\">\r\n                                                <option value=\"1788858000:1789144200\">\r\n                            2026-09-08 09:00 - 2026-09-11 16:30                        <\/option>\r\n                                                <option value=\"1791277200:1791563400\">\r\n                            2026-10-06 09:00 - 2026-10-09 16:30                        <\/option>\r\n                                                <option value=\"1794301200:1794587400\">\r\n                            2026-11-10 09:00 - 2026-11-13 16:30                        <\/option>\r\n                                                <option value=\"1796720400:1797006600\">\r\n                            2026-12-08 09:00 - 2026-12-11 16:30                        <\/option>\r\n                                            <\/select>\r\n                <\/div>\r\n            <\/div>\r\n        <\/div>\r\n            <\/div>\r\n    \r\n    <div class=\"mec-event-tickets-list \" id=\"mec_book_form_tickets_container6681\" data-total-booking-limit=\"0\">\r\n                        <div class=\"mec-event-ticket mec-event-ticket0 \" id=\"mec_event_ticket1\">\r\n\r\n            <div class=\"mec-ticket-style-row mec-ticket-available-spots mec-util-hidden\">\r\n                <div class=\"mec-ticket-style-row-section-1\">\r\n                    <div class=\"mec-ticket-icon-wrapper\"><img decoding=\"async\" class=\"mec-svg-icon\" src=\"https:\/\/www.esd-akademie.de\/wp-content\/plugins\/modern-events-calendar\/assets\/img\/svg\/form\/ticket-icon.svg\" alt=\"Form\/ticket icon Symbol\" title=\"Form\/ticket icon Symbol\"><\/div>\r\n                <\/div>\r\n                <div class=\"mec-ticket-style-row-section-2\">\r\n                    <div class=\"mec-ticket-name-description-wrapper\">\r\n                        <span class=\"mec-event-ticket-name\">Kombiseminar: ESD-Fachkraft und ESD-Koordinator (03-KB)<\/span>\r\n                                                <div class=\"mec-event-ticket-price\">1.890,00 \u20ac<\/div>\r\n                    <\/div>\r\n                <\/div>\r\n                <div class=\"mec-ticket-style-row-section-3\">\r\n                                        <div class=\"mec-event-ticket-input-wrapper\">\r\n                        <a href=\"#\" class=\"plus\"><img decoding=\"async\" class=\"mec-svg-icon\" src=\"https:\/\/www.esd-akademie.de\/wp-content\/plugins\/modern-events-calendar\/assets\/img\/svg\/form\/up-small-icon.svg\" alt=\"Form\/up small icon Symbol\" title=\"Form\/up small icon Symbol\"><\/a>\r\n                        <input onkeydown=\"return event.keyCode !== 69\" type=\"number\" class=\"mec-book-ticket-limit in-num\" name=\"book[tickets][1]\" title=\"Z\u00e4hler\" placeholder=\"Z\u00e4hler\" value=\"1\" min=\"0\" max=\"0\" data-maximum-purchase=\"\" data-seats=\"1\" onchange=\"mec_check_tickets_availability6681(1, this.value);\" \/>\r\n                        <a href=\"#\" class=\"minus dis\"><img decoding=\"async\" class=\"mec-svg-icon\" src=\"https:\/\/www.esd-akademie.de\/wp-content\/plugins\/modern-events-calendar\/assets\/img\/svg\/form\/down-small-icon.svg\" alt=\"Form\/down small icon Symbol\" title=\"Form\/down small icon Symbol\"><\/a>\r\n                    <\/div>\r\n                    <div class=\"mec-event-ticket-available\">Verf\u00fcgbare Tickets: <span>0<\/span><\/div>\r\n                                    <\/div>\r\n            <\/div>\r\n            \r\n                                    <div id=\"mec-ticket-message-1\" class=\"mec-ticket-unavailable-spots info-msg \">\r\n                <div>\r\n                    Das <strong>\"Kombiseminar: ESD-Fachkraft und ESD-Koordinator (03-KB)\"<\/strong>-Ticket ist ausverkauft. Sie k\u00f6nnen ein anderes Ticket oder ein anderes Datum versuchen.                <\/div>\r\n                                <input type=\"hidden\" id=\"mec-ticket-message-sales-1\" value=\"Der &lt;strong&gt;&quot;Kombiseminar: ESD-Fachkraft und ESD-Koordinator (03-KB)&quot;&lt;\/strong&gt;-Ticketverkauf ist beendet!\" \/>\r\n                <input type=\"hidden\" id=\"mec-ticket-message-sold-out-1\" value=\"Das &lt;strong&gt;&quot;Kombiseminar: ESD-Fachkraft und ESD-Koordinator (03-KB)&quot;&lt;\/strong&gt;-Ticket ist ausverkauft. Sie k\u00f6nnen ein anderes Ticket oder ein anderes Datum versuchen.\" \/>\r\n            <\/div>\r\n                    <\/div>\r\n            <\/div>\r\n\r\n    \r\n    <input type=\"hidden\" name=\"lang\" value=\"de_DE\" \/>\r\n    <input type=\"hidden\" name=\"action\" value=\"mec_book_form\" \/>\r\n    <input type=\"hidden\" name=\"event_id\" value=\"1824\" \/>\r\n    <input type=\"hidden\" name=\"translated_event_id\" value=\"1824\" \/>\r\n    <input type=\"hidden\" name=\"uniqueid\" value=\"6681\" \/>\r\n    <input type=\"hidden\" name=\"step\" value=\"1\" \/>\r\n    <input type=\"hidden\" name=\"do_skip\" value=\"0\" \/>\r\n    <input type=\"hidden\" id=\"_wpnonce\" name=\"_wpnonce\" value=\"5630e42ae2\" \/><input type=\"hidden\" name=\"_wp_http_referer\" value=\"\/de\/wp-json\/wp\/v2\/pages\/403\" \/>\r\n        <span id=\"mec_booking_quantity_wrapper_6681\">Gesamt: <span class=\"mec-booking-quantity-holder\">0<\/span><\/span>\r\n        <div class=\"mec-book-form-btn-wrap\">\r\n        <button id=\"mec-book-form-btn-step-1\" class=\"mec-book-form-next-button \" style=\"display: none;\" type=\"submit\" onclick=\"mec_book_form_back_btn_cache(this, 6681);\" >\r\n            Weiter <svg xmlns=\"http:\/\/www.w3.org\/2000\/svg\" width=\"13\" height=\"10\" viewBox=\"0 0 13 10\"><path id=\"next-icon\" d=\"M92.034,76.719l-.657.675,3.832,3.857H84v.937H95.208l-3.832,3.857.657.675,4.967-5Z\" transform=\"translate(-84.001 -76.719)\" fill=\"#07bbe9\"\/><\/svg>        <\/button>\r\n    <\/div>\r\n<\/form>\r\n<\/div>\r\n<div id=\"mec_booking_message6681\" class=\"mec-util-hidden\"><\/div>\r\n            <\/div>\n            \n            <!-- Tags -->\n            <div class=\"mec-events-meta-group mec-events-meta-group-tags\">\n                            <\/div>\n\n        <\/div>\n    <\/article>\n<\/div>\n<script>\n\/\/ Fix modal speaker in some themes\njQuery(\"#mec_skin_6681 .mec-speaker-avatar a\").on('click', function(e)\n{\n    e.preventDefault();\n\n    var id = jQuery(this).attr('href');\n    lity(id);\n\n    return false;\n});\n<\/script>                                <\/div>\n                            <\/div>\n                        <\/div><!-- toggle item end -->\n                    <\/div><!-- toggles wrap end -->\n                            <\/article>\n\t\t\t\t\t\t\t\n            \n            \t\t\t \n\t\t\t <article class=\"mec-past-event mec-event-article  mec-clear  mec-divider-toggle mec-toggle-202610-1883\" itemscope>\n\t\t\t \n\t\t\t \t\t\t\t                    <!-- toggles wrap start -->\n                    <div class=\"mec-events-toggle\">\n                        <!-- toggle item start -->\n                        <div class=\"mec-toggle-item\">\n                            <div class=\"mec-toggle-item-inner\" tabindex=\"0\">\n                                                                <div class=\"mec-toggle-item-col\">\n                                                                            <div class=\"mec-event-month\"><span class=\"mec-start-date-label\">06 - 09 Okt. 2026<\/span><\/div>\n                                                                                                        <\/div>\n                                <h3 class=\"mec-toggle-title\">\n                                    Kombiseminar: ESD-Fachkraft und ESD-Koordinator (03-KB)<span class=\"event-color\" style=\"background: #afafaf\"><\/span>\t\t\t\t\t\t\t\t\t\t\t\t\t\t\t\t\t\t<span class=\"labellist-inhalt\">\n\t\t\t\t\t\t\t\t\t\t        <div>\n            <div>\n                <div>\n                    <ul class=\"mec-event-data-field-items\">\n                                                                        <li class=\"mec-event-data-field-item mec-field-item-checkbox\">\n                            \n                                                            <span class=\"mec-event-data-field-value sonderfelder\"><i class=\"fas fa-check greencheck\"><\/i>Pr\u00fcfung <i class=\"fas fa-check greencheck\"><\/i>Zertifikat<\/span>\n                                                    <\/li>\n                                            <\/ul>\n                <\/div>\n            <\/div>\n        <\/div>\n         \n\t\t\t\t\t\t\t\t\t\t<span class=\"daysinlist\">Tage: 4<\/span>\n\t\t\t\t\t\t\t\t\t\t<span class=\"pricetitle\"> Preis: 1.890,00\u20ac **<\/span>\n\t\t\t\t\t\t\t\t\t<\/span>\n\t\t\t\t\t\t\t\t\t<\/h3>\n\t\t\t\t\t\t\t\t\t\n                                                                <i class=\"mec-sl-arrow-down\"><\/i>\n                            <\/div>\n                            <div class=\"mec-content-toggle\" aria-hidden=\"true\" style=\"display: none;\">\n                                <div class=\"mec-toggle-content\">\n                                    <div class=\"mec-wrap colorskin-custom clearfix  mec-modal-wrap\" id=\"mec_skin_9206\" data-unique-id=\"9206\">\n    <article class=\"mec-single-event mec-single-modern mec-single-modal\">\n        <div class=\"mec-events-event-image\">\n                    <\/div>\n        \n        <div class=\"col-md-4\">\n\n            <div class=\"mec-event-meta mec-color-before mec-frontbox \">\n                                    <div class=\"mec-single-event-organizer\">\n                                                <h3 class=\"mec-events-single-section-title\">Veranstalter<\/h3>\n                        <dl>\n                                                <dd class=\"mec-organizer\">\n                            <i class=\"mec-sl-home\"><\/i>\n                            <h6>ESD-Akademie GmbH<\/h6>\n                        <\/dd>\n                                                <dd class=\"mec-organizer-tel\">\n                            <i class=\"mec-sl-phone\"><\/i>\n                            <h6>Telefon<\/h6>\n                            <a href=\"tel:+49 (0) 26 89 92 870-20\">+49 (0) 26 89 92 870-20<\/a>\n                        <\/dd>\n                                                <dd class=\"mec-organizer-email\">\n                            <i class=\"mec-sl-envelope\"><\/i>\n                            <h6>E-Mail<\/h6>\n                            <a href=\"mailto:info@esd-akademie.de\">info@esd-akademie.de<\/a>\n                        <\/dd>\n                                                <dd class=\"mec-organizer-url\">\n                            <i class=\"mec-sl-sitemap\"><\/i>\n                            <h6>Webseite<\/h6>\n                            <span><a href=\"https:\/\/www.esd-akademie.de\/\" class=\"mec-color-hover\" target=\"_blank\">https:\/\/www.esd-akademie.de\/<\/a><\/span>\n                        <\/dd>\n                                                <\/dl>\n                                            <\/div>\n                    \n                <!-- Sponsors Module -->\n                \n                <!-- Register Booking Button -->\n                                    <a class=\"mec-booking-button mec-bg-color\" href=\"#mec-events-meta-group-booking-9206\">Termine\/Anmeldung<\/a>\n                            <\/div>\n\n            <!-- Weather Module -->\n            \n            \n\n            <!-- Public Download Module -->\n            \n            <!-- Local Time Module -->\n            <div class=\"mec-local-time-details mec-frontbox\" id=\"mec_local_time_details\">\r\n    <i class=\"mec-sl-clock\"><\/i><h3 class=\"mec-local-time mec-frontbox-title\">Ortszeit<\/h3>\r\n    <ul>\r\n        <li>Zeitzone: <span>America\/New_York<\/span><\/li>\r\n        <li>Datum: <span class=\"mec-start-date-label\">06 - 09 Okt. 2026<\/span><\/li>\r\n            <\/ul>\r\n<\/div>\t\t\t\n\t\t\t\n            <div class=\"mec-event-meta mec-color-before mec-frontbox\">\n\n                                                \n                                    <div class=\"mec-single-event-location\">\n                                                <i class=\"mec-sl-location-pin\"><\/i>\n                        <h3 class=\"mec-events-single-section-title mec-location\">Standort<\/h3>\n                        <dl>\n                        <dd class=\"author fn org\">ESD-Akademie GmbH<\/dd>\n                        <dd class=\"location\"><address class=\"mec-events-address\"><span class=\"mec-address\">Industriestra\u00dfe 27, 56276 Gro\u00dfmaischeid<\/span><\/address><\/dd>\n\n                                                <dd class=\"mec-location-url\">\n                            <i class=\"mec-sl-sitemap\"><\/i>\n                            <h6>Webseite<\/h6>\n                            <span><a href=\"https:\/\/www.esd-akademie.de\/\" class=\"mec-color-hover\" target=\"_blank\">https:\/\/www.esd-akademie.de\/<\/a><\/span>\n                        <\/dd>\n                                                <\/dl>\n                    <\/div>\n                    \n                                    <div class=\"mec-single-event-category\">\n                        <i class=\"mec-sl-folder\"><\/i>\n                        <dt>Kategorie<\/dt>\n                        <dl>\n                        <dd class=\"mec-events-event-categories\"><a href=\"https:\/\/www.esd-akademie.de\/de\/mec-category\/kombiseminar-esd-fachkraft-und-esd-koordinator-03-kb\/\" class=\"mec-color-hover\" rel=\"tag\"><i class=\"mec-fa-angle-right\"><\/i>Kombiseminar: ESD-Fachkraft und ESD-Koordinator (03-KB)<\/a><\/dd>                        <\/dl>\n                    <\/div>\n                    \n                                        <div class=\"mec-event-more-info\">\n                            <i class=\"mec-sl-info\"><\/i>\n                            <h3 class=\"mec-cost\">Weitere Informationen<\/h3>\n\t\t\t\t\t\t\t\t\t\t\t\t\t\t<dd class=\"mec-events-event-more-info\"><a class=\"mec-more-info-button mec-color-hover\" target=\"_blank\" href=\"https:\/\/www.esd-akademie.de\/wp-content\/uploads\/2023\/06\/03_Kombi_DE-ESD-Fachkrfat_Koordinator_22.pdf\"><span class=\"pdficoninevent\"><i class=\"far fa-file-pdf\"><\/i> Infos<\/span><\/a><\/dd>\n\t\t\t\t\t\t\t\t\t\t\t\t\t<\/div>\n                        \n            <\/div>\n\n\t\t\t<!-- QRCode Module -->\n            <div class=\"mec-qrcode-details mec-frontbox\">\r\n    <img decoding=\"async\" src=\"https:\/\/www.esd-akademie.de\/wp-content\/uploads\/mec\/qr_e7e72d6d520d701b9f64b3118e174d89.png\" width=\"120\" height=\"120\" alt=\"QR Code\" \/>\r\n<\/div>\t\t\t\n            <!-- Speaker List Module -->\n            \t\t\t\n\t\t\t<!-- Export Module -->\n            <div class=\"mec-event-export-module mec-frontbox\">\r\n     <div class=\"mec-event-exporting\">\r\n        <div class=\"mec-export-details\">\r\n            <ul>\r\n                <li><a class=\"mec-events-gcal mec-events-button mec-color mec-bg-color-hover mec-border-color\" href=\"https:\/\/calendar.google.com\/calendar\/render?action=TEMPLATE&text=Kombiseminar%3A+ESD-Fachkraft+und+ESD-Koordinator+%2803-KB%29&dates=20261006T070000Z\/20261009T143000Z&details=Kombiseminar%3A+ESD-Fachkraft+und+ESD-Koordinator+%2803-KB%29&amp;location=Industriestra%C3%9Fe+27%2C+56276+Gro%C3%9Fmaischeid\" target=\"_blank\">+ Zu Google Kalender hinzuf\u00fcgen<\/a><\/li>                <li><a class=\"mec-events-gcal mec-events-button mec-color mec-bg-color-hover mec-border-color\" href=\"https:\/\/www.esd-akademie.de\/de\/\/?method=ical&#038;id=1824\">+ iCal \/ Outlook exportieren<\/a><\/li>            <\/ul>\r\n        <\/div>\r\n    <\/div>\r\n<\/div>\t\t\t\n            <!-- Attendees List Module -->\n            \n            <!-- Next Previous Module -->\n                    <\/div>\n\n        <div class=\"col-md-8\">\n\n            <div class=\"mec-event-content\">\n                <div class=\"mec-single-event-description mec-events-content\">\n                                                                                                <\/div>\n            <\/div>\n\n            \n            <!-- Custom Data Fields -->\n                    <div class=\"mec-event-data-fields mec-frontbox  \">\r\n            <div class=\"mec-data-fields-tooltip\">\r\n                <div class=\"mec-data-fields-tooltip-box\">\r\n                    <ul class=\"mec-event-data-field-items\">\r\n                                                                        <li class=\"mec-event-data-field-item mec-field-item-checkbox\">\r\n                            \r\n                                                        <span class=\"mec-event-data-field-name\">Inhalt<\/span>\r\n                            \r\n                                                            <span class=\"mec-event-data-field-value\">Pr\u00fcfung, Zertifikat<\/span>\r\n                                                    <\/li>\r\n                                            <\/ul>\r\n                <\/div>\r\n            <\/div>\r\n        <\/div>\r\n        \n            <!-- FAQ -->\n            \n            <!-- Links Module -->\n            \n\n\t\t\t<!-- Hourly Schedule -->\n                    <div class=\"mec-event-schedule mec-frontbox\">\r\n            <h3 class=\"mec-schedule-head mec-frontbox-title\">St\u00fcndlicher Zeitplan<\/h3>\r\n                                                <h4 class=\"mec-schedule-part\">Tag 1<\/h4>\r\n                                <div class=\"mec-event-schedule-content\">\r\n                                        <dl>\r\n                        <dt class=\"mec-schedule-time\"><span class=\"mec-schedule-start-time mec-color\">9:00 Uhr<\/span> - <span class=\"mec-schedule-end-time mec-color\">16:30 Uhr<\/span> <\/dt>\r\n                        <dt class=\"mec-schedule-title\"> ESD-Fachkraft\/Grundlagen (Tag 1)<\/dt>\r\n                        <dt class=\"mec-schedule-description\"><\/dt>\r\n\r\n                                            <\/dl>\r\n                                    <\/div>\r\n                                                <h4 class=\"mec-schedule-part\">Tag 2<\/h4>\r\n                                <div class=\"mec-event-schedule-content\">\r\n                                        <dl>\r\n                        <dt class=\"mec-schedule-time\"><span class=\"mec-schedule-start-time mec-color\">9:00 Uhr<\/span> - <span class=\"mec-schedule-end-time mec-color\">16:30 Uhr<\/span> <\/dt>\r\n                        <dt class=\"mec-schedule-title\"> ESD-Fachkraft\/Grundlagen (Tag 2)<\/dt>\r\n                        <dt class=\"mec-schedule-description\"><\/dt>\r\n\r\n                                            <\/dl>\r\n                                    <\/div>\r\n                                                <h4 class=\"mec-schedule-part\">Tag 3<\/h4>\r\n                                <div class=\"mec-event-schedule-content\">\r\n                                        <dl>\r\n                        <dt class=\"mec-schedule-time\"><span class=\"mec-schedule-start-time mec-color\"> 09:00 Uhr<\/span> - <span class=\"mec-schedule-end-time mec-color\"> 16:30 Uhr<\/span> <\/dt>\r\n                        <dt class=\"mec-schedule-title\">ESD-Koordinator (Tag 1)<\/dt>\r\n                        <dt class=\"mec-schedule-description\"><\/dt>\r\n\r\n                                            <\/dl>\r\n                                    <\/div>\r\n                                                <h4 class=\"mec-schedule-part\">Tag 4<\/h4>\r\n                                <div class=\"mec-event-schedule-content\">\r\n                                        <dl>\r\n                        <dt class=\"mec-schedule-time\"><span class=\"mec-schedule-start-time mec-color\">08:30 Uhr<\/span> - <span class=\"mec-schedule-end-time mec-color\">13:30 Uhr<\/span> <\/dt>\r\n                        <dt class=\"mec-schedule-title\">ESD-Koordinator (Tag 2)<\/dt>\r\n                        <dt class=\"mec-schedule-description\"><\/dt>\r\n\r\n                                            <\/dl>\r\n                                    <\/div>\r\n            \r\n                    <\/div>\r\n        \t\t\t\n            <!-- Google Maps Module \n            <div class=\"mec-events-meta-group mec-events-meta-group-gmap\">\n                            <\/div>\n\t\t\t-->\n            \n\n            \n\n            \t\t\t<!-- Booking Module -->\n                        <div id=\"mec-events-meta-group-booking-9206\" class=\"mec-events-meta-group mec-events-meta-group-booking\">\n                <div class=\"mec-booking  \" id=\"mec_booking9206\" data-skip=\"0\">\r\n    <form id=\"mec_book_form9206\" onsubmit=\"mec_book_form_submit(event, 9206);\">\r\n\r\n            <h4>Veranstaltung buchen<\/h4>\r\n    \r\n        <div class=\"mec-book-first\">\r\n                <div class=\"mec-booking-calendar-wrapper\" id=\"mec_booking_calendar_wrapper9206\">\r\n            <label for=\"mec_book_form_date9206\" class=\"mec-select-date-label\">Datum ausw\u00e4hlen <span class=\"mec-required\">*<\/span> <\/label>\r\n            <div class=\"mec-select-date-dropdown-wrapper\">\r\n                <div class=\"mec-select-date-dropdown\">\r\n                    <span class=\"mec-select-date-calendar-icon\"><img decoding=\"async\" class=\"mec-svg-icon\" src=\"https:\/\/www.esd-akademie.de\/wp-content\/plugins\/modern-events-calendar\/assets\/img\/svg\/form\/calendar-icon.svg\" alt=\"Form\/calendar icon Symbol\" title=\"Form\/calendar icon Symbol\"><\/span>\r\n                    <select class=\"mec-custom-nice-select\" name=\"book[date]\" id=\"mec_book_form_date9206\" onchange=\"mec_get_tickets_availability9206(1824, this.value);\">\r\n                                                <option value=\"1791277200:1791563400\">\r\n                            2026-10-06 09:00 - 2026-10-09 16:30                        <\/option>\r\n                                                <option value=\"1794301200:1794587400\">\r\n                            2026-11-10 09:00 - 2026-11-13 16:30                        <\/option>\r\n                                                <option value=\"1796720400:1797006600\">\r\n                            2026-12-08 09:00 - 2026-12-11 16:30                        <\/option>\r\n                                            <\/select>\r\n                <\/div>\r\n            <\/div>\r\n        <\/div>\r\n            <\/div>\r\n    \r\n    <div class=\"mec-event-tickets-list \" id=\"mec_book_form_tickets_container9206\" data-total-booking-limit=\"20\">\r\n                        <div class=\"mec-event-ticket mec-event-ticket20 \" id=\"mec_event_ticket1\">\r\n\r\n            <div class=\"mec-ticket-style-row mec-ticket-available-spots \">\r\n                <div class=\"mec-ticket-style-row-section-1\">\r\n                    <div class=\"mec-ticket-icon-wrapper\"><img decoding=\"async\" class=\"mec-svg-icon\" src=\"https:\/\/www.esd-akademie.de\/wp-content\/plugins\/modern-events-calendar\/assets\/img\/svg\/form\/ticket-icon.svg\" alt=\"Form\/ticket icon Symbol\" title=\"Form\/ticket icon Symbol\"><\/div>\r\n                <\/div>\r\n                <div class=\"mec-ticket-style-row-section-2\">\r\n                    <div class=\"mec-ticket-name-description-wrapper\">\r\n                        <span class=\"mec-event-ticket-name\">Kombiseminar: ESD-Fachkraft und ESD-Koordinator (03-KB)<\/span>\r\n                                                <div class=\"mec-event-ticket-price\">1.890,00 \u20ac<\/div>\r\n                    <\/div>\r\n                <\/div>\r\n                <div class=\"mec-ticket-style-row-section-3\">\r\n                                        <div class=\"mec-event-ticket-input-wrapper\">\r\n                        <a href=\"#\" class=\"plus\"><img decoding=\"async\" class=\"mec-svg-icon\" src=\"https:\/\/www.esd-akademie.de\/wp-content\/plugins\/modern-events-calendar\/assets\/img\/svg\/form\/up-small-icon.svg\" alt=\"Form\/up small icon Symbol\" title=\"Form\/up small icon Symbol\"><\/a>\r\n                        <input onkeydown=\"return event.keyCode !== 69\" type=\"number\" class=\"mec-book-ticket-limit in-num\" name=\"book[tickets][1]\" title=\"Z\u00e4hler\" placeholder=\"Z\u00e4hler\" value=\"1\" min=\"0\" max=\"20\" data-maximum-purchase=\"\" data-seats=\"1\" onchange=\"mec_check_tickets_availability9206(1, this.value);\" \/>\r\n                        <a href=\"#\" class=\"minus dis\"><img decoding=\"async\" class=\"mec-svg-icon\" src=\"https:\/\/www.esd-akademie.de\/wp-content\/plugins\/modern-events-calendar\/assets\/img\/svg\/form\/down-small-icon.svg\" alt=\"Form\/down small icon Symbol\" title=\"Form\/down small icon Symbol\"><\/a>\r\n                    <\/div>\r\n                    <div class=\"mec-event-ticket-available\">Verf\u00fcgbare Tickets: <span>20<\/span><\/div>\r\n                                    <\/div>\r\n            <\/div>\r\n            \r\n                                    <div id=\"mec-ticket-message-1\" class=\"mec-ticket-unavailable-spots info-msg mec-util-hidden\">\r\n                <div>\r\n                    Das <strong>\"Kombiseminar: ESD-Fachkraft und ESD-Koordinator (03-KB)\"<\/strong>-Ticket ist ausverkauft. Sie k\u00f6nnen ein anderes Ticket oder ein anderes Datum versuchen.                <\/div>\r\n                                <input type=\"hidden\" id=\"mec-ticket-message-sales-1\" value=\"Der &lt;strong&gt;&quot;Kombiseminar: ESD-Fachkraft und ESD-Koordinator (03-KB)&quot;&lt;\/strong&gt;-Ticketverkauf ist beendet!\" \/>\r\n                <input type=\"hidden\" id=\"mec-ticket-message-sold-out-1\" value=\"Das &lt;strong&gt;&quot;Kombiseminar: ESD-Fachkraft und ESD-Koordinator (03-KB)&quot;&lt;\/strong&gt;-Ticket ist ausverkauft. Sie k\u00f6nnen ein anderes Ticket oder ein anderes Datum versuchen.\" \/>\r\n            <\/div>\r\n                    <\/div>\r\n            <\/div>\r\n\r\n    \r\n    <input type=\"hidden\" name=\"lang\" value=\"de_DE\" \/>\r\n    <input type=\"hidden\" name=\"action\" value=\"mec_book_form\" \/>\r\n    <input type=\"hidden\" name=\"event_id\" value=\"1824\" \/>\r\n    <input type=\"hidden\" name=\"translated_event_id\" value=\"1824\" \/>\r\n    <input type=\"hidden\" name=\"uniqueid\" value=\"9206\" \/>\r\n    <input type=\"hidden\" name=\"step\" value=\"1\" \/>\r\n    <input type=\"hidden\" name=\"do_skip\" value=\"0\" \/>\r\n    <input type=\"hidden\" id=\"_wpnonce\" name=\"_wpnonce\" value=\"5630e42ae2\" \/><input type=\"hidden\" name=\"_wp_http_referer\" value=\"\/de\/wp-json\/wp\/v2\/pages\/403\" \/>\r\n        <span id=\"mec_booking_quantity_wrapper_9206\">Gesamt: <span class=\"mec-booking-quantity-holder\">0<\/span><\/span>\r\n        <div class=\"mec-book-form-btn-wrap\">\r\n        <button id=\"mec-book-form-btn-step-1\" class=\"mec-book-form-next-button \" style=\"\" type=\"submit\" onclick=\"mec_book_form_back_btn_cache(this, 9206);\" >\r\n            Weiter <svg xmlns=\"http:\/\/www.w3.org\/2000\/svg\" width=\"13\" height=\"10\" viewBox=\"0 0 13 10\"><path id=\"next-icon\" d=\"M92.034,76.719l-.657.675,3.832,3.857H84v.937H95.208l-3.832,3.857.657.675,4.967-5Z\" transform=\"translate(-84.001 -76.719)\" fill=\"#07bbe9\"\/><\/svg>        <\/button>\r\n    <\/div>\r\n<\/form>\r\n<\/div>\r\n<div id=\"mec_booking_message9206\" class=\"mec-util-hidden\"><\/div>\r\n            <\/div>\n            \n            <!-- Tags -->\n            <div class=\"mec-events-meta-group mec-events-meta-group-tags\">\n                            <\/div>\n\n        <\/div>\n    <\/article>\n<\/div>\n<script>\n\/\/ Fix modal speaker in some themes\njQuery(\"#mec_skin_9206 .mec-speaker-avatar a\").on('click', function(e)\n{\n    e.preventDefault();\n\n    var id = jQuery(this).attr('href');\n    lity(id);\n\n    return false;\n});\n<\/script>                                <\/div>\n                            <\/div>\n                        <\/div><!-- toggle item end -->\n                    <\/div><!-- toggles wrap end -->\n                            <\/article>\n\t\t\t\t\t\t\t\n            \n            \t\t\t \n\t\t\t <article class=\"mec-past-event mec-event-article  mec-clear  mec-divider-toggle mec-toggle-202611-1883\" itemscope>\n\t\t\t \n\t\t\t \t\t\t\t                    <!-- toggles wrap start -->\n                    <div class=\"mec-events-toggle\">\n                        <!-- toggle item start -->\n                        <div class=\"mec-toggle-item\">\n                            <div class=\"mec-toggle-item-inner\" tabindex=\"0\">\n                                                                <div class=\"mec-toggle-item-col\">\n                                                                            <div class=\"mec-event-month\"><span class=\"mec-start-date-label\">10 - 13 Nov. 2026<\/span><\/div>\n                                                                                                        <\/div>\n                                <h3 class=\"mec-toggle-title\">\n                                    Kombiseminar: ESD-Fachkraft und ESD-Koordinator (03-KB)<span class=\"event-color\" style=\"background: #afafaf\"><\/span>\t\t\t\t\t\t\t\t\t\t\t\t\t\t\t\t\t\t<span class=\"labellist-inhalt\">\n\t\t\t\t\t\t\t\t\t\t        <div>\n            <div>\n                <div>\n                    <ul class=\"mec-event-data-field-items\">\n                                                                        <li class=\"mec-event-data-field-item mec-field-item-checkbox\">\n                            \n                                                            <span class=\"mec-event-data-field-value sonderfelder\"><i class=\"fas fa-check greencheck\"><\/i>Pr\u00fcfung <i class=\"fas fa-check greencheck\"><\/i>Zertifikat<\/span>\n                                                    <\/li>\n                                            <\/ul>\n                <\/div>\n            <\/div>\n        <\/div>\n         \n\t\t\t\t\t\t\t\t\t\t<span class=\"daysinlist\">Tage: 4<\/span>\n\t\t\t\t\t\t\t\t\t\t<span class=\"pricetitle\"> Preis: 1.890,00\u20ac **<\/span>\n\t\t\t\t\t\t\t\t\t<\/span>\n\t\t\t\t\t\t\t\t\t<\/h3>\n\t\t\t\t\t\t\t\t\t\n                                                                <i class=\"mec-sl-arrow-down\"><\/i>\n                            <\/div>\n                            <div class=\"mec-content-toggle\" aria-hidden=\"true\" style=\"display: none;\">\n                                <div class=\"mec-toggle-content\">\n                                    <div class=\"mec-wrap colorskin-custom clearfix  mec-modal-wrap\" id=\"mec_skin_6941\" data-unique-id=\"6941\">\n    <article class=\"mec-single-event mec-single-modern mec-single-modal\">\n        <div class=\"mec-events-event-image\">\n                    <\/div>\n        \n        <div class=\"col-md-4\">\n\n            <div class=\"mec-event-meta mec-color-before mec-frontbox \">\n                                    <div class=\"mec-single-event-organizer\">\n                                                <h3 class=\"mec-events-single-section-title\">Veranstalter<\/h3>\n                        <dl>\n                                                <dd class=\"mec-organizer\">\n                            <i class=\"mec-sl-home\"><\/i>\n                            <h6>ESD-Akademie GmbH<\/h6>\n                        <\/dd>\n                                                <dd class=\"mec-organizer-tel\">\n                            <i class=\"mec-sl-phone\"><\/i>\n                            <h6>Telefon<\/h6>\n                            <a href=\"tel:+49 (0) 26 89 92 870-20\">+49 (0) 26 89 92 870-20<\/a>\n                        <\/dd>\n                                                <dd class=\"mec-organizer-email\">\n                            <i class=\"mec-sl-envelope\"><\/i>\n                            <h6>E-Mail<\/h6>\n                            <a href=\"mailto:info@esd-akademie.de\">info@esd-akademie.de<\/a>\n                        <\/dd>\n                                                <dd class=\"mec-organizer-url\">\n                            <i class=\"mec-sl-sitemap\"><\/i>\n                            <h6>Webseite<\/h6>\n                            <span><a href=\"https:\/\/www.esd-akademie.de\/\" class=\"mec-color-hover\" target=\"_blank\">https:\/\/www.esd-akademie.de\/<\/a><\/span>\n                        <\/dd>\n                                                <\/dl>\n                                            <\/div>\n                    \n                <!-- Sponsors Module -->\n                \n                <!-- Register Booking Button -->\n                                    <a class=\"mec-booking-button mec-bg-color\" href=\"#mec-events-meta-group-booking-6941\">Termine\/Anmeldung<\/a>\n                            <\/div>\n\n            <!-- Weather Module -->\n            \n            \n\n            <!-- Public Download Module -->\n            \n            <!-- Local Time Module -->\n            <div class=\"mec-local-time-details mec-frontbox\" id=\"mec_local_time_details\">\r\n    <i class=\"mec-sl-clock\"><\/i><h3 class=\"mec-local-time mec-frontbox-title\">Ortszeit<\/h3>\r\n    <ul>\r\n        <li>Zeitzone: <span>America\/New_York<\/span><\/li>\r\n        <li>Datum: <span class=\"mec-start-date-label\">10 - 13 Nov. 2026<\/span><\/li>\r\n            <\/ul>\r\n<\/div>\t\t\t\n\t\t\t\n            <div class=\"mec-event-meta mec-color-before mec-frontbox\">\n\n                                                \n                                    <div class=\"mec-single-event-location\">\n                                                <i class=\"mec-sl-location-pin\"><\/i>\n                        <h3 class=\"mec-events-single-section-title mec-location\">Standort<\/h3>\n                        <dl>\n                        <dd class=\"author fn org\">ESD-Akademie GmbH<\/dd>\n                        <dd class=\"location\"><address class=\"mec-events-address\"><span class=\"mec-address\">Industriestra\u00dfe 27, 56276 Gro\u00dfmaischeid<\/span><\/address><\/dd>\n\n                                                <dd class=\"mec-location-url\">\n                            <i class=\"mec-sl-sitemap\"><\/i>\n                            <h6>Webseite<\/h6>\n                            <span><a href=\"https:\/\/www.esd-akademie.de\/\" class=\"mec-color-hover\" target=\"_blank\">https:\/\/www.esd-akademie.de\/<\/a><\/span>\n                        <\/dd>\n                                                <\/dl>\n                    <\/div>\n                    \n                                    <div class=\"mec-single-event-category\">\n                        <i class=\"mec-sl-folder\"><\/i>\n                        <dt>Kategorie<\/dt>\n                        <dl>\n                        <dd class=\"mec-events-event-categories\"><a href=\"https:\/\/www.esd-akademie.de\/de\/mec-category\/kombiseminar-esd-fachkraft-und-esd-koordinator-03-kb\/\" class=\"mec-color-hover\" rel=\"tag\"><i class=\"mec-fa-angle-right\"><\/i>Kombiseminar: ESD-Fachkraft und ESD-Koordinator (03-KB)<\/a><\/dd>                        <\/dl>\n                    <\/div>\n                    \n                                        <div class=\"mec-event-more-info\">\n                            <i class=\"mec-sl-info\"><\/i>\n                            <h3 class=\"mec-cost\">Weitere Informationen<\/h3>\n\t\t\t\t\t\t\t\t\t\t\t\t\t\t<dd class=\"mec-events-event-more-info\"><a class=\"mec-more-info-button mec-color-hover\" target=\"_blank\" href=\"https:\/\/www.esd-akademie.de\/wp-content\/uploads\/2023\/06\/03_Kombi_DE-ESD-Fachkrfat_Koordinator_22.pdf\"><span class=\"pdficoninevent\"><i class=\"far fa-file-pdf\"><\/i> Infos<\/span><\/a><\/dd>\n\t\t\t\t\t\t\t\t\t\t\t\t\t<\/div>\n                        \n            <\/div>\n\n\t\t\t<!-- QRCode Module -->\n            <div class=\"mec-qrcode-details mec-frontbox\">\r\n    <img decoding=\"async\" src=\"https:\/\/www.esd-akademie.de\/wp-content\/uploads\/mec\/qr_e7e72d6d520d701b9f64b3118e174d89.png\" width=\"120\" height=\"120\" alt=\"QR Code\" \/>\r\n<\/div>\t\t\t\n            <!-- Speaker List Module -->\n            \t\t\t\n\t\t\t<!-- Export Module -->\n            <div class=\"mec-event-export-module mec-frontbox\">\r\n     <div class=\"mec-event-exporting\">\r\n        <div class=\"mec-export-details\">\r\n            <ul>\r\n                <li><a class=\"mec-events-gcal mec-events-button mec-color mec-bg-color-hover mec-border-color\" href=\"https:\/\/calendar.google.com\/calendar\/render?action=TEMPLATE&text=Kombiseminar%3A+ESD-Fachkraft+und+ESD-Koordinator+%2803-KB%29&dates=20261110T080000Z\/20261113T153000Z&details=Kombiseminar%3A+ESD-Fachkraft+und+ESD-Koordinator+%2803-KB%29&amp;location=Industriestra%C3%9Fe+27%2C+56276+Gro%C3%9Fmaischeid\" target=\"_blank\">+ Zu Google Kalender hinzuf\u00fcgen<\/a><\/li>                <li><a class=\"mec-events-gcal mec-events-button mec-color mec-bg-color-hover mec-border-color\" href=\"https:\/\/www.esd-akademie.de\/de\/\/?method=ical&#038;id=1824\">+ iCal \/ Outlook exportieren<\/a><\/li>            <\/ul>\r\n        <\/div>\r\n    <\/div>\r\n<\/div>\t\t\t\n            <!-- Attendees List Module -->\n            \n            <!-- Next Previous Module -->\n                    <\/div>\n\n        <div class=\"col-md-8\">\n\n            <div class=\"mec-event-content\">\n                <div class=\"mec-single-event-description mec-events-content\">\n                                                                                                <\/div>\n            <\/div>\n\n            \n            <!-- Custom Data Fields -->\n                    <div class=\"mec-event-data-fields mec-frontbox  \">\r\n            <div class=\"mec-data-fields-tooltip\">\r\n                <div class=\"mec-data-fields-tooltip-box\">\r\n                    <ul class=\"mec-event-data-field-items\">\r\n                                                                        <li class=\"mec-event-data-field-item mec-field-item-checkbox\">\r\n                            \r\n                                                        <span class=\"mec-event-data-field-name\">Inhalt<\/span>\r\n                            \r\n                                                            <span class=\"mec-event-data-field-value\">Pr\u00fcfung, Zertifikat<\/span>\r\n                                                    <\/li>\r\n                                            <\/ul>\r\n                <\/div>\r\n            <\/div>\r\n        <\/div>\r\n        \n            <!-- FAQ -->\n            \n            <!-- Links Module -->\n            \n\n\t\t\t<!-- Hourly Schedule -->\n                    <div class=\"mec-event-schedule mec-frontbox\">\r\n            <h3 class=\"mec-schedule-head mec-frontbox-title\">St\u00fcndlicher Zeitplan<\/h3>\r\n                                                <h4 class=\"mec-schedule-part\">Tag 1<\/h4>\r\n                                <div class=\"mec-event-schedule-content\">\r\n                                        <dl>\r\n                        <dt class=\"mec-schedule-time\"><span class=\"mec-schedule-start-time mec-color\">9:00 Uhr<\/span> - <span class=\"mec-schedule-end-time mec-color\">16:30 Uhr<\/span> <\/dt>\r\n                        <dt class=\"mec-schedule-title\"> ESD-Fachkraft\/Grundlagen (Tag 1)<\/dt>\r\n                        <dt class=\"mec-schedule-description\"><\/dt>\r\n\r\n                                            <\/dl>\r\n                                    <\/div>\r\n                                                <h4 class=\"mec-schedule-part\">Tag 2<\/h4>\r\n                                <div class=\"mec-event-schedule-content\">\r\n                                        <dl>\r\n                        <dt class=\"mec-schedule-time\"><span class=\"mec-schedule-start-time mec-color\">9:00 Uhr<\/span> - <span class=\"mec-schedule-end-time mec-color\">16:30 Uhr<\/span> <\/dt>\r\n                        <dt class=\"mec-schedule-title\"> ESD-Fachkraft\/Grundlagen (Tag 2)<\/dt>\r\n                        <dt class=\"mec-schedule-description\"><\/dt>\r\n\r\n                                            <\/dl>\r\n                                    <\/div>\r\n                                                <h4 class=\"mec-schedule-part\">Tag 3<\/h4>\r\n                                <div class=\"mec-event-schedule-content\">\r\n                                        <dl>\r\n                        <dt class=\"mec-schedule-time\"><span class=\"mec-schedule-start-time mec-color\"> 09:00 Uhr<\/span> - <span class=\"mec-schedule-end-time mec-color\"> 16:30 Uhr<\/span> <\/dt>\r\n                        <dt class=\"mec-schedule-title\">ESD-Koordinator (Tag 1)<\/dt>\r\n                        <dt class=\"mec-schedule-description\"><\/dt>\r\n\r\n                                            <\/dl>\r\n                                    <\/div>\r\n                                                <h4 class=\"mec-schedule-part\">Tag 4<\/h4>\r\n                                <div class=\"mec-event-schedule-content\">\r\n                                        <dl>\r\n                        <dt class=\"mec-schedule-time\"><span class=\"mec-schedule-start-time mec-color\">08:30 Uhr<\/span> - <span class=\"mec-schedule-end-time mec-color\">13:30 Uhr<\/span> <\/dt>\r\n                        <dt class=\"mec-schedule-title\">ESD-Koordinator (Tag 2)<\/dt>\r\n                        <dt class=\"mec-schedule-description\"><\/dt>\r\n\r\n                                            <\/dl>\r\n                                    <\/div>\r\n            \r\n                    <\/div>\r\n        \t\t\t\n            <!-- Google Maps Module \n            <div class=\"mec-events-meta-group mec-events-meta-group-gmap\">\n                            <\/div>\n\t\t\t-->\n            \n\n            \n\n            \t\t\t<!-- Booking Module -->\n                        <div id=\"mec-events-meta-group-booking-6941\" class=\"mec-events-meta-group mec-events-meta-group-booking\">\n                <div class=\"mec-booking  \" id=\"mec_booking6941\" data-skip=\"0\">\r\n    <form id=\"mec_book_form6941\" onsubmit=\"mec_book_form_submit(event, 6941);\">\r\n\r\n            <h4>Veranstaltung buchen<\/h4>\r\n    \r\n        <div class=\"mec-book-first\">\r\n                <div class=\"mec-booking-calendar-wrapper\" id=\"mec_booking_calendar_wrapper6941\">\r\n            <label for=\"mec_book_form_date6941\" class=\"mec-select-date-label\">Datum ausw\u00e4hlen <span class=\"mec-required\">*<\/span> <\/label>\r\n            <div class=\"mec-select-date-dropdown-wrapper\">\r\n                <div class=\"mec-select-date-dropdown\">\r\n                    <span class=\"mec-select-date-calendar-icon\"><img decoding=\"async\" class=\"mec-svg-icon\" src=\"https:\/\/www.esd-akademie.de\/wp-content\/plugins\/modern-events-calendar\/assets\/img\/svg\/form\/calendar-icon.svg\" alt=\"Form\/calendar icon Symbol\" title=\"Form\/calendar icon Symbol\"><\/span>\r\n                    <select class=\"mec-custom-nice-select\" name=\"book[date]\" id=\"mec_book_form_date6941\" onchange=\"mec_get_tickets_availability6941(1824, this.value);\">\r\n                                                <option value=\"1794301200:1794587400\">\r\n                            2026-11-10 09:00 - 2026-11-13 16:30                        <\/option>\r\n                                                <option value=\"1796720400:1797006600\">\r\n                            2026-12-08 09:00 - 2026-12-11 16:30                        <\/option>\r\n                                            <\/select>\r\n                <\/div>\r\n            <\/div>\r\n        <\/div>\r\n            <\/div>\r\n    \r\n    <div class=\"mec-event-tickets-list \" id=\"mec_book_form_tickets_container6941\" data-total-booking-limit=\"19\">\r\n                        <div class=\"mec-event-ticket mec-event-ticket19 \" id=\"mec_event_ticket1\">\r\n\r\n            <div class=\"mec-ticket-style-row mec-ticket-available-spots \">\r\n                <div class=\"mec-ticket-style-row-section-1\">\r\n                    <div class=\"mec-ticket-icon-wrapper\"><img decoding=\"async\" class=\"mec-svg-icon\" src=\"https:\/\/www.esd-akademie.de\/wp-content\/plugins\/modern-events-calendar\/assets\/img\/svg\/form\/ticket-icon.svg\" alt=\"Form\/ticket icon Symbol\" title=\"Form\/ticket icon Symbol\"><\/div>\r\n                <\/div>\r\n                <div class=\"mec-ticket-style-row-section-2\">\r\n                    <div class=\"mec-ticket-name-description-wrapper\">\r\n                        <span class=\"mec-event-ticket-name\">Kombiseminar: ESD-Fachkraft und ESD-Koordinator (03-KB)<\/span>\r\n                                                <div class=\"mec-event-ticket-price\">1.890,00 \u20ac<\/div>\r\n                    <\/div>\r\n                <\/div>\r\n                <div class=\"mec-ticket-style-row-section-3\">\r\n                                        <div class=\"mec-event-ticket-input-wrapper\">\r\n                        <a href=\"#\" class=\"plus\"><img decoding=\"async\" class=\"mec-svg-icon\" src=\"https:\/\/www.esd-akademie.de\/wp-content\/plugins\/modern-events-calendar\/assets\/img\/svg\/form\/up-small-icon.svg\" alt=\"Form\/up small icon Symbol\" title=\"Form\/up small icon Symbol\"><\/a>\r\n                        <input onkeydown=\"return event.keyCode !== 69\" type=\"number\" class=\"mec-book-ticket-limit in-num\" name=\"book[tickets][1]\" title=\"Z\u00e4hler\" placeholder=\"Z\u00e4hler\" value=\"1\" min=\"0\" max=\"19\" data-maximum-purchase=\"\" data-seats=\"1\" onchange=\"mec_check_tickets_availability6941(1, this.value);\" \/>\r\n                        <a href=\"#\" class=\"minus dis\"><img decoding=\"async\" class=\"mec-svg-icon\" src=\"https:\/\/www.esd-akademie.de\/wp-content\/plugins\/modern-events-calendar\/assets\/img\/svg\/form\/down-small-icon.svg\" alt=\"Form\/down small icon Symbol\" title=\"Form\/down small icon Symbol\"><\/a>\r\n                    <\/div>\r\n                    <div class=\"mec-event-ticket-available\">Verf\u00fcgbare Tickets: <span>19<\/span><\/div>\r\n                                    <\/div>\r\n            <\/div>\r\n            \r\n                                    <div id=\"mec-ticket-message-1\" class=\"mec-ticket-unavailable-spots info-msg mec-util-hidden\">\r\n                <div>\r\n                    Das <strong>\"Kombiseminar: ESD-Fachkraft und ESD-Koordinator (03-KB)\"<\/strong>-Ticket ist ausverkauft. Sie k\u00f6nnen ein anderes Ticket oder ein anderes Datum versuchen.                <\/div>\r\n                                <input type=\"hidden\" id=\"mec-ticket-message-sales-1\" value=\"Der &lt;strong&gt;&quot;Kombiseminar: ESD-Fachkraft und ESD-Koordinator (03-KB)&quot;&lt;\/strong&gt;-Ticketverkauf ist beendet!\" \/>\r\n                <input type=\"hidden\" id=\"mec-ticket-message-sold-out-1\" value=\"Das &lt;strong&gt;&quot;Kombiseminar: ESD-Fachkraft und ESD-Koordinator (03-KB)&quot;&lt;\/strong&gt;-Ticket ist ausverkauft. Sie k\u00f6nnen ein anderes Ticket oder ein anderes Datum versuchen.\" \/>\r\n            <\/div>\r\n                    <\/div>\r\n            <\/div>\r\n\r\n    \r\n    <input type=\"hidden\" name=\"lang\" value=\"de_DE\" \/>\r\n    <input type=\"hidden\" name=\"action\" value=\"mec_book_form\" \/>\r\n    <input type=\"hidden\" name=\"event_id\" value=\"1824\" \/>\r\n    <input type=\"hidden\" name=\"translated_event_id\" value=\"1824\" \/>\r\n    <input type=\"hidden\" name=\"uniqueid\" value=\"6941\" \/>\r\n    <input type=\"hidden\" name=\"step\" value=\"1\" \/>\r\n    <input type=\"hidden\" name=\"do_skip\" value=\"0\" \/>\r\n    <input type=\"hidden\" id=\"_wpnonce\" name=\"_wpnonce\" value=\"5630e42ae2\" \/><input type=\"hidden\" name=\"_wp_http_referer\" value=\"\/de\/wp-json\/wp\/v2\/pages\/403\" \/>\r\n        <span id=\"mec_booking_quantity_wrapper_6941\">Gesamt: <span class=\"mec-booking-quantity-holder\">0<\/span><\/span>\r\n        <div class=\"mec-book-form-btn-wrap\">\r\n        <button id=\"mec-book-form-btn-step-1\" class=\"mec-book-form-next-button \" style=\"\" type=\"submit\" onclick=\"mec_book_form_back_btn_cache(this, 6941);\" >\r\n            Weiter <svg xmlns=\"http:\/\/www.w3.org\/2000\/svg\" width=\"13\" height=\"10\" viewBox=\"0 0 13 10\"><path id=\"next-icon\" d=\"M92.034,76.719l-.657.675,3.832,3.857H84v.937H95.208l-3.832,3.857.657.675,4.967-5Z\" transform=\"translate(-84.001 -76.719)\" fill=\"#07bbe9\"\/><\/svg>        <\/button>\r\n    <\/div>\r\n<\/form>\r\n<\/div>\r\n<div id=\"mec_booking_message6941\" class=\"mec-util-hidden\"><\/div>\r\n            <\/div>\n            \n            <!-- Tags -->\n            <div class=\"mec-events-meta-group mec-events-meta-group-tags\">\n                            <\/div>\n\n        <\/div>\n    <\/article>\n<\/div>\n<script>\n\/\/ Fix modal speaker in some themes\njQuery(\"#mec_skin_6941 .mec-speaker-avatar a\").on('click', function(e)\n{\n    e.preventDefault();\n\n    var id = jQuery(this).attr('href');\n    lity(id);\n\n    return false;\n});\n<\/script>                                <\/div>\n                            <\/div>\n                        <\/div><!-- toggle item end -->\n                    <\/div><!-- toggles wrap end -->\n                            <\/article>\n\t\t\t\t\t\t\t\n            \n            \t\t\t \n\t\t\t <article class=\"mec-past-event mec-event-article  mec-clear  mec-divider-toggle mec-toggle-202612-1883\" itemscope>\n\t\t\t \n\t\t\t \t\t\t\t                    <!-- toggles wrap start -->\n                    <div class=\"mec-events-toggle\">\n                        <!-- toggle item start -->\n                        <div class=\"mec-toggle-item\">\n                            <div class=\"mec-toggle-item-inner\" tabindex=\"0\">\n                                                                <div class=\"mec-toggle-item-col\">\n                                                                            <div class=\"mec-event-month\"><span class=\"mec-start-date-label\">08 - 11 Dez. 2026<\/span><\/div>\n                                                                                                        <\/div>\n                                <h3 class=\"mec-toggle-title\">\n                                    Kombiseminar: ESD-Fachkraft und ESD-Koordinator (03-KB)<span class=\"event-color\" style=\"background: #afafaf\"><\/span>\t\t\t\t\t\t\t\t\t\t\t\t\t\t\t\t\t\t<span class=\"labellist-inhalt\">\n\t\t\t\t\t\t\t\t\t\t        <div>\n            <div>\n                <div>\n                    <ul class=\"mec-event-data-field-items\">\n                                                                        <li class=\"mec-event-data-field-item mec-field-item-checkbox\">\n                            \n                                                            <span class=\"mec-event-data-field-value sonderfelder\"><i class=\"fas fa-check greencheck\"><\/i>Pr\u00fcfung <i class=\"fas fa-check greencheck\"><\/i>Zertifikat<\/span>\n                                                    <\/li>\n                                            <\/ul>\n                <\/div>\n            <\/div>\n        <\/div>\n         \n\t\t\t\t\t\t\t\t\t\t<span class=\"daysinlist\">Tage: 4<\/span>\n\t\t\t\t\t\t\t\t\t\t<span class=\"pricetitle\"> Preis: 1.890,00\u20ac **<\/span>\n\t\t\t\t\t\t\t\t\t<\/span>\n\t\t\t\t\t\t\t\t\t<\/h3>\n\t\t\t\t\t\t\t\t\t\n                                                                <i class=\"mec-sl-arrow-down\"><\/i>\n                            <\/div>\n                            <div class=\"mec-content-toggle\" aria-hidden=\"true\" style=\"display: none;\">\n                                <div class=\"mec-toggle-content\">\n                                    <div class=\"mec-wrap colorskin-custom clearfix  mec-modal-wrap\" id=\"mec_skin_9858\" data-unique-id=\"9858\">\n    <article class=\"mec-single-event mec-single-modern mec-single-modal\">\n        <div class=\"mec-events-event-image\">\n                    <\/div>\n        \n        <div class=\"col-md-4\">\n\n            <div class=\"mec-event-meta mec-color-before mec-frontbox \">\n                                    <div class=\"mec-single-event-organizer\">\n                                                <h3 class=\"mec-events-single-section-title\">Veranstalter<\/h3>\n                        <dl>\n                                                <dd class=\"mec-organizer\">\n                            <i class=\"mec-sl-home\"><\/i>\n                            <h6>ESD-Akademie GmbH<\/h6>\n                        <\/dd>\n                                                <dd class=\"mec-organizer-tel\">\n                            <i class=\"mec-sl-phone\"><\/i>\n                            <h6>Telefon<\/h6>\n                            <a href=\"tel:+49 (0) 26 89 92 870-20\">+49 (0) 26 89 92 870-20<\/a>\n                        <\/dd>\n                                                <dd class=\"mec-organizer-email\">\n                            <i class=\"mec-sl-envelope\"><\/i>\n                            <h6>E-Mail<\/h6>\n                            <a href=\"mailto:info@esd-akademie.de\">info@esd-akademie.de<\/a>\n                        <\/dd>\n                                                <dd class=\"mec-organizer-url\">\n                            <i class=\"mec-sl-sitemap\"><\/i>\n                            <h6>Webseite<\/h6>\n                            <span><a href=\"https:\/\/www.esd-akademie.de\/\" class=\"mec-color-hover\" target=\"_blank\">https:\/\/www.esd-akademie.de\/<\/a><\/span>\n                        <\/dd>\n                                                <\/dl>\n                                            <\/div>\n                    \n                <!-- Sponsors Module -->\n                \n                <!-- Register Booking Button -->\n                                    <a class=\"mec-booking-button mec-bg-color\" href=\"#mec-events-meta-group-booking-9858\">Termine\/Anmeldung<\/a>\n                            <\/div>\n\n            <!-- Weather Module -->\n            \n            \n\n            <!-- Public Download Module -->\n            \n            <!-- Local Time Module -->\n            <div class=\"mec-local-time-details mec-frontbox\" id=\"mec_local_time_details\">\r\n    <i class=\"mec-sl-clock\"><\/i><h3 class=\"mec-local-time mec-frontbox-title\">Ortszeit<\/h3>\r\n    <ul>\r\n        <li>Zeitzone: <span>America\/New_York<\/span><\/li>\r\n        <li>Datum: <span class=\"mec-start-date-label\">08 - 11 Dez. 2026<\/span><\/li>\r\n            <\/ul>\r\n<\/div>\t\t\t\n\t\t\t\n            <div class=\"mec-event-meta mec-color-before mec-frontbox\">\n\n                                                \n                                    <div class=\"mec-single-event-location\">\n                                                <i class=\"mec-sl-location-pin\"><\/i>\n                        <h3 class=\"mec-events-single-section-title mec-location\">Standort<\/h3>\n                        <dl>\n                        <dd class=\"author fn org\">ESD-Akademie GmbH<\/dd>\n                        <dd class=\"location\"><address class=\"mec-events-address\"><span class=\"mec-address\">Industriestra\u00dfe 27, 56276 Gro\u00dfmaischeid<\/span><\/address><\/dd>\n\n                                                <dd class=\"mec-location-url\">\n                            <i class=\"mec-sl-sitemap\"><\/i>\n                            <h6>Webseite<\/h6>\n                            <span><a href=\"https:\/\/www.esd-akademie.de\/\" class=\"mec-color-hover\" target=\"_blank\">https:\/\/www.esd-akademie.de\/<\/a><\/span>\n                        <\/dd>\n                                                <\/dl>\n                    <\/div>\n                    \n                                    <div class=\"mec-single-event-category\">\n                        <i class=\"mec-sl-folder\"><\/i>\n                        <dt>Kategorie<\/dt>\n                        <dl>\n                        <dd class=\"mec-events-event-categories\"><a href=\"https:\/\/www.esd-akademie.de\/de\/mec-category\/kombiseminar-esd-fachkraft-und-esd-koordinator-03-kb\/\" class=\"mec-color-hover\" rel=\"tag\"><i class=\"mec-fa-angle-right\"><\/i>Kombiseminar: ESD-Fachkraft und ESD-Koordinator (03-KB)<\/a><\/dd>                        <\/dl>\n                    <\/div>\n                    \n                                        <div class=\"mec-event-more-info\">\n                            <i class=\"mec-sl-info\"><\/i>\n                            <h3 class=\"mec-cost\">Weitere Informationen<\/h3>\n\t\t\t\t\t\t\t\t\t\t\t\t\t\t<dd class=\"mec-events-event-more-info\"><a class=\"mec-more-info-button mec-color-hover\" target=\"_blank\" href=\"https:\/\/www.esd-akademie.de\/wp-content\/uploads\/2023\/06\/03_Kombi_DE-ESD-Fachkrfat_Koordinator_22.pdf\"><span class=\"pdficoninevent\"><i class=\"far fa-file-pdf\"><\/i> Infos<\/span><\/a><\/dd>\n\t\t\t\t\t\t\t\t\t\t\t\t\t<\/div>\n                        \n            <\/div>\n\n\t\t\t<!-- QRCode Module -->\n            <div class=\"mec-qrcode-details mec-frontbox\">\r\n    <img decoding=\"async\" src=\"https:\/\/www.esd-akademie.de\/wp-content\/uploads\/mec\/qr_e7e72d6d520d701b9f64b3118e174d89.png\" width=\"120\" height=\"120\" alt=\"QR Code\" \/>\r\n<\/div>\t\t\t\n            <!-- Speaker List Module -->\n            \t\t\t\n\t\t\t<!-- Export Module -->\n            <div class=\"mec-event-export-module mec-frontbox\">\r\n     <div class=\"mec-event-exporting\">\r\n        <div class=\"mec-export-details\">\r\n            <ul>\r\n                <li><a class=\"mec-events-gcal mec-events-button mec-color mec-bg-color-hover mec-border-color\" href=\"https:\/\/calendar.google.com\/calendar\/render?action=TEMPLATE&text=Kombiseminar%3A+ESD-Fachkraft+und+ESD-Koordinator+%2803-KB%29&dates=20261208T080000Z\/20261211T153000Z&details=Kombiseminar%3A+ESD-Fachkraft+und+ESD-Koordinator+%2803-KB%29&amp;location=Industriestra%C3%9Fe+27%2C+56276+Gro%C3%9Fmaischeid\" target=\"_blank\">+ Zu Google Kalender hinzuf\u00fcgen<\/a><\/li>                <li><a class=\"mec-events-gcal mec-events-button mec-color mec-bg-color-hover mec-border-color\" href=\"https:\/\/www.esd-akademie.de\/de\/\/?method=ical&#038;id=1824\">+ iCal \/ Outlook exportieren<\/a><\/li>            <\/ul>\r\n        <\/div>\r\n    <\/div>\r\n<\/div>\t\t\t\n            <!-- Attendees List Module -->\n            \n            <!-- Next Previous Module -->\n                    <\/div>\n\n        <div class=\"col-md-8\">\n\n            <div class=\"mec-event-content\">\n                <div class=\"mec-single-event-description mec-events-content\">\n                                                                                                <\/div>\n            <\/div>\n\n            \n            <!-- Custom Data Fields -->\n                    <div class=\"mec-event-data-fields mec-frontbox  \">\r\n            <div class=\"mec-data-fields-tooltip\">\r\n                <div class=\"mec-data-fields-tooltip-box\">\r\n                    <ul class=\"mec-event-data-field-items\">\r\n                                                                        <li class=\"mec-event-data-field-item mec-field-item-checkbox\">\r\n                            \r\n                                                        <span class=\"mec-event-data-field-name\">Inhalt<\/span>\r\n                            \r\n                                                            <span class=\"mec-event-data-field-value\">Pr\u00fcfung, Zertifikat<\/span>\r\n                                                    <\/li>\r\n                                            <\/ul>\r\n                <\/div>\r\n            <\/div>\r\n        <\/div>\r\n        \n            <!-- FAQ -->\n            \n            <!-- Links Module -->\n            \n\n\t\t\t<!-- Hourly Schedule -->\n                    <div class=\"mec-event-schedule mec-frontbox\">\r\n            <h3 class=\"mec-schedule-head mec-frontbox-title\">St\u00fcndlicher Zeitplan<\/h3>\r\n                                                <h4 class=\"mec-schedule-part\">Tag 1<\/h4>\r\n                                <div class=\"mec-event-schedule-content\">\r\n                                        <dl>\r\n                        <dt class=\"mec-schedule-time\"><span class=\"mec-schedule-start-time mec-color\">9:00 Uhr<\/span> - <span class=\"mec-schedule-end-time mec-color\">16:30 Uhr<\/span> <\/dt>\r\n                        <dt class=\"mec-schedule-title\"> ESD-Fachkraft\/Grundlagen (Tag 1)<\/dt>\r\n                        <dt class=\"mec-schedule-description\"><\/dt>\r\n\r\n                                            <\/dl>\r\n                                    <\/div>\r\n                                                <h4 class=\"mec-schedule-part\">Tag 2<\/h4>\r\n                                <div class=\"mec-event-schedule-content\">\r\n                                        <dl>\r\n                        <dt class=\"mec-schedule-time\"><span class=\"mec-schedule-start-time mec-color\">9:00 Uhr<\/span> - <span class=\"mec-schedule-end-time mec-color\">16:30 Uhr<\/span> <\/dt>\r\n                        <dt class=\"mec-schedule-title\"> ESD-Fachkraft\/Grundlagen (Tag 2)<\/dt>\r\n                        <dt class=\"mec-schedule-description\"><\/dt>\r\n\r\n                                            <\/dl>\r\n                                    <\/div>\r\n                                                <h4 class=\"mec-schedule-part\">Tag 3<\/h4>\r\n                                <div class=\"mec-event-schedule-content\">\r\n                                        <dl>\r\n                        <dt class=\"mec-schedule-time\"><span class=\"mec-schedule-start-time mec-color\"> 09:00 Uhr<\/span> - <span class=\"mec-schedule-end-time mec-color\"> 16:30 Uhr<\/span> <\/dt>\r\n                        <dt class=\"mec-schedule-title\">ESD-Koordinator (Tag 1)<\/dt>\r\n                        <dt class=\"mec-schedule-description\"><\/dt>\r\n\r\n                                            <\/dl>\r\n                                    <\/div>\r\n                                                <h4 class=\"mec-schedule-part\">Tag 4<\/h4>\r\n                                <div class=\"mec-event-schedule-content\">\r\n                                        <dl>\r\n                        <dt class=\"mec-schedule-time\"><span class=\"mec-schedule-start-time mec-color\">08:30 Uhr<\/span> - <span class=\"mec-schedule-end-time mec-color\">13:30 Uhr<\/span> <\/dt>\r\n                        <dt class=\"mec-schedule-title\">ESD-Koordinator (Tag 2)<\/dt>\r\n                        <dt class=\"mec-schedule-description\"><\/dt>\r\n\r\n                                            <\/dl>\r\n                                    <\/div>\r\n            \r\n                    <\/div>\r\n        \t\t\t\n            <!-- Google Maps Module \n            <div class=\"mec-events-meta-group mec-events-meta-group-gmap\">\n                            <\/div>\n\t\t\t-->\n            \n\n            \n\n            \t\t\t<!-- Booking Module -->\n                        <div id=\"mec-events-meta-group-booking-9858\" class=\"mec-events-meta-group mec-events-meta-group-booking\">\n                <div class=\"mec-booking  \" id=\"mec_booking9858\" data-skip=\"0\">\r\n    <form id=\"mec_book_form9858\" onsubmit=\"mec_book_form_submit(event, 9858);\">\r\n\r\n            <h4>Veranstaltung buchen<\/h4>\r\n    \r\n                    <input type=\"hidden\" name=\"book[date]\" id=\"mec_book_form_date9858\" value=\"1796720400:1797006600\">\r\n    \r\n    <div class=\"mec-event-tickets-list mec-sell-all-occurrences\" id=\"mec_book_form_tickets_container9858\" data-total-booking-limit=\"20\">\r\n                        <div class=\"mec-event-ticket mec-event-ticket20 \" id=\"mec_event_ticket1\">\r\n\r\n            <div class=\"mec-ticket-style-row mec-ticket-available-spots \">\r\n                <div class=\"mec-ticket-style-row-section-1\">\r\n                    <div class=\"mec-ticket-icon-wrapper\"><img decoding=\"async\" class=\"mec-svg-icon\" src=\"https:\/\/www.esd-akademie.de\/wp-content\/plugins\/modern-events-calendar\/assets\/img\/svg\/form\/ticket-icon.svg\" alt=\"Form\/ticket icon Symbol\" title=\"Form\/ticket icon Symbol\"><\/div>\r\n                <\/div>\r\n                <div class=\"mec-ticket-style-row-section-2\">\r\n                    <div class=\"mec-ticket-name-description-wrapper\">\r\n                        <span class=\"mec-event-ticket-name\">Kombiseminar: ESD-Fachkraft und ESD-Koordinator (03-KB)<\/span>\r\n                                                <div class=\"mec-event-ticket-price\">1.890,00 \u20ac<\/div>\r\n                    <\/div>\r\n                <\/div>\r\n                <div class=\"mec-ticket-style-row-section-3\">\r\n                                        <div class=\"mec-event-ticket-input-wrapper\">\r\n                        <a href=\"#\" class=\"plus\"><img decoding=\"async\" class=\"mec-svg-icon\" src=\"https:\/\/www.esd-akademie.de\/wp-content\/plugins\/modern-events-calendar\/assets\/img\/svg\/form\/up-small-icon.svg\" alt=\"Form\/up small icon Symbol\" title=\"Form\/up small icon Symbol\"><\/a>\r\n                        <input onkeydown=\"return event.keyCode !== 69\" type=\"number\" class=\"mec-book-ticket-limit in-num\" name=\"book[tickets][1]\" title=\"Z\u00e4hler\" placeholder=\"Z\u00e4hler\" value=\"1\" min=\"0\" max=\"20\" data-maximum-purchase=\"\" data-seats=\"1\" onchange=\"mec_check_tickets_availability9858(1, this.value);\" \/>\r\n                        <a href=\"#\" class=\"minus dis\"><img decoding=\"async\" class=\"mec-svg-icon\" src=\"https:\/\/www.esd-akademie.de\/wp-content\/plugins\/modern-events-calendar\/assets\/img\/svg\/form\/down-small-icon.svg\" alt=\"Form\/down small icon Symbol\" title=\"Form\/down small icon Symbol\"><\/a>\r\n                    <\/div>\r\n                    <div class=\"mec-event-ticket-available\">Verf\u00fcgbare Tickets: <span>20<\/span><\/div>\r\n                                    <\/div>\r\n            <\/div>\r\n            \r\n                                    <div id=\"mec-ticket-message-1\" class=\"mec-ticket-unavailable-spots info-msg mec-util-hidden\">\r\n                <div>\r\n                    Das <strong>\"Kombiseminar: ESD-Fachkraft und ESD-Koordinator (03-KB)\"<\/strong>-Ticket ist ausverkauft. Sie k\u00f6nnen ein anderes Ticket oder ein anderes Datum versuchen.                <\/div>\r\n                                <input type=\"hidden\" id=\"mec-ticket-message-sales-1\" value=\"Der &lt;strong&gt;&quot;Kombiseminar: ESD-Fachkraft und ESD-Koordinator (03-KB)&quot;&lt;\/strong&gt;-Ticketverkauf ist beendet!\" \/>\r\n                <input type=\"hidden\" id=\"mec-ticket-message-sold-out-1\" value=\"Das &lt;strong&gt;&quot;Kombiseminar: ESD-Fachkraft und ESD-Koordinator (03-KB)&quot;&lt;\/strong&gt;-Ticket ist ausverkauft. Sie k\u00f6nnen ein anderes Ticket oder ein anderes Datum versuchen.\" \/>\r\n            <\/div>\r\n                    <\/div>\r\n            <\/div>\r\n\r\n    \r\n    <input type=\"hidden\" name=\"lang\" value=\"de_DE\" \/>\r\n    <input type=\"hidden\" name=\"action\" value=\"mec_book_form\" \/>\r\n    <input type=\"hidden\" name=\"event_id\" value=\"1824\" \/>\r\n    <input type=\"hidden\" name=\"translated_event_id\" value=\"1824\" \/>\r\n    <input type=\"hidden\" name=\"uniqueid\" value=\"9858\" \/>\r\n    <input type=\"hidden\" name=\"step\" value=\"1\" \/>\r\n    <input type=\"hidden\" name=\"do_skip\" value=\"0\" \/>\r\n    <input type=\"hidden\" id=\"_wpnonce\" name=\"_wpnonce\" value=\"5630e42ae2\" \/><input type=\"hidden\" name=\"_wp_http_referer\" value=\"\/de\/wp-json\/wp\/v2\/pages\/403\" \/>\r\n        <span id=\"mec_booking_quantity_wrapper_9858\">Gesamt: <span class=\"mec-booking-quantity-holder\">0<\/span><\/span>\r\n        <div class=\"mec-book-form-btn-wrap\">\r\n        <button id=\"mec-book-form-btn-step-1\" class=\"mec-book-form-next-button \" style=\"\" type=\"submit\" onclick=\"mec_book_form_back_btn_cache(this, 9858);\" >\r\n            Weiter <svg xmlns=\"http:\/\/www.w3.org\/2000\/svg\" width=\"13\" height=\"10\" viewBox=\"0 0 13 10\"><path id=\"next-icon\" d=\"M92.034,76.719l-.657.675,3.832,3.857H84v.937H95.208l-3.832,3.857.657.675,4.967-5Z\" transform=\"translate(-84.001 -76.719)\" fill=\"#07bbe9\"\/><\/svg>        <\/button>\r\n    <\/div>\r\n<\/form>\r\n<\/div>\r\n<div id=\"mec_booking_message9858\" class=\"mec-util-hidden\"><\/div>\r\n            <\/div>\n            \n            <!-- Tags -->\n            <div class=\"mec-events-meta-group mec-events-meta-group-tags\">\n                            <\/div>\n\n        <\/div>\n    <\/article>\n<\/div>\n<script>\n\/\/ Fix modal speaker in some themes\njQuery(\"#mec_skin_9858 .mec-speaker-avatar a\").on('click', function(e)\n{\n    e.preventDefault();\n\n    var id = jQuery(this).attr('href');\n    lity(id);\n\n    return false;\n});\n<\/script>                                <\/div>\n                            <\/div>\n                        <\/div><!-- toggle item end -->\n                    <\/div><!-- toggles wrap end -->\n                            <\/article>\n\t\t\t\t\t\t\t\t<\/div>\n<\/div>\n\n    <\/div>\n    <div class=\"mec-skin-list-no-events-container mec-util-hidden\" id=\"mec_skin_no_events_1883\">\n        Keine Veranstaltung gefunden    <\/div>\n    \n    \n<\/div>\n<\/div>\n\t\t\t\t\t\t<\/div>\n\t\t\t\t<\/div>\n\t\t\t\t\t<\/div>\n\t\t<\/div>\n\t\t\t\t\t<\/div>\n\t\t<\/section>\n\t\t\t\t\t<\/div>\n\t\t<\/div>\n\t\t\t\t\t<\/div>\n\t\t<\/section>\n\t\t\t\t<section class=\"elementor-section elementor-top-section elementor-element elementor-element-6f06d67 elementor-section-height-default elementor-section-boxed elementor-section-height-default\" data-id=\"6f06d67\" data-element_type=\"section\" data-e-type=\"section\">\n\t\t\t\t\t\t<div class=\"elementor-container elementor-column-gap-default\">\n\t\t\t\t\t<div class=\"elementor-column elementor-col-100 elementor-inner-column elementor-element elementor-element-6045c6d\" data-id=\"6045c6d\" data-element_type=\"column\" data-e-type=\"column\">\n\t\t\t<div class=\"elementor-widget-wrap\">\n\t\t\t\t\t\t\t<\/div>\n\t\t<\/div>\n\t\t\t\t\t<\/div>\n\t\t<\/section>\n\t\t\t\t<\/div>\n\t\t","protected":false},"excerpt":{"rendered":"<p>ESD-Seminar ESD-Fachkraft\/Grundlagen &amp; ESD-Koordinator mit Pr\u00fcfung und Zertifikat Kombiseminar ESD-Fachkraft\/Grundlagen &amp; ESD-Koordinator Seminar zur Qualifikation als ESD-Koordinator gem. IEC 61340-5 Direkt zu den Terminen Grundlage ESD-Norm:IEC \/ DIN EN 61340-5-1 Zielgruppe:Verantwortliche f\u00fcr den ESD-Schutz, Qualit\u00e4tsverantwortliche, ESD-Helfer, Abteilungsleiter, Produktionsleiter, Facharbeiter, Techniker, Ingenieure, Entwickler Erforderliche Vorkenntnisse:Nicht zwingend, Verst\u00e4ndnis f\u00fcr Prozess- und Fertigungsabl\u00e4ufe sind von Vorteil. Agenda ESD-Fachkraft\/Grundlagen: [&hellip;]<\/p>\n","protected":false},"author":1,"featured_media":0,"parent":144,"menu_order":6,"comment_status":"closed","ping_status":"closed","template":"","meta":{"footnotes":""},"class_list":["post-403","page","type-page","status-publish","hentry"],"yoast_head":"<!-- This site is optimized with the Yoast SEO plugin v27.5 - https:\/\/yoast.com\/product\/yoast-seo-wordpress\/ -->\n<title>3 ESD-Kombiseminar - www.esd-akademie.de<\/title>\n<meta name=\"description\" content=\"ESD-Fachkraft &amp; Koordinator Schulungen. Umfassende Einf\u00fchrung, Normen &amp; Schutz. Zielgruppe: Verantwortliche, Entwickler, Techniker. Jetzt qualifizieren!\" \/>\n<meta name=\"robots\" content=\"index, follow, max-snippet:-1, max-image-preview:large, max-video-preview:-1\" \/>\n<link rel=\"canonical\" href=\"https:\/\/www.esd-akademie.de\/de\/seminare\/3-esd-kombiseminar\/\" \/>\n<meta property=\"og:locale\" content=\"de_DE\" \/>\n<meta property=\"og:type\" content=\"article\" \/>\n<meta property=\"og:title\" content=\"3 ESD-Kombiseminar - www.esd-akademie.de\" \/>\n<meta property=\"og:description\" content=\"ESD-Fachkraft &amp; Koordinator Schulungen. Umfassende Einf\u00fchrung, Normen &amp; Schutz. Zielgruppe: Verantwortliche, Entwickler, Techniker. Jetzt qualifizieren!\" \/>\n<meta property=\"og:url\" content=\"https:\/\/www.esd-akademie.de\/de\/seminare\/3-esd-kombiseminar\/\" \/>\n<meta property=\"og:site_name\" content=\"www.esd-akademie.de\" \/>\n<meta property=\"article:publisher\" content=\"https:\/\/www.facebook.com\/profile.php?id=100064158392962\" \/>\n<meta property=\"article:modified_time\" content=\"2026-02-26T08:01:57+00:00\" \/>\n<meta property=\"og:image\" content=\"https:\/\/www.esd-akademie.de\/wp-content\/uploads\/2023\/07\/Ordner-Akademie-frei.jpg\" \/>\n\t<meta property=\"og:image:width\" content=\"192\" \/>\n\t<meta property=\"og:image:height\" content=\"250\" \/>\n\t<meta property=\"og:image:type\" content=\"image\/jpeg\" \/>\n<meta name=\"twitter:card\" content=\"summary_large_image\" \/>\n<meta name=\"twitter:label1\" content=\"Gesch\u00e4tzte Lesezeit\" \/>\n\t<meta name=\"twitter:data1\" content=\"3\u00a0Minuten\" \/>\n<script type=\"application\/ld+json\" class=\"yoast-schema-graph\">{\"@context\":\"https:\\\/\\\/schema.org\",\"@graph\":[{\"@type\":\"WebPage\",\"@id\":\"https:\\\/\\\/www.esd-akademie.de\\\/de\\\/seminare\\\/3-esd-kombiseminar\\\/\",\"url\":\"https:\\\/\\\/www.esd-akademie.de\\\/de\\\/seminare\\\/3-esd-kombiseminar\\\/\",\"name\":\"3 ESD-Kombiseminar - www.esd-akademie.de\",\"isPartOf\":{\"@id\":\"https:\\\/\\\/www.esd-akademie.de\\\/de\\\/#website\"},\"primaryImageOfPage\":{\"@id\":\"https:\\\/\\\/www.esd-akademie.de\\\/de\\\/seminare\\\/3-esd-kombiseminar\\\/#primaryimage\"},\"image\":{\"@id\":\"https:\\\/\\\/www.esd-akademie.de\\\/de\\\/seminare\\\/3-esd-kombiseminar\\\/#primaryimage\"},\"thumbnailUrl\":\"https:\\\/\\\/www.esd-akademie.de\\\/wp-content\\\/uploads\\\/2023\\\/07\\\/Ordner-Akademie-frei.jpg\",\"datePublished\":\"2023-01-18T12:51:58+00:00\",\"dateModified\":\"2026-02-26T08:01:57+00:00\",\"description\":\"ESD-Fachkraft & Koordinator Schulungen. Umfassende Einf\u00fchrung, Normen & Schutz. Zielgruppe: Verantwortliche, Entwickler, Techniker. Jetzt qualifizieren!\",\"breadcrumb\":{\"@id\":\"https:\\\/\\\/www.esd-akademie.de\\\/de\\\/seminare\\\/3-esd-kombiseminar\\\/#breadcrumb\"},\"inLanguage\":\"de\",\"potentialAction\":[{\"@type\":\"ReadAction\",\"target\":[\"https:\\\/\\\/www.esd-akademie.de\\\/de\\\/seminare\\\/3-esd-kombiseminar\\\/\"]}]},{\"@type\":\"ImageObject\",\"inLanguage\":\"de\",\"@id\":\"https:\\\/\\\/www.esd-akademie.de\\\/de\\\/seminare\\\/3-esd-kombiseminar\\\/#primaryimage\",\"url\":\"https:\\\/\\\/www.esd-akademie.de\\\/wp-content\\\/uploads\\\/2023\\\/07\\\/Ordner-Akademie-frei.jpg\",\"contentUrl\":\"https:\\\/\\\/www.esd-akademie.de\\\/wp-content\\\/uploads\\\/2023\\\/07\\\/Ordner-Akademie-frei.jpg\"},{\"@type\":\"BreadcrumbList\",\"@id\":\"https:\\\/\\\/www.esd-akademie.de\\\/de\\\/seminare\\\/3-esd-kombiseminar\\\/#breadcrumb\",\"itemListElement\":[{\"@type\":\"ListItem\",\"position\":1,\"name\":\"Startseite\",\"item\":\"https:\\\/\\\/www.esd-akademie.de\\\/de\\\/\"},{\"@type\":\"ListItem\",\"position\":2,\"name\":\"Seminare\",\"item\":\"https:\\\/\\\/www.esd-akademie.de\\\/de\\\/seminare\\\/\"},{\"@type\":\"ListItem\",\"position\":3,\"name\":\"3 ESD-Kombiseminar\"}]},{\"@type\":\"WebSite\",\"@id\":\"https:\\\/\\\/www.esd-akademie.de\\\/de\\\/#website\",\"url\":\"https:\\\/\\\/www.esd-akademie.de\\\/de\\\/\",\"name\":\"www.esd-akademie.de\",\"description\":\"\",\"publisher\":{\"@id\":\"https:\\\/\\\/www.esd-akademie.de\\\/de\\\/#organization\"},\"potentialAction\":[{\"@type\":\"SearchAction\",\"target\":{\"@type\":\"EntryPoint\",\"urlTemplate\":\"https:\\\/\\\/www.esd-akademie.de\\\/de\\\/?s={search_term_string}\"},\"query-input\":{\"@type\":\"PropertyValueSpecification\",\"valueRequired\":true,\"valueName\":\"search_term_string\"}}],\"inLanguage\":\"de\"},{\"@type\":\"Organization\",\"@id\":\"https:\\\/\\\/www.esd-akademie.de\\\/de\\\/#organization\",\"name\":\"ESD-Akademie GmbH\",\"url\":\"https:\\\/\\\/www.esd-akademie.de\\\/de\\\/\",\"logo\":{\"@type\":\"ImageObject\",\"inLanguage\":\"de\",\"@id\":\"https:\\\/\\\/www.esd-akademie.de\\\/de\\\/#\\\/schema\\\/logo\\\/image\\\/\",\"url\":\"https:\\\/\\\/www.esd-akademie.de\\\/wp-content\\\/uploads\\\/2023\\\/01\\\/logo-akademie.png\",\"contentUrl\":\"https:\\\/\\\/www.esd-akademie.de\\\/wp-content\\\/uploads\\\/2023\\\/01\\\/logo-akademie.png\",\"width\":966,\"height\":275,\"caption\":\"ESD-Akademie GmbH\"},\"image\":{\"@id\":\"https:\\\/\\\/www.esd-akademie.de\\\/de\\\/#\\\/schema\\\/logo\\\/image\\\/\"},\"sameAs\":[\"https:\\\/\\\/www.facebook.com\\\/profile.php?id=100064158392962\"]}]}<\/script>\n<!-- \/ Yoast SEO plugin. -->","yoast_head_json":{"title":"3 ESD-Kombiseminar - www.esd-akademie.de","description":"ESD-Fachkraft & Koordinator Schulungen. Umfassende Einf\u00fchrung, Normen & Schutz. Zielgruppe: Verantwortliche, Entwickler, Techniker. Jetzt qualifizieren!","robots":{"index":"index","follow":"follow","max-snippet":"max-snippet:-1","max-image-preview":"max-image-preview:large","max-video-preview":"max-video-preview:-1"},"canonical":"https:\/\/www.esd-akademie.de\/de\/seminare\/3-esd-kombiseminar\/","og_locale":"de_DE","og_type":"article","og_title":"3 ESD-Kombiseminar - www.esd-akademie.de","og_description":"ESD-Fachkraft & Koordinator Schulungen. Umfassende Einf\u00fchrung, Normen & Schutz. Zielgruppe: Verantwortliche, Entwickler, Techniker. Jetzt qualifizieren!","og_url":"https:\/\/www.esd-akademie.de\/de\/seminare\/3-esd-kombiseminar\/","og_site_name":"www.esd-akademie.de","article_publisher":"https:\/\/www.facebook.com\/profile.php?id=100064158392962","article_modified_time":"2026-02-26T08:01:57+00:00","og_image":[{"width":192,"height":250,"url":"https:\/\/www.esd-akademie.de\/wp-content\/uploads\/2023\/07\/Ordner-Akademie-frei.jpg","type":"image\/jpeg"}],"twitter_card":"summary_large_image","twitter_misc":{"Gesch\u00e4tzte Lesezeit":"3\u00a0Minuten"},"schema":{"@context":"https:\/\/schema.org","@graph":[{"@type":"WebPage","@id":"https:\/\/www.esd-akademie.de\/de\/seminare\/3-esd-kombiseminar\/","url":"https:\/\/www.esd-akademie.de\/de\/seminare\/3-esd-kombiseminar\/","name":"3 ESD-Kombiseminar - www.esd-akademie.de","isPartOf":{"@id":"https:\/\/www.esd-akademie.de\/de\/#website"},"primaryImageOfPage":{"@id":"https:\/\/www.esd-akademie.de\/de\/seminare\/3-esd-kombiseminar\/#primaryimage"},"image":{"@id":"https:\/\/www.esd-akademie.de\/de\/seminare\/3-esd-kombiseminar\/#primaryimage"},"thumbnailUrl":"https:\/\/www.esd-akademie.de\/wp-content\/uploads\/2023\/07\/Ordner-Akademie-frei.jpg","datePublished":"2023-01-18T12:51:58+00:00","dateModified":"2026-02-26T08:01:57+00:00","description":"ESD-Fachkraft & Koordinator Schulungen. Umfassende Einf\u00fchrung, Normen & Schutz. Zielgruppe: Verantwortliche, Entwickler, Techniker. Jetzt qualifizieren!","breadcrumb":{"@id":"https:\/\/www.esd-akademie.de\/de\/seminare\/3-esd-kombiseminar\/#breadcrumb"},"inLanguage":"de","potentialAction":[{"@type":"ReadAction","target":["https:\/\/www.esd-akademie.de\/de\/seminare\/3-esd-kombiseminar\/"]}]},{"@type":"ImageObject","inLanguage":"de","@id":"https:\/\/www.esd-akademie.de\/de\/seminare\/3-esd-kombiseminar\/#primaryimage","url":"https:\/\/www.esd-akademie.de\/wp-content\/uploads\/2023\/07\/Ordner-Akademie-frei.jpg","contentUrl":"https:\/\/www.esd-akademie.de\/wp-content\/uploads\/2023\/07\/Ordner-Akademie-frei.jpg"},{"@type":"BreadcrumbList","@id":"https:\/\/www.esd-akademie.de\/de\/seminare\/3-esd-kombiseminar\/#breadcrumb","itemListElement":[{"@type":"ListItem","position":1,"name":"Startseite","item":"https:\/\/www.esd-akademie.de\/de\/"},{"@type":"ListItem","position":2,"name":"Seminare","item":"https:\/\/www.esd-akademie.de\/de\/seminare\/"},{"@type":"ListItem","position":3,"name":"3 ESD-Kombiseminar"}]},{"@type":"WebSite","@id":"https:\/\/www.esd-akademie.de\/de\/#website","url":"https:\/\/www.esd-akademie.de\/de\/","name":"www.esd-akademie.de","description":"","publisher":{"@id":"https:\/\/www.esd-akademie.de\/de\/#organization"},"potentialAction":[{"@type":"SearchAction","target":{"@type":"EntryPoint","urlTemplate":"https:\/\/www.esd-akademie.de\/de\/?s={search_term_string}"},"query-input":{"@type":"PropertyValueSpecification","valueRequired":true,"valueName":"search_term_string"}}],"inLanguage":"de"},{"@type":"Organization","@id":"https:\/\/www.esd-akademie.de\/de\/#organization","name":"ESD-Akademie GmbH","url":"https:\/\/www.esd-akademie.de\/de\/","logo":{"@type":"ImageObject","inLanguage":"de","@id":"https:\/\/www.esd-akademie.de\/de\/#\/schema\/logo\/image\/","url":"https:\/\/www.esd-akademie.de\/wp-content\/uploads\/2023\/01\/logo-akademie.png","contentUrl":"https:\/\/www.esd-akademie.de\/wp-content\/uploads\/2023\/01\/logo-akademie.png","width":966,"height":275,"caption":"ESD-Akademie GmbH"},"image":{"@id":"https:\/\/www.esd-akademie.de\/de\/#\/schema\/logo\/image\/"},"sameAs":["https:\/\/www.facebook.com\/profile.php?id=100064158392962"]}]}},"_links":{"self":[{"href":"https:\/\/www.esd-akademie.de\/de\/wp-json\/wp\/v2\/pages\/403","targetHints":{"allow":["GET"]}}],"collection":[{"href":"https:\/\/www.esd-akademie.de\/de\/wp-json\/wp\/v2\/pages"}],"about":[{"href":"https:\/\/www.esd-akademie.de\/de\/wp-json\/wp\/v2\/types\/page"}],"author":[{"embeddable":true,"href":"https:\/\/www.esd-akademie.de\/de\/wp-json\/wp\/v2\/users\/1"}],"replies":[{"embeddable":true,"href":"https:\/\/www.esd-akademie.de\/de\/wp-json\/wp\/v2\/comments?post=403"}],"version-history":[{"count":31,"href":"https:\/\/www.esd-akademie.de\/de\/wp-json\/wp\/v2\/pages\/403\/revisions"}],"predecessor-version":[{"id":5288,"href":"https:\/\/www.esd-akademie.de\/de\/wp-json\/wp\/v2\/pages\/403\/revisions\/5288"}],"up":[{"embeddable":true,"href":"https:\/\/www.esd-akademie.de\/de\/wp-json\/wp\/v2\/pages\/144"}],"wp:attachment":[{"href":"https:\/\/www.esd-akademie.de\/de\/wp-json\/wp\/v2\/media?parent=403"}],"curies":[{"name":"wp","href":"https:\/\/api.w.org\/{rel}","templated":true}]}}